{"id":28161,"date":"2024-07-25T13:46:21","date_gmt":"2024-07-25T11:46:21","guid":{"rendered":"https:\/\/capsafood.com\/?page_id=28161"},"modified":"2025-02-11T08:16:05","modified_gmt":"2025-02-11T07:16:05","slug":"public-subsidies","status":"publish","type":"page","link":"https:\/\/capsa-food.gke.dev.thinkabit.es\/en\/about-us\/public-subsidies\/","title":{"rendered":"Public Subsidies"},"content":{"rendered":"\t\t<div data-elementor-type=\"wp-page\" data-elementor-id=\"28161\" class=\"elementor elementor-28161 elementor-19333\" data-elementor-post-type=\"page\">\n\t\t\t\t<div class=\"elementor-element elementor-element-8a9cdac e-con-full e-flex e-con e-parent\" data-id=\"8a9cdac\" data-element_type=\"container\" data-settings=\"{&quot;background_background&quot;:&quot;gradient&quot;,&quot;wcf_enable_cursor_hover_effect_text&quot;:&quot;View&quot;,&quot;wcf-animation&quot;:&quot;none&quot;,&quot;wcf_pin_breakpoint&quot;:&quot;mobile&quot;}\">\n\t\t<div class=\"elementor-element elementor-element-56da7be e-flex e-con-boxed e-con e-child\" data-id=\"56da7be\" data-element_type=\"container\" data-settings=\"{&quot;background_background&quot;:&quot;classic&quot;,&quot;wcf_enable_cursor_hover_effect_text&quot;:&quot;View&quot;,&quot;wcf-animation&quot;:&quot;none&quot;,&quot;wcf_pin_breakpoint&quot;:&quot;mobile&quot;}\">\n\t\t\t\t\t<div class=\"e-con-inner\">\n\t\t\t\t\t<\/div>\n\t\t\t\t<\/div>\n\t\t\t\t<\/div>\n\t\t<div class=\"elementor-element elementor-element-a37575c e-flex e-con-boxed e-con e-parent\" data-id=\"a37575c\" data-element_type=\"container\" data-settings=\"{&quot;background_background&quot;:&quot;classic&quot;,&quot;wcf_enable_cursor_hover_effect_text&quot;:&quot;View&quot;,&quot;wcf-animation&quot;:&quot;none&quot;,&quot;wcf_pin_breakpoint&quot;:&quot;mobile&quot;}\">\n\t\t\t\t\t<div class=\"e-con-inner\">\n\t\t\t\t<div class=\"elementor-element elementor-element-ed70119 elementor-widget elementor-widget-accordion\" data-id=\"ed70119\" data-element_type=\"widget\" data-settings=\"{&quot;wcf-animation&quot;:&quot;fade&quot;,&quot;fade-from&quot;:&quot;bottom&quot;,&quot;delay&quot;:0.15,&quot;on-scroll&quot;:1,&quot;data-duration&quot;:1.5,&quot;ease&quot;:&quot;power2.out&quot;,&quot;fade-offset&quot;:50}\" data-widget_type=\"accordion.skin-wcf-accordion\">\n\t\t\t\t<div class=\"elementor-widget-container\">\n\t\t\t\t\t<style>\n\t\t\t.wcf--inner--accrodion--body{\n\t\t\t\tgap: 60px;\n\t\t\t    display: -webkit-box;\n\t\t\t    display: -ms-flexbox;\n\t\t\t    display: flex;\n\t\t\t    padding: 0;\n\t\t\t    padding-top: 10px;\n\t\t\t    padding-bottom: 25px;\n\t\t\t}\n\t\t<\/style>\n\t\t<div class=\"elementor-accordion\" data-active=\"\">\n\t\t\t\t\t\t\t<div class=\"elementor-accordion-item\">\n\t\t\t\t\t<div id=\"elementor-tab-title-2481\" class=\"elementor-tab-title\" data-active=\"yes\" data-indexkey=\"ed70119_0\">\n\t\t\t\t\t\t\t\t\t\t\t\t\t<span class=\"elementor-accordion-icon elementor-accordion-icon-right\" aria-hidden=\"true\">\n\t\t\t\t\t\t\t\t\t\t\t\t\t\t\t<span class=\"elementor-accordion-icon-closed\"><i class=\"axtra-theme wcftheme-wcf-icon icon-wcf-plus\"><\/i><\/span>\n\t\t\t\t\t\t\t\t<span class=\"elementor-accordion-icon-opened\"><svg class=\"e-font-icon-svg e-fas-minus\" viewBox=\"0 0 448 512\" xmlns=\"http:\/\/www.w3.org\/2000\/svg\"><path d=\"M416 208H32c-17.67 0-32 14.33-32 32v32c0 17.67 14.33 32 32 32h384c17.67 0 32-14.33 32-32v-32c0-17.67-14.33-32-32-32z\"><\/path><\/svg><\/span>\n\t\t\t\t\t\t\t\t\t\t\t\t\t\t<\/span>\n\t\t\t\t\t\t\t\t\t\t\t\t<a class=\"elementor-accordion-title\" tabindex=\"0\">\n\t\t\t\t\t\t\t\t\t\t\t\t\t\tLarge companies in foexga 2024\t\t\t\t\t\t\t \n\t\t\t\t\t\t\t    <span class=\"elementor-accordion-title-icon\"><\/span>\n\t\t\t\t\t\t\t\t\t\t\t\t\t<\/a>\n\t\t\t\t\t<\/div>\n\t\t\t\t\t<div id=\"elementor-tab-content-2481\" class=\"elementor-tab-content elementor-clearfix\" data-active=\"yes\" data-indexkey=\"ed70119_0\">\n\t\t\t\t\t\t<div class=\"wcf--inner--accrodion--body\">\n\t\t\t\t\t\t\t\t\t\t\t\t\t\t<div class=\"wcf--content\"><p>The company CORPORACI\u00d3N ALIMENTARIA PE\u00d1ASANTA, S.A. with CIF A-03161270 and registered office at Sierra de Granda, s\/n, 31999, Granda, Siero (Principality of Asturias), has participated in the FOEXGA GRANDES EMPRESAS 2024 program with the aim of boosting its internationalization abroad.<\/p><p><img decoding=\"async\" class=\"alignnone size-medium wp-image-26484\" src=\"https:\/\/grupo-cla.gke.dev.thinkabit.es\/wp-content\/uploads\/2024\/12\/Logo-FOEXGA-300x82.webp\" alt=\"\" width=\"300\" height=\"82\" srcset=\"https:\/\/capsa-food.gke.dev.thinkabit.es\/wp-content\/uploads\/2024\/12\/Logo-FOEXGA-300x82.webp 300w, https:\/\/capsa-food.gke.dev.thinkabit.es\/wp-content\/uploads\/2024\/12\/Logo-FOEXGA.webp 703w\" sizes=\"(max-width: 300px) 100vw, 300px\" \/><\/p><\/div>\n\t\t\t\t\t\t<\/div>\n\t\t\t\t\t<\/div>\n\t\t\t\t<\/div>\n\t\t\t\t\t\t\t<div class=\"elementor-accordion-item\">\n\t\t\t\t\t<div id=\"elementor-tab-title-2482\" class=\"elementor-tab-title\" data-active=\"\" data-indexkey=\"ed70119_1\">\n\t\t\t\t\t\t\t\t\t\t\t\t\t<span class=\"elementor-accordion-icon elementor-accordion-icon-right\" aria-hidden=\"true\">\n\t\t\t\t\t\t\t\t\t\t\t\t\t\t\t<span class=\"elementor-accordion-icon-closed\"><i class=\"axtra-theme wcftheme-wcf-icon icon-wcf-plus\"><\/i><\/span>\n\t\t\t\t\t\t\t\t<span class=\"elementor-accordion-icon-opened\"><svg class=\"e-font-icon-svg e-fas-minus\" viewBox=\"0 0 448 512\" xmlns=\"http:\/\/www.w3.org\/2000\/svg\"><path d=\"M416 208H32c-17.67 0-32 14.33-32 32v32c0 17.67 14.33 32 32 32h384c17.67 0 32-14.33 32-32v-32c0-17.67-14.33-32-32-32z\"><\/path><\/svg><\/span>\n\t\t\t\t\t\t\t\t\t\t\t\t\t\t<\/span>\n\t\t\t\t\t\t\t\t\t\t\t\t<a class=\"elementor-accordion-title\" tabindex=\"0\">\n\t\t\t\t\t\t\t\t\t\t\t\t\t\tInvestment project for the improvement and increase of productive, environmental, and economic efficiency of the production processes at the Granda plant\t\t\t\t\t\t\t \n\t\t\t\t\t\t\t    <span class=\"elementor-accordion-title-icon\"><\/span>\n\t\t\t\t\t\t\t\t\t\t\t\t\t<\/a>\n\t\t\t\t\t<\/div>\n\t\t\t\t\t<div id=\"elementor-tab-content-2482\" class=\"elementor-tab-content elementor-clearfix\" data-active=\"\" data-indexkey=\"ed70119_1\">\n\t\t\t\t\t\t<div class=\"wcf--inner--accrodion--body\">\n\t\t\t\t\t\t\t\t\t\t\t\t\t\t<div class=\"wcf--content\"><p>Corporaci\u00f3n Alimentaria Pe\u00f1asanta S.A.<br \/>Sierra de Granda S\/N Granda \u2013 Siero \u2013 Asturias<\/p><ul><li><strong>INVESTMENT<\/strong>: 7.459.484,78\u20ac<\/li><li><strong>GRANT<\/strong>: 4.475.690,87\u20ac<\/li><li><strong>EU CO-FINANCING<\/strong>: 53%<\/li><\/ul><p><strong>Project Description:<\/strong><\/p><p>Investment to improve the added value of the products and the entity\u2019s positioning in the markets where it operates; also aiming to improve the current transformation and commercialization processes of the offered products, developing optimized and highly efficient products and processes.<\/p><p><strong>Objectives:<\/strong><\/p><ul><li>Increase production capacity.<\/li><li>Vertical integration.<\/li><li>Increase company competitiveness.<\/li><li>Reduce costs.<\/li><li>Increase added value.<\/li><li>Reduce environmental impact.<\/li><li>Improve safety and traceability of productions.<\/li><li>Implement new technologies.<\/li><li>Implement new products.<\/li><li>Improve product quality.<\/li><\/ul><p><strong>Results:<\/strong><\/p><p>As expected.<\/p><p>Consult all information related to FEADER funds on the official European Commission website: <a href=\"https:\/\/ec.europa.eu\/info\/eu-regional-and-urban-development\/topics\/rural-development_es\" target=\"_blank\" rel=\"noopener\">https:\/\/ec.europa.eu\/info\/eu-regional-and-urban-development\/topics\/rural-development_es<\/a>.<\/p><p>Co-financed project by:<img fetchpriority=\"high\" decoding=\"async\" class=\"alignnone wp-image-7996 size-full\" src=\"\/wp-content\/uploads\/2020\/12\/logosProgramaNacionalDesarrolloRural.jpg\" sizes=\"(max-width: 800px) 100vw, 800px\" srcset=\"\/wp-content\/uploads\/2020\/12\/logosProgramaNacionalDesarrolloRural.jpg 800w, \/wp-content\/uploads\/2020\/12\/logosProgramaNacionalDesarrolloRural-300x51.jpg 300w, \/wp-content\/uploads\/2020\/12\/logosProgramaNacionalDesarrolloRural-768x132.jpg 768w\" alt=\"\" width=\"800\" height=\"137\" \/><\/p><\/div>\n\t\t\t\t\t\t<\/div>\n\t\t\t\t\t<\/div>\n\t\t\t\t<\/div>\n\t\t\t\t\t\t\t<div class=\"elementor-accordion-item\">\n\t\t\t\t\t<div id=\"elementor-tab-title-2483\" class=\"elementor-tab-title\" data-active=\"\" data-indexkey=\"ed70119_2\">\n\t\t\t\t\t\t\t\t\t\t\t\t\t<span class=\"elementor-accordion-icon elementor-accordion-icon-right\" aria-hidden=\"true\">\n\t\t\t\t\t\t\t\t\t\t\t\t\t\t\t<span class=\"elementor-accordion-icon-closed\"><i class=\"axtra-theme wcftheme-wcf-icon icon-wcf-plus\"><\/i><\/span>\n\t\t\t\t\t\t\t\t<span class=\"elementor-accordion-icon-opened\"><svg class=\"e-font-icon-svg e-fas-minus\" viewBox=\"0 0 448 512\" xmlns=\"http:\/\/www.w3.org\/2000\/svg\"><path d=\"M416 208H32c-17.67 0-32 14.33-32 32v32c0 17.67 14.33 32 32 32h384c17.67 0 32-14.33 32-32v-32c0-17.67-14.33-32-32-32z\"><\/path><\/svg><\/span>\n\t\t\t\t\t\t\t\t\t\t\t\t\t\t<\/span>\n\t\t\t\t\t\t\t\t\t\t\t\t<a class=\"elementor-accordion-title\" tabindex=\"0\">\n\t\t\t\t\t\t\t\t\t\t\t\t\t\tInvestment project for new UHT thermal treatment line for cream production in Granda\t\t\t\t\t\t\t \n\t\t\t\t\t\t\t    <span class=\"elementor-accordion-title-icon\"><\/span>\n\t\t\t\t\t\t\t\t\t\t\t\t\t<\/a>\n\t\t\t\t\t<\/div>\n\t\t\t\t\t<div id=\"elementor-tab-content-2483\" class=\"elementor-tab-content elementor-clearfix\" data-active=\"\" data-indexkey=\"ed70119_2\">\n\t\t\t\t\t\t<div class=\"wcf--inner--accrodion--body\">\n\t\t\t\t\t\t\t\t\t\t\t\t\t\t<div class=\"wcf--content\"><p>Corporaci\u00f3n Alimentaria Pe\u00f1asanta S.A.<br \/>Sierra de Granda S\/N Granda \u2013 Siero \u2013 Asturias<\/p><ul><li><strong>INVESTMENT<\/strong>: 2.547.424,35\u20ac<\/li><li><strong>GRANT<\/strong>: 1.528.454,61\u20ac<\/li><li><strong>EU CO-FINANCING<\/strong>: 53%<\/li><\/ul><p><strong>Project Description:<\/strong><\/p><p>Investment to launch a new product for the company, which allows the entity not only to expand its product portfolio and thus strengthen CAPSA's business growth but also to increase its sales abroad.<\/p><p><strong>Objectives:<\/strong><\/p><ul><li>Expand product portfolio.<\/li><li>Increase company competitiveness.<\/li><li>Reduce costs.<\/li><li>Increase added value.<\/li><li>Reduce environmental impact.<\/li><li>Improve product quality.<\/li><li>Implement new products, processes, and innovative technologies.<\/li><li>Diversify target markets.<\/li><li>Improve commercialization of the entity's products.<\/li><\/ul><p><strong>Results:<\/strong><\/p><p>As expected.<\/p><p>Consult all information related to FEADER funds on the official European Commission website: <a href=\"https:\/\/ec.europa.eu\/info\/eu-regional-and-urban-development\/topics\/rural-development_es\" target=\"_blank\" rel=\"noopener\">https:\/\/ec.europa.eu\/info\/eu-regional-and-urban-development\/topics\/rural-development_es<\/a>.<\/p><p><strong>Co-financed project by:<\/strong><img fetchpriority=\"high\" decoding=\"async\" class=\"alignnone wp-image-7996 size-full\" src=\"\/wp-content\/uploads\/2020\/12\/logosProgramaNacionalDesarrolloRural.jpg\" sizes=\"(max-width: 800px) 100vw, 800px\" srcset=\"\/wp-content\/uploads\/2020\/12\/logosProgramaNacionalDesarrolloRural.jpg 800w, \/wp-content\/uploads\/2020\/12\/logosProgramaNacionalDesarrolloRural-300x51.jpg 300w, \/wp-content\/uploads\/2020\/12\/logosProgramaNacionalDesarrolloRural-768x132.jpg 768w\" alt=\"\" width=\"800\" height=\"137\" \/><\/p><\/div>\n\t\t\t\t\t\t<\/div>\n\t\t\t\t\t<\/div>\n\t\t\t\t<\/div>\n\t\t\t\t\t\t\t<div class=\"elementor-accordion-item\">\n\t\t\t\t\t<div id=\"elementor-tab-title-2484\" class=\"elementor-tab-title\" data-active=\"\" data-indexkey=\"ed70119_3\">\n\t\t\t\t\t\t\t\t\t\t\t\t\t<span class=\"elementor-accordion-icon elementor-accordion-icon-right\" aria-hidden=\"true\">\n\t\t\t\t\t\t\t\t\t\t\t\t\t\t\t<span class=\"elementor-accordion-icon-closed\"><i class=\"axtra-theme wcftheme-wcf-icon icon-wcf-plus\"><\/i><\/span>\n\t\t\t\t\t\t\t\t<span class=\"elementor-accordion-icon-opened\"><svg class=\"e-font-icon-svg e-fas-minus\" viewBox=\"0 0 448 512\" xmlns=\"http:\/\/www.w3.org\/2000\/svg\"><path d=\"M416 208H32c-17.67 0-32 14.33-32 32v32c0 17.67 14.33 32 32 32h384c17.67 0 32-14.33 32-32v-32c0-17.67-14.33-32-32-32z\"><\/path><\/svg><\/span>\n\t\t\t\t\t\t\t\t\t\t\t\t\t\t<\/span>\n\t\t\t\t\t\t\t\t\t\t\t\t<a class=\"elementor-accordion-title\" tabindex=\"0\">\n\t\t\t\t\t\t\t\t\t\t\t\t\t\tInvestment project for the optimization and maximization of overall efficiency of the production processes at the Lugo plant\t\t\t\t\t\t\t \n\t\t\t\t\t\t\t    <span class=\"elementor-accordion-title-icon\"><\/span>\n\t\t\t\t\t\t\t\t\t\t\t\t\t<\/a>\n\t\t\t\t\t<\/div>\n\t\t\t\t\t<div id=\"elementor-tab-content-2484\" class=\"elementor-tab-content elementor-clearfix\" data-active=\"\" data-indexkey=\"ed70119_3\">\n\t\t\t\t\t\t<div class=\"wcf--inner--accrodion--body\">\n\t\t\t\t\t\t\t\t\t\t\t\t\t\t<div class=\"wcf--content\"><p>Corporaci\u00f3n Alimentaria Pe\u00f1asanta S.A.<br \/>Sierra de Granda S\/N Granda \u2013 Siero \u2013 Asturias<\/p><ul><li><strong>INVESTMENT<\/strong>: 995.393,17\u20ac<\/li><li><strong>GRANT<\/strong>: 597.235,90\u20ac<\/li><li><strong>EU CO-FINANCING<\/strong>: 53%<\/li><\/ul><p><strong>Project description:<\/strong><\/p><p>Investment to improve production at the Galician plant, focusing on enhancing the entity's digital transformation towards the globalized concept of Industry 4.0, with the aim of digitally transforming, automating, and optimally controlling all production processes to improve CAPSA's business competitiveness.<\/p><p><strong>Objectives:<\/strong><\/p><ul><li>Increase company competitiveness.<\/li><li>Reduce business costs.<\/li><li>Increase the added value of its products.<\/li><li>Reduce the environmental impact of industrial activity.<\/li><li>Implement new process technologies.<\/li><li>Improve product quality.<\/li><li>Improve the commercialization of the entity's products.<\/li><li>Improve energy efficiency and sustainability.<\/li><li>Improve production traceability.<\/li><\/ul><p><strong>Results:<\/strong><\/p><p>As expected.<\/p><p>Consult all information related to FEADER funds on the official European Commission website: <a href=\"https:\/\/ec.europa.eu\/info\/eu-regional-and-urban-development\/topics\/rural-development_es\" target=\"_blank\" rel=\"noopener\">https:\/\/ec.europa.eu\/info\/eu-regional-and-urban-development\/topics\/rural-development_es<\/a>.<\/p><p><strong>Co-financed project by:<\/strong><img fetchpriority=\"high\" decoding=\"async\" class=\"alignnone wp-image-7996 size-full\" src=\"\/wp-content\/uploads\/2020\/12\/logosProgramaNacionalDesarrolloRural.jpg\" sizes=\"(max-width: 800px) 100vw, 800px\" srcset=\"\/wp-content\/uploads\/2020\/12\/logosProgramaNacionalDesarrolloRural.jpg 800w, \/wp-content\/uploads\/2020\/12\/logosProgramaNacionalDesarrolloRural-300x51.jpg 300w, \/wp-content\/uploads\/2020\/12\/logosProgramaNacionalDesarrolloRural-768x132.jpg 768w\" alt=\"\" width=\"800\" height=\"137\" \/><\/p><\/div>\n\t\t\t\t\t\t<\/div>\n\t\t\t\t\t<\/div>\n\t\t\t\t<\/div>\n\t\t\t\t\t\t\t<div class=\"elementor-accordion-item\">\n\t\t\t\t\t<div id=\"elementor-tab-title-2485\" class=\"elementor-tab-title\" data-active=\"\" data-indexkey=\"ed70119_4\">\n\t\t\t\t\t\t\t\t\t\t\t\t\t<span class=\"elementor-accordion-icon elementor-accordion-icon-right\" aria-hidden=\"true\">\n\t\t\t\t\t\t\t\t\t\t\t\t\t\t\t<span class=\"elementor-accordion-icon-closed\"><i class=\"axtra-theme wcftheme-wcf-icon icon-wcf-plus\"><\/i><\/span>\n\t\t\t\t\t\t\t\t<span class=\"elementor-accordion-icon-opened\"><svg class=\"e-font-icon-svg e-fas-minus\" viewBox=\"0 0 448 512\" xmlns=\"http:\/\/www.w3.org\/2000\/svg\"><path d=\"M416 208H32c-17.67 0-32 14.33-32 32v32c0 17.67 14.33 32 32 32h384c17.67 0 32-14.33 32-32v-32c0-17.67-14.33-32-32-32z\"><\/path><\/svg><\/span>\n\t\t\t\t\t\t\t\t\t\t\t\t\t\t<\/span>\n\t\t\t\t\t\t\t\t\t\t\t\t<a class=\"elementor-accordion-title\" tabindex=\"0\">\n\t\t\t\t\t\t\t\t\t\t\t\t\t\tInvestment project for industrial optimization of production sections at the Villagarc\u00eda plant\t\t\t\t\t\t\t \n\t\t\t\t\t\t\t    <span class=\"elementor-accordion-title-icon\"><\/span>\n\t\t\t\t\t\t\t\t\t\t\t\t\t<\/a>\n\t\t\t\t\t<\/div>\n\t\t\t\t\t<div id=\"elementor-tab-content-2485\" class=\"elementor-tab-content elementor-clearfix\" data-active=\"\" data-indexkey=\"ed70119_4\">\n\t\t\t\t\t\t<div class=\"wcf--inner--accrodion--body\">\n\t\t\t\t\t\t\t\t\t\t\t\t\t\t<div class=\"wcf--content\"><p>Corporaci\u00f3n Alimentaria Pe\u00f1asanta S.A.<br \/>Sierra de Granda S\/N Granda \u2013 Siero \u2013 Asturias<\/p><ul><li><strong>INVESTMENT<\/strong>: 608.119,65\u20ac<\/li><li><strong>GRANT<\/strong>: 364.871,79\u20ac<\/li><li><strong>EU CO-FINANCING<\/strong>: 53%<\/li><\/ul><p><strong>Project description:<\/strong><\/p><p>Investment aimed at achieving the maximum performance of the factory through the optimization of industrial processes and the incorporation of new technologies and tools to substantially improve the economic activity developed by the Company.<\/p><p><strong>Objectives:<\/strong><\/p><ul><li>Increase company competitiveness.<\/li><li>Reduce production, energy, and environmental costs.<\/li><li>Increase added value.<\/li><li>Reduce environmental impact.<\/li><li>Improve the plant's energy efficiency.<\/li><li>Improve safety and traceability of productions.<\/li><li>Improve product quality.<\/li><li>Implement new and innovative technologies in production processes.<\/li><li>Improve commercialization of the entity's products.<\/li><\/ul><p><strong>Results:<\/strong><\/p><p>As expected.<\/p><p>Consult all information related to FEADER funds on the official European Commission website: <a href=\"https:\/\/ec.europa.eu\/info\/eu-regional-and-urban-development\/topics\/rural-development_es\" target=\"_blank\" rel=\"noopener\">https:\/\/ec.europa.eu\/info\/eu-regional-and-urban-development\/topics\/rural-development_es<\/a>.<\/p><p><strong>Co-financed project by:<\/strong><img fetchpriority=\"high\" decoding=\"async\" class=\"alignnone wp-image-7996 size-full\" src=\"\/wp-content\/uploads\/2020\/12\/logosProgramaNacionalDesarrolloRural.jpg\" sizes=\"(max-width: 800px) 100vw, 800px\" srcset=\"\/wp-content\/uploads\/2020\/12\/logosProgramaNacionalDesarrolloRural.jpg 800w, \/wp-content\/uploads\/2020\/12\/logosProgramaNacionalDesarrolloRural-300x51.jpg 300w, \/wp-content\/uploads\/2020\/12\/logosProgramaNacionalDesarrolloRural-768x132.jpg 768w\" alt=\"\" width=\"800\" height=\"137\" \/><\/p><\/div>\n\t\t\t\t\t\t<\/div>\n\t\t\t\t\t<\/div>\n\t\t\t\t<\/div>\n\t\t\t\t\t\t\t<div class=\"elementor-accordion-item\">\n\t\t\t\t\t<div id=\"elementor-tab-title-2486\" class=\"elementor-tab-title\" data-active=\"\" data-indexkey=\"ed70119_5\">\n\t\t\t\t\t\t\t\t\t\t\t\t\t<span class=\"elementor-accordion-icon elementor-accordion-icon-right\" aria-hidden=\"true\">\n\t\t\t\t\t\t\t\t\t\t\t\t\t\t\t<span class=\"elementor-accordion-icon-closed\"><i class=\"axtra-theme wcftheme-wcf-icon icon-wcf-plus\"><\/i><\/span>\n\t\t\t\t\t\t\t\t<span class=\"elementor-accordion-icon-opened\"><svg class=\"e-font-icon-svg e-fas-minus\" viewBox=\"0 0 448 512\" xmlns=\"http:\/\/www.w3.org\/2000\/svg\"><path d=\"M416 208H32c-17.67 0-32 14.33-32 32v32c0 17.67 14.33 32 32 32h384c17.67 0 32-14.33 32-32v-32c0-17.67-14.33-32-32-32z\"><\/path><\/svg><\/span>\n\t\t\t\t\t\t\t\t\t\t\t\t\t\t<\/span>\n\t\t\t\t\t\t\t\t\t\t\t\t<a class=\"elementor-accordion-title\" tabindex=\"0\">\n\t\t\t\t\t\t\t\t\t\t\t\t\t\tInvestment project for growth and technological improvement of the Zarzalejo plant\t\t\t\t\t\t\t \n\t\t\t\t\t\t\t    <span class=\"elementor-accordion-title-icon\"><\/span>\n\t\t\t\t\t\t\t\t\t\t\t\t\t<\/a>\n\t\t\t\t\t<\/div>\n\t\t\t\t\t<div id=\"elementor-tab-content-2486\" class=\"elementor-tab-content elementor-clearfix\" data-active=\"\" data-indexkey=\"ed70119_5\">\n\t\t\t\t\t\t<div class=\"wcf--inner--accrodion--body\">\n\t\t\t\t\t\t\t\t\t\t\t\t\t\t<div class=\"wcf--content\"><p>Corporaci\u00f3n Alimentaria Pe\u00f1asanta S.A.<br \/>Sierra de Granda S\/N Granda \u2013 Siero \u2013 Asturias<\/p><ul><li><strong>INVESTMENT<\/strong>: 674.124,20\u20ac<\/li><li><strong>GRANT<\/strong>: 404.474,52\u20ac<\/li><li><strong>EU CO-FINANCING<\/strong>: 53%<\/li><\/ul><p><strong>Project Description:<\/strong><\/p><p>Investment to improve the company's growth by enhancing the productive, environmental, and ultimately economic efficiency of its industrial activity. This project proposes the launch of a new product for the company.<\/p><p><strong>Objectives:<\/strong><\/p><ul><li>Expand product portfolio.<\/li><li>Increase company competitiveness.<\/li><li>Reduce costs.<\/li><li>Increase added value.<\/li><li>Reduce environmental impact.<\/li><li>Improve product quality.<\/li><li>Implement new products, processes, and innovative technologies.<\/li><li>Diversify target markets, focusing on the market.<\/li><li>Improve commercialization of the entity's products.<\/li><\/ul><p><strong>Results:<\/strong><\/p><p>As expected.<\/p><p>Consult all information related to FEADER funds on the official European Commission website:\u00a0<a href=\"https:\/\/ec.europa.eu\/info\/eu-regional-and-urban-development\/topics\/rural-development_es\" target=\"_blank\" rel=\"noopener\">https:\/\/ec.europa.eu\/info\/eu-regional-and-urban-development\/topics\/rural-development_es<\/a>.<\/p><p><strong>Project Description:<\/strong><img fetchpriority=\"high\" decoding=\"async\" class=\"alignnone wp-image-7996 size-full\" src=\"\/wp-content\/uploads\/2020\/12\/logosProgramaNacionalDesarrolloRural.jpg\" sizes=\"(max-width: 800px) 100vw, 800px\" srcset=\"\/wp-content\/uploads\/2020\/12\/logosProgramaNacionalDesarrolloRural.jpg 800w, \/wp-content\/uploads\/2020\/12\/logosProgramaNacionalDesarrolloRural-300x51.jpg 300w, \/wp-content\/uploads\/2020\/12\/logosProgramaNacionalDesarrolloRural-768x132.jpg 768w\" alt=\"\" width=\"800\" height=\"137\" \/><\/p><\/div>\n\t\t\t\t\t\t<\/div>\n\t\t\t\t\t<\/div>\n\t\t\t\t<\/div>\n\t\t\t\t\t\t\t<div class=\"elementor-accordion-item\">\n\t\t\t\t\t<div id=\"elementor-tab-title-2487\" class=\"elementor-tab-title\" data-active=\"\" data-indexkey=\"ed70119_6\">\n\t\t\t\t\t\t\t\t\t\t\t\t\t<span class=\"elementor-accordion-icon elementor-accordion-icon-right\" aria-hidden=\"true\">\n\t\t\t\t\t\t\t\t\t\t\t\t\t\t\t<span class=\"elementor-accordion-icon-closed\"><i class=\"axtra-theme wcftheme-wcf-icon icon-wcf-plus\"><\/i><\/span>\n\t\t\t\t\t\t\t\t<span class=\"elementor-accordion-icon-opened\"><svg class=\"e-font-icon-svg e-fas-minus\" viewBox=\"0 0 448 512\" xmlns=\"http:\/\/www.w3.org\/2000\/svg\"><path d=\"M416 208H32c-17.67 0-32 14.33-32 32v32c0 17.67 14.33 32 32 32h384c17.67 0 32-14.33 32-32v-32c0-17.67-14.33-32-32-32z\"><\/path><\/svg><\/span>\n\t\t\t\t\t\t\t\t\t\t\t\t\t\t<\/span>\n\t\t\t\t\t\t\t\t\t\t\t\t<a class=\"elementor-accordion-title\" tabindex=\"0\">\n\t\t\t\t\t\t\t\t\t\t\t\t\t\tNew sustainable packaging system at the Lugo factory\t\t\t\t\t\t\t \n\t\t\t\t\t\t\t    <span class=\"elementor-accordion-title-icon\"><\/span>\n\t\t\t\t\t\t\t\t\t\t\t\t\t<\/a>\n\t\t\t\t\t<\/div>\n\t\t\t\t\t<div id=\"elementor-tab-content-2487\" class=\"elementor-tab-content elementor-clearfix\" data-active=\"\" data-indexkey=\"ed70119_6\">\n\t\t\t\t\t\t<div class=\"wcf--inner--accrodion--body\">\n\t\t\t\t\t\t\t\t\t\t\t\t\t\t<div class=\"wcf--content\"><p><strong>New sustainable packaging system at the Lugo factory<\/strong><\/p><p>Promoter: Corporaci\u00f3n Alimentaria Pe\u00f1asanta S.A.<\/p><ul><li><strong>INVESTMENT<\/strong>: 1.777.013,66\u20ac<\/li><li><strong>GRANT<\/strong>: 444.253,42\u20ac<\/li><\/ul><p><strong>Project funded by:<\/strong><br \/><img decoding=\"async\" class=\"wp-image-25889 size-full aligncenter\" src=\"https:\/\/grupo-cla.gke.dev.thinkabit.es\/wp-content\/uploads\/2024\/11\/logosXuntaGalicia.webp\" alt=\"\" width=\"800\" height=\"137\" srcset=\"https:\/\/capsa-food.gke.dev.thinkabit.es\/wp-content\/uploads\/2024\/11\/logosXuntaGalicia.webp 800w, https:\/\/capsa-food.gke.dev.thinkabit.es\/wp-content\/uploads\/2024\/11\/logosXuntaGalicia-300x51.webp 300w, https:\/\/capsa-food.gke.dev.thinkabit.es\/wp-content\/uploads\/2024\/11\/logosXuntaGalicia-768x132.webp 768w\" sizes=\"(max-width: 800px) 100vw, 800px\" \/><\/p><\/div>\n\t\t\t\t\t\t<\/div>\n\t\t\t\t\t<\/div>\n\t\t\t\t<\/div>\n\t\t\t\t\t\t\t<div class=\"elementor-accordion-item\">\n\t\t\t\t\t<div id=\"elementor-tab-title-2488\" class=\"elementor-tab-title\" data-active=\"\" data-indexkey=\"ed70119_7\">\n\t\t\t\t\t\t\t\t\t\t\t\t\t<span class=\"elementor-accordion-icon elementor-accordion-icon-right\" aria-hidden=\"true\">\n\t\t\t\t\t\t\t\t\t\t\t\t\t\t\t<span class=\"elementor-accordion-icon-closed\"><i class=\"axtra-theme wcftheme-wcf-icon icon-wcf-plus\"><\/i><\/span>\n\t\t\t\t\t\t\t\t<span class=\"elementor-accordion-icon-opened\"><svg class=\"e-font-icon-svg e-fas-minus\" viewBox=\"0 0 448 512\" xmlns=\"http:\/\/www.w3.org\/2000\/svg\"><path d=\"M416 208H32c-17.67 0-32 14.33-32 32v32c0 17.67 14.33 32 32 32h384c17.67 0 32-14.33 32-32v-32c0-17.67-14.33-32-32-32z\"><\/path><\/svg><\/span>\n\t\t\t\t\t\t\t\t\t\t\t\t\t\t<\/span>\n\t\t\t\t\t\t\t\t\t\t\t\t<a class=\"elementor-accordion-title\" tabindex=\"0\">\n\t\t\t\t\t\t\t\t\t\t\t\t\t\tIgape Grants\t\t\t\t\t\t\t \n\t\t\t\t\t\t\t    <span class=\"elementor-accordion-title-icon\"><\/span>\n\t\t\t\t\t\t\t\t\t\t\t\t\t<\/a>\n\t\t\t\t\t<\/div>\n\t\t\t\t\t<div id=\"elementor-tab-content-2488\" class=\"elementor-tab-content elementor-clearfix\" data-active=\"\" data-indexkey=\"ed70119_7\">\n\t\t\t\t\t\t<div class=\"wcf--inner--accrodion--body\">\n\t\t\t\t\t\t\t\t\t\t\t\t\t\t<div class=\"wcf--content\"><p><strong>Sinerxia da Internacionalizaci\u00f3n Program 2021-2022<\/strong><\/p><p>This company participates in an internationalization project through the Igape program <strong>Sinerxia da Internacionalizaci\u00f3n 2021-2022<\/strong>. The main objective of these grants is to encourage and stimulate Galician foreign trade and the internationalization of small and medium-sized Galician enterprises (SMEs). The intended result is to increase the number of exporting companies and consolidate the presence of Galician companies in international markets.<\/p><p><img loading=\"lazy\" decoding=\"async\" class=\"wp-image-25426 size-large aligncenter\" src=\"https:\/\/grupo-cla.gke.dev.thinkabit.es\/wp-content\/uploads\/2024\/11\/logos-programa-sinerxia-da-internacionalizacion-1-1024x96.webp\" alt=\"\" width=\"800\" height=\"75\" srcset=\"https:\/\/capsa-food.gke.dev.thinkabit.es\/wp-content\/uploads\/2024\/11\/logos-programa-sinerxia-da-internacionalizacion-1-1024x96.webp 1024w, https:\/\/capsa-food.gke.dev.thinkabit.es\/wp-content\/uploads\/2024\/11\/logos-programa-sinerxia-da-internacionalizacion-1-300x28.webp 300w, https:\/\/capsa-food.gke.dev.thinkabit.es\/wp-content\/uploads\/2024\/11\/logos-programa-sinerxia-da-internacionalizacion-1-768x72.webp 768w, https:\/\/capsa-food.gke.dev.thinkabit.es\/wp-content\/uploads\/2024\/11\/logos-programa-sinerxia-da-internacionalizacion-1.webp 1389w\" sizes=\"(max-width: 800px) 100vw, 800px\" \/><\/p><\/div>\n\t\t\t\t\t\t<\/div>\n\t\t\t\t\t<\/div>\n\t\t\t\t<\/div>\n\t\t\t\t\t\t\t<div class=\"elementor-accordion-item\">\n\t\t\t\t\t<div id=\"elementor-tab-title-2489\" class=\"elementor-tab-title\" data-active=\"\" data-indexkey=\"ed70119_8\">\n\t\t\t\t\t\t\t\t\t\t\t\t\t<span class=\"elementor-accordion-icon elementor-accordion-icon-right\" aria-hidden=\"true\">\n\t\t\t\t\t\t\t\t\t\t\t\t\t\t\t<span class=\"elementor-accordion-icon-closed\"><i class=\"axtra-theme wcftheme-wcf-icon icon-wcf-plus\"><\/i><\/span>\n\t\t\t\t\t\t\t\t<span class=\"elementor-accordion-icon-opened\"><svg class=\"e-font-icon-svg e-fas-minus\" viewBox=\"0 0 448 512\" xmlns=\"http:\/\/www.w3.org\/2000\/svg\"><path d=\"M416 208H32c-17.67 0-32 14.33-32 32v32c0 17.67 14.33 32 32 32h384c17.67 0 32-14.33 32-32v-32c0-17.67-14.33-32-32-32z\"><\/path><\/svg><\/span>\n\t\t\t\t\t\t\t\t\t\t\t\t\t\t<\/span>\n\t\t\t\t\t\t\t\t\t\t\t\t<a class=\"elementor-accordion-title\" tabindex=\"0\">\n\t\t\t\t\t\t\t\t\t\t\t\t\t\tSmart, traceable, sustainable, and connected dairy value chain \u2013 Smartz4milk\t\t\t\t\t\t\t \n\t\t\t\t\t\t\t    <span class=\"elementor-accordion-title-icon\"><\/span>\n\t\t\t\t\t\t\t\t\t\t\t\t\t<\/a>\n\t\t\t\t\t<\/div>\n\t\t\t\t\t<div id=\"elementor-tab-content-2489\" class=\"elementor-tab-content elementor-clearfix\" data-active=\"\" data-indexkey=\"ed70119_8\">\n\t\t\t\t\t\t<div class=\"wcf--inner--accrodion--body\">\n\t\t\t\t\t\t\t\t\t\t\t\t\t\t<div class=\"wcf--content\"><p>The main objective of this project is to improve the competitiveness, sustainability, and resilience of the dairy sector through research, development, and innovation in digitalization, sustainability, and traceability. This project addresses the challenges of the national dairy sector by minimizing its environmental impact, reducing food waste, maximizing the digitalization of processes to optimize plants, and tackling the challenge of decarbonization throughout the entire value chain.<\/p><p>The specific objectives of this project are as follows:<\/p><ul><li>Encourage research, development, and innovation in the dairy sector.<\/li><li>Increase competitiveness through digitalization, automation, and process sensorization.<\/li><li>Promote sustainable processes in all industrial operations.<\/li><li>Boost green investments in the dairy industry.<\/li><li>Increase data transparency and accessibility through traceability.<\/li><\/ul><p><strong>File number:<\/strong> PAG-010000-2023-14<\/p><p>The total budget is <strong>16,877,249.30\u20ac<\/strong>, with an approved grant of <strong>9,712,406\u20ac<\/strong>, of which <strong>9,400,101\u20ac<\/strong> is in the form of a subsidy and <strong>312,305\u20ac<\/strong> as a loan, funded by the <strong>Ministry of Industry and Tourism (MINTUR)<\/strong> and the <strong>European Union<\/strong> through <strong>Next Generation EU funds<\/strong>.<\/p><p style=\"text-align: left;\"><strong>Project funded by:<\/strong><br \/><img loading=\"lazy\" decoding=\"async\" class=\"aligncenter wp-image-10752 size-full\" src=\"\/wp-content\/uploads\/2024\/07\/Logos-EU-Plan-de-Recuperacion-Gobierno-de-Espana.jpg\" sizes=\"(max-width: 953px) 100vw, 953px\" srcset=\"\/wp-content\/uploads\/2024\/07\/Logos-EU-Plan-de-Recuperacion-Gobierno-de-Espana.jpg 953w, \/wp-content\/uploads\/2024\/07\/Logos-EU-Plan-de-Recuperacion-Gobierno-de-Espana-300x41.jpg 300w, \/wp-content\/uploads\/2024\/07\/Logos-EU-Plan-de-Recuperacion-Gobierno-de-Espana-768x104.jpg 768w\" alt=\"\" width=\"953\" height=\"129\" \/><\/p><\/div>\n\t\t\t\t\t\t<\/div>\n\t\t\t\t\t<\/div>\n\t\t\t\t<\/div>\n\t\t\t\t\t\t\t<div class=\"elementor-accordion-item\">\n\t\t\t\t\t<div id=\"elementor-tab-title-24810\" class=\"elementor-tab-title\" data-active=\"\" data-indexkey=\"ed70119_9\">\n\t\t\t\t\t\t\t\t\t\t\t\t\t<span class=\"elementor-accordion-icon elementor-accordion-icon-right\" aria-hidden=\"true\">\n\t\t\t\t\t\t\t\t\t\t\t\t\t\t\t<span class=\"elementor-accordion-icon-closed\"><i class=\"axtra-theme wcftheme-wcf-icon icon-wcf-plus\"><\/i><\/span>\n\t\t\t\t\t\t\t\t<span class=\"elementor-accordion-icon-opened\"><svg class=\"e-font-icon-svg e-fas-minus\" viewBox=\"0 0 448 512\" xmlns=\"http:\/\/www.w3.org\/2000\/svg\"><path d=\"M416 208H32c-17.67 0-32 14.33-32 32v32c0 17.67 14.33 32 32 32h384c17.67 0 32-14.33 32-32v-32c0-17.67-14.33-32-32-32z\"><\/path><\/svg><\/span>\n\t\t\t\t\t\t\t\t\t\t\t\t\t\t<\/span>\n\t\t\t\t\t\t\t\t\t\t\t\t<a class=\"elementor-accordion-title\" tabindex=\"0\">\n\t\t\t\t\t\t\t\t\t\t\t\t\t\tIndustrial research of an integrated biorefinery model to obtain sustainable raw materials from by-products and biowaste of the dairy industry \u2013 MILK4AGRO\t\t\t\t\t\t\t \n\t\t\t\t\t\t\t    <span class=\"elementor-accordion-title-icon\"><\/span>\n\t\t\t\t\t\t\t\t\t\t\t\t\t<\/a>\n\t\t\t\t\t<\/div>\n\t\t\t\t\t<div id=\"elementor-tab-content-24810\" class=\"elementor-tab-content elementor-clearfix\" data-active=\"\" data-indexkey=\"ed70119_9\">\n\t\t\t\t\t\t<div class=\"wcf--inner--accrodion--body\">\n\t\t\t\t\t\t\t\t\t\t\t\t\t\t<div class=\"wcf--content\"><p>The development of this project has allowed the company to carry out exhaustive industrial research in order to provide biomaterials aimed at the agro-industrial sector through the obtaining and validation of advanced biofertilizers and biostimulants.<\/p><p>The main objective of this project is to conduct industrial research on advanced biotechnological processes for the valorization of biowaste from the dairy industry, using biorefinery technologies through insects and fermentations, employing sustainable and low environmental impact technologies, to generate sustainable raw materials suitable for the development of new fertilizers and advanced biostimulants to improve pasture quality, and consequently, milk quality and animal health, reducing the use of agrochemicals.<\/p><p>The scientific and technical objectives achieved with the development of this project are as follows:<\/p><ul><li>Physicochemical characterization of the waste, in order to understand the composition of such waste and determine the most suitable valorization procedures.<\/li><li>Pre-treatment, conditioning, and fractionation of the waste for its valorization.<\/li><li>Production of biofertilizing and biostimulant microorganisms (PGPR) from the biowaste.<\/li><li>Definition of the biotreatment process of biowaste using insects.<\/li><li>Techno-economic analysis and validation of the obtained biofertilizer and biostimulant inputs.<\/li><\/ul><p><strong>File number:<\/strong> IDE\/2021\/000540<\/p><p>This project has received a grant of <strong>65,351.74\u20ac<\/strong> thanks to the financial support from the Government of the Principality of Asturias through the <strong>IDEPA<\/strong> and the <strong>Science, Technology, and Innovation Plan (PCTI) 2018-2022<\/strong>, as well as from the <strong>European Union<\/strong> through the <strong>ERDF<\/strong>.<\/p><p style=\"text-align: left;\"><strong>Co-financed project by:<\/strong><br \/><img loading=\"lazy\" decoding=\"async\" class=\"aligncenter wp-image-10361 size-full\" src=\"\/wp-content\/uploads\/2024\/02\/Logos-UE-iasturias-IDEPA.jpg\" sizes=\"(max-width: 746px) 100vw, 746px\" srcset=\"\/wp-content\/uploads\/2024\/02\/Logos-UE-iasturias-IDEPA.jpg 746w, \/wp-content\/uploads\/2024\/02\/Logos-UE-iasturias-IDEPA-300x55.jpg 300w\" alt=\"\" width=\"746\" height=\"137\" \/><\/p><\/div>\n\t\t\t\t\t\t<\/div>\n\t\t\t\t\t<\/div>\n\t\t\t\t<\/div>\n\t\t\t\t\t\t\t<div class=\"elementor-accordion-item\">\n\t\t\t\t\t<div id=\"elementor-tab-title-24811\" class=\"elementor-tab-title\" data-active=\"\" data-indexkey=\"ed70119_10\">\n\t\t\t\t\t\t\t\t\t\t\t\t\t<span class=\"elementor-accordion-icon elementor-accordion-icon-right\" aria-hidden=\"true\">\n\t\t\t\t\t\t\t\t\t\t\t\t\t\t\t<span class=\"elementor-accordion-icon-closed\"><i class=\"axtra-theme wcftheme-wcf-icon icon-wcf-plus\"><\/i><\/span>\n\t\t\t\t\t\t\t\t<span class=\"elementor-accordion-icon-opened\"><svg class=\"e-font-icon-svg e-fas-minus\" viewBox=\"0 0 448 512\" xmlns=\"http:\/\/www.w3.org\/2000\/svg\"><path d=\"M416 208H32c-17.67 0-32 14.33-32 32v32c0 17.67 14.33 32 32 32h384c17.67 0 32-14.33 32-32v-32c0-17.67-14.33-32-32-32z\"><\/path><\/svg><\/span>\n\t\t\t\t\t\t\t\t\t\t\t\t\t\t<\/span>\n\t\t\t\t\t\t\t\t\t\t\t\t<a class=\"elementor-accordion-title\" tabindex=\"0\">\n\t\t\t\t\t\t\t\t\t\t\t\t\t\tInvestment project for the optimization of services and the production of a new yogurt at the Granda factory\t\t\t\t\t\t\t \n\t\t\t\t\t\t\t    <span class=\"elementor-accordion-title-icon\"><\/span>\n\t\t\t\t\t\t\t\t\t\t\t\t\t<\/a>\n\t\t\t\t\t<\/div>\n\t\t\t\t\t<div id=\"elementor-tab-content-24811\" class=\"elementor-tab-content elementor-clearfix\" data-active=\"\" data-indexkey=\"ed70119_10\">\n\t\t\t\t\t\t<div class=\"wcf--inner--accrodion--body\">\n\t\t\t\t\t\t\t\t\t\t\t\t\t\t<div class=\"wcf--content\"><p>Corporaci\u00f3n Alimentaria Pe\u00f1asanta S.A.<\/p><p>Sierra de Granda S\/N Granda \u2013 Siero \u2013 Asturias<\/p><ul><li><strong>INVESTMENT<\/strong>: 464.055,90\u20ac<\/li><li><strong>GRANT<\/strong>: 116.013,98\u20ac<\/li><\/ul><p style=\"text-align: left;\"><strong>Co-financed project by:<\/strong><br \/><img loading=\"lazy\" decoding=\"async\" class=\"alignleft wp-image-2740 size-full\" src=\"\/wp-content\/uploads\/2020\/01\/logosFEDER.png\" sizes=\"(max-width: 800px) 100vw, 800px\" srcset=\"\/wp-content\/uploads\/2020\/01\/logosFEDER.png 800w, \/wp-content\/uploads\/2020\/01\/logosFEDER-300x51.png 300w, \/wp-content\/uploads\/2020\/01\/logosFEDER-768x132.png 768w\" alt=\"\" width=\"800\" height=\"137\" \/><\/p><\/div>\n\t\t\t\t\t\t<\/div>\n\t\t\t\t\t<\/div>\n\t\t\t\t<\/div>\n\t\t\t\t\t\t\t<div class=\"elementor-accordion-item\">\n\t\t\t\t\t<div id=\"elementor-tab-title-24812\" class=\"elementor-tab-title\" data-active=\"\" data-indexkey=\"ed70119_11\">\n\t\t\t\t\t\t\t\t\t\t\t\t\t<span class=\"elementor-accordion-icon elementor-accordion-icon-right\" aria-hidden=\"true\">\n\t\t\t\t\t\t\t\t\t\t\t\t\t\t\t<span class=\"elementor-accordion-icon-closed\"><i class=\"axtra-theme wcftheme-wcf-icon icon-wcf-plus\"><\/i><\/span>\n\t\t\t\t\t\t\t\t<span class=\"elementor-accordion-icon-opened\"><svg class=\"e-font-icon-svg e-fas-minus\" viewBox=\"0 0 448 512\" xmlns=\"http:\/\/www.w3.org\/2000\/svg\"><path d=\"M416 208H32c-17.67 0-32 14.33-32 32v32c0 17.67 14.33 32 32 32h384c17.67 0 32-14.33 32-32v-32c0-17.67-14.33-32-32-32z\"><\/path><\/svg><\/span>\n\t\t\t\t\t\t\t\t\t\t\t\t\t\t<\/span>\n\t\t\t\t\t\t\t\t\t\t\t\t<a class=\"elementor-accordion-title\" tabindex=\"0\">\n\t\t\t\t\t\t\t\t\t\t\t\t\t\tProject for the optimization of the bottle line in response to increased production at the Granda factory\t\t\t\t\t\t\t \n\t\t\t\t\t\t\t    <span class=\"elementor-accordion-title-icon\"><\/span>\n\t\t\t\t\t\t\t\t\t\t\t\t\t<\/a>\n\t\t\t\t\t<\/div>\n\t\t\t\t\t<div id=\"elementor-tab-content-24812\" class=\"elementor-tab-content elementor-clearfix\" data-active=\"\" data-indexkey=\"ed70119_11\">\n\t\t\t\t\t\t<div class=\"wcf--inner--accrodion--body\">\n\t\t\t\t\t\t\t\t\t\t\t\t\t\t<div class=\"wcf--content\"><p>Corporaci\u00f3n Alimentaria Pe\u00f1asanta S.A.<\/p><p>Sierra de Granda S\/N Granda \u2013 Siero \u2013 Asturias<\/p><ul><li><strong>INVESTMENT<\/strong>: 747.892,31\u20ac<\/li><li><strong>GRANT<\/strong>: 186.973,08\u20ac<\/li><\/ul><p style=\"text-align: left;\"><strong>Co-financed project by:<\/strong><br \/><img loading=\"lazy\" decoding=\"async\" class=\"alignleft wp-image-2740 size-full\" src=\"\/wp-content\/uploads\/2020\/01\/logosFEDER.png\" sizes=\"(max-width: 800px) 100vw, 800px\" srcset=\"\/wp-content\/uploads\/2020\/01\/logosFEDER.png 800w, \/wp-content\/uploads\/2020\/01\/logosFEDER-300x51.png 300w, \/wp-content\/uploads\/2020\/01\/logosFEDER-768x132.png 768w\" alt=\"\" width=\"800\" height=\"137\" \/><\/p><\/div>\n\t\t\t\t\t\t<\/div>\n\t\t\t\t\t<\/div>\n\t\t\t\t<\/div>\n\t\t\t\t\t\t\t<div class=\"elementor-accordion-item\">\n\t\t\t\t\t<div id=\"elementor-tab-title-24813\" class=\"elementor-tab-title\" data-active=\"\" data-indexkey=\"ed70119_12\">\n\t\t\t\t\t\t\t\t\t\t\t\t\t<span class=\"elementor-accordion-icon elementor-accordion-icon-right\" aria-hidden=\"true\">\n\t\t\t\t\t\t\t\t\t\t\t\t\t\t\t<span class=\"elementor-accordion-icon-closed\"><i class=\"axtra-theme wcftheme-wcf-icon icon-wcf-plus\"><\/i><\/span>\n\t\t\t\t\t\t\t\t<span class=\"elementor-accordion-icon-opened\"><svg class=\"e-font-icon-svg e-fas-minus\" viewBox=\"0 0 448 512\" xmlns=\"http:\/\/www.w3.org\/2000\/svg\"><path d=\"M416 208H32c-17.67 0-32 14.33-32 32v32c0 17.67 14.33 32 32 32h384c17.67 0 32-14.33 32-32v-32c0-17.67-14.33-32-32-32z\"><\/path><\/svg><\/span>\n\t\t\t\t\t\t\t\t\t\t\t\t\t\t<\/span>\n\t\t\t\t\t\t\t\t\t\t\t\t<a class=\"elementor-accordion-title\" tabindex=\"0\">\n\t\t\t\t\t\t\t\t\t\t\t\t\t\tInvestment project for capacity expansion and improvements at the Granda plant\t\t\t\t\t\t\t \n\t\t\t\t\t\t\t    <span class=\"elementor-accordion-title-icon\"><\/span>\n\t\t\t\t\t\t\t\t\t\t\t\t\t<\/a>\n\t\t\t\t\t<\/div>\n\t\t\t\t\t<div id=\"elementor-tab-content-24813\" class=\"elementor-tab-content elementor-clearfix\" data-active=\"\" data-indexkey=\"ed70119_12\">\n\t\t\t\t\t\t<div class=\"wcf--inner--accrodion--body\">\n\t\t\t\t\t\t\t\t\t\t\t\t\t\t<div class=\"wcf--content\"><p>Corporaci\u00f3n Alimentaria Pe\u00f1asanta S.A.<br \/>Sierra de Granda S\/N Granda \u2013 Siero \u2013 Asturias<\/p><ul><li><strong>INVESTMENT<\/strong>: 9.650.695,80\u20ac<\/li><li><strong>GRANT<\/strong>: 4.982.037,01\u20ac<\/li><\/ul><p><strong>Project description:<\/strong><\/p><p>Investment focused on the expansion, modernization, automation, digitalization, and environmental improvement of the production processes carried out in Granda, as well as the enhancement of quality and food safety in the UHT milk production line.<\/p><p><strong>Objectives:<\/strong><\/p><ul><li>Increase production capacity.<\/li><li>Improve the safety and traceability of production.<\/li><li>Enhance the company\u2019s competitiveness.<\/li><li>Improve product quality.<\/li><li>Reduce costs.<\/li><li>Implement new technologies.<\/li><li>Increase added value.<\/li><li>Reduce environmental impact.<\/li><\/ul><p><strong>Results:<\/strong><\/p><p>As expected.<\/p><p>Consult all information related to FEADER funds on the official European Commission website: <a href=\"https:\/\/ec.europa.eu\/info\/eu-regional-and-urban-development\/topics\/rural-development_es\" target=\"_blank\" rel=\"noopener\">https:\/\/ec.europa.eu\/info\/eu-regional-and-urban-development\/topics\/rural-development_es<\/a>.<\/p><p style=\"text-align: left;\"><strong>Co-financed project by:<\/strong><br \/><img fetchpriority=\"high\" decoding=\"async\" class=\"alignnone wp-image-7996 size-full\" src=\"\/wp-content\/uploads\/2020\/12\/logosProgramaNacionalDesarrolloRural.jpg\" sizes=\"(max-width: 800px) 100vw, 800px\" srcset=\"\/wp-content\/uploads\/2020\/12\/logosProgramaNacionalDesarrolloRural.jpg 800w, \/wp-content\/uploads\/2020\/12\/logosProgramaNacionalDesarrolloRural-300x51.jpg 300w, \/wp-content\/uploads\/2020\/12\/logosProgramaNacionalDesarrolloRural-768x132.jpg 768w\" alt=\"\" width=\"800\" height=\"137\" \/><\/p><\/div>\n\t\t\t\t\t\t<\/div>\n\t\t\t\t\t<\/div>\n\t\t\t\t<\/div>\n\t\t\t\t\t\t\t<div class=\"elementor-accordion-item\">\n\t\t\t\t\t<div id=\"elementor-tab-title-24814\" class=\"elementor-tab-title\" data-active=\"\" data-indexkey=\"ed70119_13\">\n\t\t\t\t\t\t\t\t\t\t\t\t\t<span class=\"elementor-accordion-icon elementor-accordion-icon-right\" aria-hidden=\"true\">\n\t\t\t\t\t\t\t\t\t\t\t\t\t\t\t<span class=\"elementor-accordion-icon-closed\"><i class=\"axtra-theme wcftheme-wcf-icon icon-wcf-plus\"><\/i><\/span>\n\t\t\t\t\t\t\t\t<span class=\"elementor-accordion-icon-opened\"><svg class=\"e-font-icon-svg e-fas-minus\" viewBox=\"0 0 448 512\" xmlns=\"http:\/\/www.w3.org\/2000\/svg\"><path d=\"M416 208H32c-17.67 0-32 14.33-32 32v32c0 17.67 14.33 32 32 32h384c17.67 0 32-14.33 32-32v-32c0-17.67-14.33-32-32-32z\"><\/path><\/svg><\/span>\n\t\t\t\t\t\t\t\t\t\t\t\t\t\t<\/span>\n\t\t\t\t\t\t\t\t\t\t\t\t<a class=\"elementor-accordion-title\" tabindex=\"0\">\n\t\t\t\t\t\t\t\t\t\t\t\t\t\tInvestment project for the expansion of yogurt production capacity and IFS Food certification at the Villagarc\u00eda plant\t\t\t\t\t\t\t \n\t\t\t\t\t\t\t    <span class=\"elementor-accordion-title-icon\"><\/span>\n\t\t\t\t\t\t\t\t\t\t\t\t\t<\/a>\n\t\t\t\t\t<\/div>\n\t\t\t\t\t<div id=\"elementor-tab-content-24814\" class=\"elementor-tab-content elementor-clearfix\" data-active=\"\" data-indexkey=\"ed70119_13\">\n\t\t\t\t\t\t<div class=\"wcf--inner--accrodion--body\">\n\t\t\t\t\t\t\t\t\t\t\t\t\t\t<div class=\"wcf--content\"><p>Corporaci\u00f3n Alimentaria Pe\u00f1asanta S.A.<br \/>Sierra de Granda S\/N Granda \u2013 Siero \u2013 Asturias<\/p><ul><li><strong>INVESTMENT<\/strong>: 2.241.752,61\u20ac<\/li><li><strong>GRANT<\/strong>: 1.345.051,57\u20ac<\/li><\/ul><p><strong>Project Description:<\/strong><\/p><p>Investment aimed at expanding, automating, and digitalizing the production processes at the Villagarc\u00eda plant, as well as certifying this industrial facility under the food quality and safety standard.<\/p><p><strong>Objectives:<\/strong><\/p><ul><li>Increase the company\u2019s competitiveness.<\/li><li>Improve the safety and traceability of production.<\/li><li>Increase production capacity.<\/li><li>Improve product quality.<\/li><li>Reduce costs.<\/li><li>Increase added value.<\/li><li>Reduce environmental impact.<\/li><\/ul><p><strong>Results:<\/strong><\/p><p>As expected.<\/p><p>Consult all information related to FEADER funds on the official European Commission website: <a href=\"https:\/\/ec.europa.eu\/info\/eu-regional-and-urban-development\/topics\/rural-development_es\" target=\"_blank\" rel=\"noopener\">https:\/\/ec.europa.eu\/info\/eu-regional-and-urban-development\/topics\/rural-development_es<\/a>.<\/p><p style=\"text-align: left;\"><strong>Co-financed project by:<\/strong><br \/><img fetchpriority=\"high\" decoding=\"async\" class=\"alignnone wp-image-7996 size-full\" src=\"\/wp-content\/uploads\/2020\/12\/logosProgramaNacionalDesarrolloRural.jpg\" sizes=\"(max-width: 800px) 100vw, 800px\" srcset=\"\/wp-content\/uploads\/2020\/12\/logosProgramaNacionalDesarrolloRural.jpg 800w, \/wp-content\/uploads\/2020\/12\/logosProgramaNacionalDesarrolloRural-300x51.jpg 300w, \/wp-content\/uploads\/2020\/12\/logosProgramaNacionalDesarrolloRural-768x132.jpg 768w\" alt=\"\" width=\"800\" height=\"137\" \/><\/p><\/div>\n\t\t\t\t\t\t<\/div>\n\t\t\t\t\t<\/div>\n\t\t\t\t<\/div>\n\t\t\t\t\t\t\t<div class=\"elementor-accordion-item\">\n\t\t\t\t\t<div id=\"elementor-tab-title-24815\" class=\"elementor-tab-title\" data-active=\"\" data-indexkey=\"ed70119_14\">\n\t\t\t\t\t\t\t\t\t\t\t\t\t<span class=\"elementor-accordion-icon elementor-accordion-icon-right\" aria-hidden=\"true\">\n\t\t\t\t\t\t\t\t\t\t\t\t\t\t\t<span class=\"elementor-accordion-icon-closed\"><i class=\"axtra-theme wcftheme-wcf-icon icon-wcf-plus\"><\/i><\/span>\n\t\t\t\t\t\t\t\t<span class=\"elementor-accordion-icon-opened\"><svg class=\"e-font-icon-svg e-fas-minus\" viewBox=\"0 0 448 512\" xmlns=\"http:\/\/www.w3.org\/2000\/svg\"><path d=\"M416 208H32c-17.67 0-32 14.33-32 32v32c0 17.67 14.33 32 32 32h384c17.67 0 32-14.33 32-32v-32c0-17.67-14.33-32-32-32z\"><\/path><\/svg><\/span>\n\t\t\t\t\t\t\t\t\t\t\t\t\t\t<\/span>\n\t\t\t\t\t\t\t\t\t\t\t\t<a class=\"elementor-accordion-title\" tabindex=\"0\">\n\t\t\t\t\t\t\t\t\t\t\t\t\t\tInvestment project for new bottle format and improvements at the Lugo plant\t\t\t\t\t\t\t \n\t\t\t\t\t\t\t    <span class=\"elementor-accordion-title-icon\"><\/span>\n\t\t\t\t\t\t\t\t\t\t\t\t\t<\/a>\n\t\t\t\t\t<\/div>\n\t\t\t\t\t<div id=\"elementor-tab-content-24815\" class=\"elementor-tab-content elementor-clearfix\" data-active=\"\" data-indexkey=\"ed70119_14\">\n\t\t\t\t\t\t<div class=\"wcf--inner--accrodion--body\">\n\t\t\t\t\t\t\t\t\t\t\t\t\t\t<div class=\"wcf--content\"><p>Corporaci\u00f3n Alimentaria Pe\u00f1asanta S.A.<br \/>Sierra de Granda S\/N Granda \u2013 Siero \u2013 Asturias<\/p><ul><li><strong>INVESTMENT<\/strong>: 1.966.253,47\u20ac<\/li><li><strong>GRANT<\/strong>: 1.179.752,08\u20ac<\/li><\/ul><p><strong>Project description:<\/strong><\/p><p>Investment aimed at increasing production capacity, modernization, automation, and technological digitalization of the production processes at the Lugo plant, thus allowing CAPSA to increase efficiency and productivity.<\/p><p><strong>Objectives:<\/strong><\/p><ul><li>Increase production capacity.<\/li><li>Diversify production with the launch of a new format.<\/li><li>Reduce business costs.<\/li><li>Improve product quality.<\/li><li>Increase the added value of products.<\/li><li>Implement new processes and technologies.<\/li><li>Reduce the environmental impact of industrial activities.<\/li><li>Improve the commercialization of the company\u2019s products.<\/li><li>Improve the safety and traceability of processes.<\/li><li>Increase production capacity.<\/li><\/ul><p><strong>Results:<\/strong><\/p><p>As expected.<\/p><p>Consult all information related to FEADER funds on the official European Commission website: <a href=\"https:\/\/ec.europa.eu\/info\/eu-regional-and-urban-development\/topics\/rural-development_es\" target=\"_blank\" rel=\"noopener\">https:\/\/ec.europa.eu\/info\/eu-regional-and-urban-development\/topics\/rural-development_es<\/a>.<\/p><p style=\"text-align: left;\"><strong>Co-financed project by:<\/strong><br \/><img fetchpriority=\"high\" decoding=\"async\" class=\"alignnone wp-image-7996 size-full\" src=\"\/wp-content\/uploads\/2020\/12\/logosProgramaNacionalDesarrolloRural.jpg\" sizes=\"(max-width: 800px) 100vw, 800px\" srcset=\"\/wp-content\/uploads\/2020\/12\/logosProgramaNacionalDesarrolloRural.jpg 800w, \/wp-content\/uploads\/2020\/12\/logosProgramaNacionalDesarrolloRural-300x51.jpg 300w, \/wp-content\/uploads\/2020\/12\/logosProgramaNacionalDesarrolloRural-768x132.jpg 768w\" alt=\"\" width=\"800\" height=\"137\" \/><\/p><\/div>\n\t\t\t\t\t\t<\/div>\n\t\t\t\t\t<\/div>\n\t\t\t\t<\/div>\n\t\t\t\t\t\t\t<div class=\"elementor-accordion-item\">\n\t\t\t\t\t<div id=\"elementor-tab-title-24816\" class=\"elementor-tab-title\" data-active=\"\" data-indexkey=\"ed70119_15\">\n\t\t\t\t\t\t\t\t\t\t\t\t\t<span class=\"elementor-accordion-icon elementor-accordion-icon-right\" aria-hidden=\"true\">\n\t\t\t\t\t\t\t\t\t\t\t\t\t\t\t<span class=\"elementor-accordion-icon-closed\"><i class=\"axtra-theme wcftheme-wcf-icon icon-wcf-plus\"><\/i><\/span>\n\t\t\t\t\t\t\t\t<span class=\"elementor-accordion-icon-opened\"><svg class=\"e-font-icon-svg e-fas-minus\" viewBox=\"0 0 448 512\" xmlns=\"http:\/\/www.w3.org\/2000\/svg\"><path d=\"M416 208H32c-17.67 0-32 14.33-32 32v32c0 17.67 14.33 32 32 32h384c17.67 0 32-14.33 32-32v-32c0-17.67-14.33-32-32-32z\"><\/path><\/svg><\/span>\n\t\t\t\t\t\t\t\t\t\t\t\t\t\t<\/span>\n\t\t\t\t\t\t\t\t\t\t\t\t<a class=\"elementor-accordion-title\" tabindex=\"0\">\n\t\t\t\t\t\t\t\t\t\t\t\t\t\tInvestment project for the increase of production capacity of cream and bottled milk lines at the Zarzalejo plant\t\t\t\t\t\t\t \n\t\t\t\t\t\t\t    <span class=\"elementor-accordion-title-icon\"><\/span>\n\t\t\t\t\t\t\t\t\t\t\t\t\t<\/a>\n\t\t\t\t\t<\/div>\n\t\t\t\t\t<div id=\"elementor-tab-content-24816\" class=\"elementor-tab-content elementor-clearfix\" data-active=\"\" data-indexkey=\"ed70119_15\">\n\t\t\t\t\t\t<div class=\"wcf--inner--accrodion--body\">\n\t\t\t\t\t\t\t\t\t\t\t\t\t\t<div class=\"wcf--content\"><p>Corporaci\u00f3n Alimentaria Pe\u00f1asanta S.A.<br \/>Sierra de Granda S\/N Granda \u2013 Siero \u2013 Asturias<\/p><ul><li><strong>INVESTMENT<\/strong>: 1.257.307,82\u20ac<\/li><li><strong>GRANT<\/strong>: 754.384,69\u20ac<\/li><\/ul><p><strong>Project description:<\/strong><\/p><p>Investment aimed at increasing the production capacity of cream and bottled milk, modernization, and digitalization of the production processes at the Zarzalejo factory, resulting in optimized and highly efficient products and processes.<\/p><p><strong>Objectives:<\/strong><\/p><ul><li>Increase production capacity.<\/li><li>Improve the traceability of production.<\/li><li>Enhance the company\u2019s competitiveness.<\/li><li>Improve product quality.<\/li><li>Reduce costs.<\/li><li>Implement new technologies.<\/li><li>Increase added value.<\/li><li>Diversify target markets.<\/li><li>Reduce environmental impact.<\/li><li>Improve the commercialization of the company\u2019s products.<\/li><\/ul><p><strong>Results:<\/strong><\/p><p>As expected.<\/p><p>Consult all information related to FEADER funds on the official European Commission website: <a href=\"https:\/\/ec.europa.eu\/info\/eu-regional-and-urban-development\/topics\/rural-development_es\" target=\"_blank\" rel=\"noopener\">https:\/\/ec.europa.eu\/info\/eu-regional-and-urban-development\/topics\/rural-development_es<\/a>.<\/p><p style=\"text-align: left;\"><strong>Co-financed project by:<\/strong><br \/><img fetchpriority=\"high\" decoding=\"async\" class=\"alignnone wp-image-7996 size-full\" src=\"\/wp-content\/uploads\/2020\/12\/logosProgramaNacionalDesarrolloRural.jpg\" sizes=\"(max-width: 800px) 100vw, 800px\" srcset=\"\/wp-content\/uploads\/2020\/12\/logosProgramaNacionalDesarrolloRural.jpg 800w, \/wp-content\/uploads\/2020\/12\/logosProgramaNacionalDesarrolloRural-300x51.jpg 300w, \/wp-content\/uploads\/2020\/12\/logosProgramaNacionalDesarrolloRural-768x132.jpg 768w\" alt=\"\" width=\"800\" height=\"137\" \/><\/p><\/div>\n\t\t\t\t\t\t<\/div>\n\t\t\t\t\t<\/div>\n\t\t\t\t<\/div>\n\t\t\t\t\t\t\t<div class=\"elementor-accordion-item\">\n\t\t\t\t\t<div id=\"elementor-tab-title-24817\" class=\"elementor-tab-title\" data-active=\"\" data-indexkey=\"ed70119_16\">\n\t\t\t\t\t\t\t\t\t\t\t\t\t<span class=\"elementor-accordion-icon elementor-accordion-icon-right\" aria-hidden=\"true\">\n\t\t\t\t\t\t\t\t\t\t\t\t\t\t\t<span class=\"elementor-accordion-icon-closed\"><i class=\"axtra-theme wcftheme-wcf-icon icon-wcf-plus\"><\/i><\/span>\n\t\t\t\t\t\t\t\t<span class=\"elementor-accordion-icon-opened\"><svg class=\"e-font-icon-svg e-fas-minus\" viewBox=\"0 0 448 512\" xmlns=\"http:\/\/www.w3.org\/2000\/svg\"><path d=\"M416 208H32c-17.67 0-32 14.33-32 32v32c0 17.67 14.33 32 32 32h384c17.67 0 32-14.33 32-32v-32c0-17.67-14.33-32-32-32z\"><\/path><\/svg><\/span>\n\t\t\t\t\t\t\t\t\t\t\t\t\t\t<\/span>\n\t\t\t\t\t\t\t\t\t\t\t\t<a class=\"elementor-accordion-title\" tabindex=\"0\">\n\t\t\t\t\t\t\t\t\t\t\t\t\t\tProject \"Waste4Value\". New advanced bioprocesses for the valorization of dairy industry waste\t\t\t\t\t\t\t \n\t\t\t\t\t\t\t    <span class=\"elementor-accordion-title-icon\"><\/span>\n\t\t\t\t\t\t\t\t\t\t\t\t\t<\/a>\n\t\t\t\t\t<\/div>\n\t\t\t\t\t<div id=\"elementor-tab-content-24817\" class=\"elementor-tab-content elementor-clearfix\" data-active=\"\" data-indexkey=\"ed70119_16\">\n\t\t\t\t\t\t<div class=\"wcf--inner--accrodion--body\">\n\t\t\t\t\t\t\t\t\t\t\t\t\t\t<div class=\"wcf--content\"><p><strong>Objective:<\/strong> To study and analyze different methods for the valorization of dairy industry waste, aiming to bring the industry closer to complete valorization and the goal of zero waste.<\/p><p><strong>Call for applications:<\/strong> Grants for the execution of R&amp;D projects in the Principality of Asturias for the year 2020 (RIS3-Company program).<\/p><ul><li><strong>Execution:<\/strong> 16\/07\/2020 \u2013 30\/11\/2022<\/li><li><strong>Budget:<\/strong> 233,403.42\u20ac<\/li><\/ul><p style=\"text-align: left;\"><strong>Project funded by:<\/strong><br \/><img loading=\"lazy\" decoding=\"async\" class=\"aligncenter wp-image-9073 size-full\" src=\"\/wp-content\/uploads\/2022\/03\/Logos-UE-iasturias-y-gobierno-asturias7887.jpg\" sizes=\"(max-width: 798px) 100vw, 798px\" srcset=\"\/wp-content\/uploads\/2022\/03\/Logos-UE-iasturias-y-gobierno-asturias7887.jpg 798w, \/wp-content\/uploads\/2022\/03\/Logos-UE-iasturias-y-gobierno-asturias7887-300x52.jpg 300w, \/wp-content\/uploads\/2022\/03\/Logos-UE-iasturias-y-gobierno-asturias7887-768x132.jpg 768w\" alt=\"\" width=\"798\" height=\"137\" \/><\/p><\/div>\n\t\t\t\t\t\t<\/div>\n\t\t\t\t\t<\/div>\n\t\t\t\t<\/div>\n\t\t\t\t\t\t\t<div class=\"elementor-accordion-item\">\n\t\t\t\t\t<div id=\"elementor-tab-title-24818\" class=\"elementor-tab-title\" data-active=\"\" data-indexkey=\"ed70119_17\">\n\t\t\t\t\t\t\t\t\t\t\t\t\t<span class=\"elementor-accordion-icon elementor-accordion-icon-right\" aria-hidden=\"true\">\n\t\t\t\t\t\t\t\t\t\t\t\t\t\t\t<span class=\"elementor-accordion-icon-closed\"><i class=\"axtra-theme wcftheme-wcf-icon icon-wcf-plus\"><\/i><\/span>\n\t\t\t\t\t\t\t\t<span class=\"elementor-accordion-icon-opened\"><svg class=\"e-font-icon-svg e-fas-minus\" viewBox=\"0 0 448 512\" xmlns=\"http:\/\/www.w3.org\/2000\/svg\"><path d=\"M416 208H32c-17.67 0-32 14.33-32 32v32c0 17.67 14.33 32 32 32h384c17.67 0 32-14.33 32-32v-32c0-17.67-14.33-32-32-32z\"><\/path><\/svg><\/span>\n\t\t\t\t\t\t\t\t\t\t\t\t\t\t<\/span>\n\t\t\t\t\t\t\t\t\t\t\t\t<a class=\"elementor-accordion-title\" tabindex=\"0\">\n\t\t\t\t\t\t\t\t\t\t\t\t\t\tProject \u201cMicrobiome\u201d. Determination and characterization of the gut microbiome in the Spanish population\t\t\t\t\t\t\t \n\t\t\t\t\t\t\t    <span class=\"elementor-accordion-title-icon\"><\/span>\n\t\t\t\t\t\t\t\t\t\t\t\t\t<\/a>\n\t\t\t\t\t<\/div>\n\t\t\t\t\t<div id=\"elementor-tab-content-24818\" class=\"elementor-tab-content elementor-clearfix\" data-active=\"\" data-indexkey=\"ed70119_17\">\n\t\t\t\t\t\t<div class=\"wcf--inner--accrodion--body\">\n\t\t\t\t\t\t\t\t\t\t\t\t\t\t<div class=\"wcf--content\"><p><strong>Objective:<\/strong> Research on age, diet, and regional differences in the microbiome of the healthy Spanish population, as well as the creation of a reliable database applicable to it.<\/p><p><strong>Call for applications:<\/strong> Grants for the execution of R&amp;D projects in the Principality of Asturias for the year 2020 (RIS3-Company program).<\/p><ul><li><strong>Execution:<\/strong> 16\/07\/2020 \u2013 30\/11\/2022<\/li><li><strong>Budget:<\/strong> 54,926.59\u20ac<\/li><\/ul><p style=\"text-align: left;\"><strong>Project funded by:<\/strong><br \/><img loading=\"lazy\" decoding=\"async\" class=\"aligncenter wp-image-9073 size-full\" src=\"\/wp-content\/uploads\/2022\/03\/Logos-UE-iasturias-y-gobierno-asturias7887.jpg\" sizes=\"(max-width: 798px) 100vw, 798px\" srcset=\"\/wp-content\/uploads\/2022\/03\/Logos-UE-iasturias-y-gobierno-asturias7887.jpg 798w, \/wp-content\/uploads\/2022\/03\/Logos-UE-iasturias-y-gobierno-asturias7887-300x52.jpg 300w, \/wp-content\/uploads\/2022\/03\/Logos-UE-iasturias-y-gobierno-asturias7887-768x132.jpg 768w\" alt=\"\" width=\"798\" height=\"137\" \/><\/p><\/div>\n\t\t\t\t\t\t<\/div>\n\t\t\t\t\t<\/div>\n\t\t\t\t<\/div>\n\t\t\t\t\t\t\t<div class=\"elementor-accordion-item\">\n\t\t\t\t\t<div id=\"elementor-tab-title-24819\" class=\"elementor-tab-title\" data-active=\"\" data-indexkey=\"ed70119_18\">\n\t\t\t\t\t\t\t\t\t\t\t\t\t<span class=\"elementor-accordion-icon elementor-accordion-icon-right\" aria-hidden=\"true\">\n\t\t\t\t\t\t\t\t\t\t\t\t\t\t\t<span class=\"elementor-accordion-icon-closed\"><i class=\"axtra-theme wcftheme-wcf-icon icon-wcf-plus\"><\/i><\/span>\n\t\t\t\t\t\t\t\t<span class=\"elementor-accordion-icon-opened\"><svg class=\"e-font-icon-svg e-fas-minus\" viewBox=\"0 0 448 512\" xmlns=\"http:\/\/www.w3.org\/2000\/svg\"><path d=\"M416 208H32c-17.67 0-32 14.33-32 32v32c0 17.67 14.33 32 32 32h384c17.67 0 32-14.33 32-32v-32c0-17.67-14.33-32-32-32z\"><\/path><\/svg><\/span>\n\t\t\t\t\t\t\t\t\t\t\t\t\t\t<\/span>\n\t\t\t\t\t\t\t\t\t\t\t\t<a class=\"elementor-accordion-title\" tabindex=\"0\">\n\t\t\t\t\t\t\t\t\t\t\t\t\t\tInvestment project for increasing capacity, modernization, automation, vertical integration, and digitalization of the production processes at the Granda factory\t\t\t\t\t\t\t \n\t\t\t\t\t\t\t    <span class=\"elementor-accordion-title-icon\"><\/span>\n\t\t\t\t\t\t\t\t\t\t\t\t\t<\/a>\n\t\t\t\t\t<\/div>\n\t\t\t\t\t<div id=\"elementor-tab-content-24819\" class=\"elementor-tab-content elementor-clearfix\" data-active=\"\" data-indexkey=\"ed70119_18\">\n\t\t\t\t\t\t<div class=\"wcf--inner--accrodion--body\">\n\t\t\t\t\t\t\t\t\t\t\t\t\t\t<div class=\"wcf--content\"><p>Corporaci\u00f3n Alimentaria Pe\u00f1asanta S.A.<br \/>Sierra de Granda S\/N Granda \u2013 Siero \u2013 Asturias<\/p><ul><li><strong>INVESTMENT<\/strong>: 9.868.442,46\u20ac<\/li><li><strong>GRANT<\/strong>: 4.896.454,75\u20ac<\/li><li><strong>EU CO-FINANCING<\/strong>: 53%<\/li><\/ul><p><strong>Project description:<\/strong><\/p><p>Investment aimed at enhancing the added value of products and strengthening the company\u2019s market position. Additionally, the project seeks to improve current transformation and commercialization processes, developing optimized and highly efficient products and production methods.<\/p><p><strong>Objectives:<\/strong><\/p><ul><li>Vertical integration.<\/li><li>Enhance the company\u2019s competitiveness.<\/li><li>Reduce costs.<\/li><li>Increase added value.<\/li><li>Reduce environmental impact.<\/li><li>Improve production safety and traceability.<\/li><li>Implement new technologies.<\/li><li>Introduce new products.<\/li><li>Improve production quality.<\/li><\/ul><p><strong>Results:<\/strong><\/p><p>As expected.<\/p><p>Consult all information related to FEADER funds on the official European Commission website: <a href=\"https:\/\/ec.europa.eu\/info\/eu-regional-and-urban-development\/topics\/rural-development_es\" target=\"_blank\" rel=\"noopener\">https:\/\/ec.europa.eu\/info\/eu-regional-and-urban-development\/topics\/rural-development_es<\/a>.<\/p><p style=\"text-align: left;\"><strong>Co-financed project by:<\/strong><br \/><img fetchpriority=\"high\" decoding=\"async\" class=\"alignnone wp-image-7996 size-full\" src=\"\/wp-content\/uploads\/2020\/12\/logosProgramaNacionalDesarrolloRural.jpg\" sizes=\"(max-width: 800px) 100vw, 800px\" srcset=\"\/wp-content\/uploads\/2020\/12\/logosProgramaNacionalDesarrolloRural.jpg 800w, \/wp-content\/uploads\/2020\/12\/logosProgramaNacionalDesarrolloRural-300x51.jpg 300w, \/wp-content\/uploads\/2020\/12\/logosProgramaNacionalDesarrolloRural-768x132.jpg 768w\" alt=\"\" width=\"800\" height=\"137\" \/><\/p><\/div>\n\t\t\t\t\t\t<\/div>\n\t\t\t\t\t<\/div>\n\t\t\t\t<\/div>\n\t\t\t\t\t\t\t<div class=\"elementor-accordion-item\">\n\t\t\t\t\t<div id=\"elementor-tab-title-24820\" class=\"elementor-tab-title\" data-active=\"\" data-indexkey=\"ed70119_19\">\n\t\t\t\t\t\t\t\t\t\t\t\t\t<span class=\"elementor-accordion-icon elementor-accordion-icon-right\" aria-hidden=\"true\">\n\t\t\t\t\t\t\t\t\t\t\t\t\t\t\t<span class=\"elementor-accordion-icon-closed\"><i class=\"axtra-theme wcftheme-wcf-icon icon-wcf-plus\"><\/i><\/span>\n\t\t\t\t\t\t\t\t<span class=\"elementor-accordion-icon-opened\"><svg class=\"e-font-icon-svg e-fas-minus\" viewBox=\"0 0 448 512\" xmlns=\"http:\/\/www.w3.org\/2000\/svg\"><path d=\"M416 208H32c-17.67 0-32 14.33-32 32v32c0 17.67 14.33 32 32 32h384c17.67 0 32-14.33 32-32v-32c0-17.67-14.33-32-32-32z\"><\/path><\/svg><\/span>\n\t\t\t\t\t\t\t\t\t\t\t\t\t\t<\/span>\n\t\t\t\t\t\t\t\t\t\t\t\t<a class=\"elementor-accordion-title\" tabindex=\"0\">\n\t\t\t\t\t\t\t\t\t\t\t\t\t\tInvestment project for increasing capacity, digitalization, and improving energy efficiency and environmental sustainability of the production processes at the Lugo factory\t\t\t\t\t\t\t \n\t\t\t\t\t\t\t    <span class=\"elementor-accordion-title-icon\"><\/span>\n\t\t\t\t\t\t\t\t\t\t\t\t\t<\/a>\n\t\t\t\t\t<\/div>\n\t\t\t\t\t<div id=\"elementor-tab-content-24820\" class=\"elementor-tab-content elementor-clearfix\" data-active=\"\" data-indexkey=\"ed70119_19\">\n\t\t\t\t\t\t<div class=\"wcf--inner--accrodion--body\">\n\t\t\t\t\t\t\t\t\t\t\t\t\t\t<div class=\"wcf--content\"><p>Corporaci\u00f3n Alimentaria Pe\u00f1asanta S.A.<br \/>Sierra de Granda S\/N Granda \u2013 Siero \u2013 Asturias<\/p><ul><li><strong>INVESTMENT<\/strong>: 1.580.029,49\u20ac<\/li><li><strong>GRANT<\/strong>: 814.978,97\u20ac<\/li><li><strong>EU CO-FINANCING<\/strong>: 53%<\/li><\/ul><p><strong>Project description:<\/strong><\/p><p>Investment aimed at enhancing the added value of products manufactured in Lugo while simultaneously improving production processes at the plant, making them more efficient, safer, more cost-effective, and more sustainable.<\/p><p><strong>Objectives:<\/strong><\/p><ul><li>Increase production capacity.<\/li><li>Improve product commercialization.<\/li><li>Enhance the company\u2019s competitiveness.<\/li><li>Improve production quality.<\/li><li>Increase the added value of products.<\/li><li>Reduce the environmental impact of industrial activities.<\/li><li>Improve process safety and traceability.<\/li><li>Implement new technologies.<\/li><li>Reduce business costs.<\/li><\/ul><p><strong>Results:<\/strong><\/p><p>As expected.<\/p><p>Consult all information related to FEADER funds on the official European Commission website: <a href=\"https:\/\/ec.europa.eu\/info\/eu-regional-and-urban-development\/topics\/rural-development_es\" target=\"_blank\" rel=\"noopener\">https:\/\/ec.europa.eu\/info\/eu-regional-and-urban-development\/topics\/rural-development_es<\/a>.<\/p><p style=\"text-align: left;\"><strong>Co-financed project by:<\/strong><br \/><img fetchpriority=\"high\" decoding=\"async\" class=\"alignnone wp-image-7996 size-full\" src=\"\/wp-content\/uploads\/2020\/12\/logosProgramaNacionalDesarrolloRural.jpg\" sizes=\"(max-width: 800px) 100vw, 800px\" srcset=\"\/wp-content\/uploads\/2020\/12\/logosProgramaNacionalDesarrolloRural.jpg 800w, \/wp-content\/uploads\/2020\/12\/logosProgramaNacionalDesarrolloRural-300x51.jpg 300w, \/wp-content\/uploads\/2020\/12\/logosProgramaNacionalDesarrolloRural-768x132.jpg 768w\" alt=\"\" width=\"800\" height=\"137\" \/><\/p><\/div>\n\t\t\t\t\t\t<\/div>\n\t\t\t\t\t<\/div>\n\t\t\t\t<\/div>\n\t\t\t\t\t\t\t<div class=\"elementor-accordion-item\">\n\t\t\t\t\t<div id=\"elementor-tab-title-24821\" class=\"elementor-tab-title\" data-active=\"\" data-indexkey=\"ed70119_20\">\n\t\t\t\t\t\t\t\t\t\t\t\t\t<span class=\"elementor-accordion-icon elementor-accordion-icon-right\" aria-hidden=\"true\">\n\t\t\t\t\t\t\t\t\t\t\t\t\t\t\t<span class=\"elementor-accordion-icon-closed\"><i class=\"axtra-theme wcftheme-wcf-icon icon-wcf-plus\"><\/i><\/span>\n\t\t\t\t\t\t\t\t<span class=\"elementor-accordion-icon-opened\"><svg class=\"e-font-icon-svg e-fas-minus\" viewBox=\"0 0 448 512\" xmlns=\"http:\/\/www.w3.org\/2000\/svg\"><path d=\"M416 208H32c-17.67 0-32 14.33-32 32v32c0 17.67 14.33 32 32 32h384c17.67 0 32-14.33 32-32v-32c0-17.67-14.33-32-32-32z\"><\/path><\/svg><\/span>\n\t\t\t\t\t\t\t\t\t\t\t\t\t\t<\/span>\n\t\t\t\t\t\t\t\t\t\t\t\t<a class=\"elementor-accordion-title\" tabindex=\"0\">\n\t\t\t\t\t\t\t\t\t\t\t\t\t\tInvestment project to increase yogurt and cheese production capacity, improve energy efficiency, and digitalize the Villagarc\u00eda plant\t\t\t\t\t\t\t \n\t\t\t\t\t\t\t    <span class=\"elementor-accordion-title-icon\"><\/span>\n\t\t\t\t\t\t\t\t\t\t\t\t\t<\/a>\n\t\t\t\t\t<\/div>\n\t\t\t\t\t<div id=\"elementor-tab-content-24821\" class=\"elementor-tab-content elementor-clearfix\" data-active=\"\" data-indexkey=\"ed70119_20\">\n\t\t\t\t\t\t<div class=\"wcf--inner--accrodion--body\">\n\t\t\t\t\t\t\t\t\t\t\t\t\t\t<div class=\"wcf--content\"><p>Corporaci\u00f3n Alimentaria Pe\u00f1asanta S.A.<br \/>Sierra de Granda S\/N Granda \u2013 Siero \u2013 Asturias<\/p><ul><li><strong>INVESTMENT<\/strong>: 1.235.495,07\u20ac<\/li><li><strong>GRANT<\/strong>: 606.436,47\u20ac<\/li><li><strong>EU CO-FINANCING<\/strong>: 53%<\/li><\/ul><p><strong>Project description:<\/strong><\/p><p>Investment focused on the expansion, modernization, automation, and digitalization of production processes at the Villagarc\u00eda plant, using cost-efficient solutions that also enhance the plant\u2019s energy efficiency.<\/p><p><strong>Objectives:<\/strong><\/p><ul><li>Increase the company\u2019s competitiveness.<\/li><li>Expand production capacity.<\/li><li>Reduce costs.<\/li><li>Increase added value.<\/li><li>Reduce environmental impact.<\/li><li>Improve the safety and traceability of production.<\/li><li>Enhance product quality.<\/li><li>Implement new and innovative technologies in production processes.<\/li><li>Improve product commercialization.<\/li><\/ul><p><strong>Results:<\/strong><\/p><p>As expected.<\/p><p>Consult all information related to FEADER funds on the official European Commission website: <a href=\"https:\/\/ec.europa.eu\/info\/eu-regional-and-urban-development\/topics\/rural-development_es\" target=\"_blank\" rel=\"noopener\">https:\/\/ec.europa.eu\/info\/eu-regional-and-urban-development\/topics\/rural-development_es<\/a>.<\/p><p style=\"text-align: left;\"><strong>Co-financed project by:<\/strong><br \/><img fetchpriority=\"high\" decoding=\"async\" class=\"alignnone wp-image-7996 size-full\" src=\"\/wp-content\/uploads\/2020\/12\/logosProgramaNacionalDesarrolloRural.jpg\" sizes=\"(max-width: 800px) 100vw, 800px\" srcset=\"\/wp-content\/uploads\/2020\/12\/logosProgramaNacionalDesarrolloRural.jpg 800w, \/wp-content\/uploads\/2020\/12\/logosProgramaNacionalDesarrolloRural-300x51.jpg 300w, \/wp-content\/uploads\/2020\/12\/logosProgramaNacionalDesarrolloRural-768x132.jpg 768w\" alt=\"\" width=\"800\" height=\"137\" \/><\/p><\/div>\n\t\t\t\t\t\t<\/div>\n\t\t\t\t\t<\/div>\n\t\t\t\t<\/div>\n\t\t\t\t\t\t\t<div class=\"elementor-accordion-item\">\n\t\t\t\t\t<div id=\"elementor-tab-title-24822\" class=\"elementor-tab-title\" data-active=\"\" data-indexkey=\"ed70119_21\">\n\t\t\t\t\t\t\t\t\t\t\t\t\t<span class=\"elementor-accordion-icon elementor-accordion-icon-right\" aria-hidden=\"true\">\n\t\t\t\t\t\t\t\t\t\t\t\t\t\t\t<span class=\"elementor-accordion-icon-closed\"><i class=\"axtra-theme wcftheme-wcf-icon icon-wcf-plus\"><\/i><\/span>\n\t\t\t\t\t\t\t\t<span class=\"elementor-accordion-icon-opened\"><svg class=\"e-font-icon-svg e-fas-minus\" viewBox=\"0 0 448 512\" xmlns=\"http:\/\/www.w3.org\/2000\/svg\"><path d=\"M416 208H32c-17.67 0-32 14.33-32 32v32c0 17.67 14.33 32 32 32h384c17.67 0 32-14.33 32-32v-32c0-17.67-14.33-32-32-32z\"><\/path><\/svg><\/span>\n\t\t\t\t\t\t\t\t\t\t\t\t\t\t<\/span>\n\t\t\t\t\t\t\t\t\t\t\t\t<a class=\"elementor-accordion-title\" tabindex=\"0\">\n\t\t\t\t\t\t\t\t\t\t\t\t\t\tInvestment project for the modernization, automation, vertical integration, and digitalization of production processes at the Zarzalejo plant\t\t\t\t\t\t\t \n\t\t\t\t\t\t\t    <span class=\"elementor-accordion-title-icon\"><\/span>\n\t\t\t\t\t\t\t\t\t\t\t\t\t<\/a>\n\t\t\t\t\t<\/div>\n\t\t\t\t\t<div id=\"elementor-tab-content-24822\" class=\"elementor-tab-content elementor-clearfix\" data-active=\"\" data-indexkey=\"ed70119_21\">\n\t\t\t\t\t\t<div class=\"wcf--inner--accrodion--body\">\n\t\t\t\t\t\t\t\t\t\t\t\t\t\t<div class=\"wcf--content\"><p>Corporaci\u00f3n Alimentaria Pe\u00f1asanta S.A.<br \/>Sierra de Granda S\/N Granda \u2013 Siero \u2013 Asturias<\/p><ul><li><strong>INVESTMENT<\/strong>: 533.224,70\u20ac<\/li><li><strong>GRANT<\/strong>: 282.783,18\u20ac<\/li><li><strong>EU CO-FINANCING<\/strong>: 53%<\/li><\/ul><p><strong>Project description:<\/strong><\/p><p>Investments aimed at increasing the added value of products and enhancing the company's market positioning, while also improving current transformation and commercialization processes. The project focuses on developing optimized and highly efficient products and processes at the Zarzalejo plant.<\/p><p><strong>Objectives:<\/strong><\/p><ul><li>Increase the company\u2019s competitiveness.<\/li><li>Reduce environmental impact.<\/li><li>Lower costs.<\/li><li>Increase added value.<\/li><li>Achieve vertical integration.<\/li><li>Improve production traceability and process safety.<\/li><li>Enhance product quality.<\/li><li>Implement new technologies.<\/li><li>Improve product commercialization.<\/li><\/ul><p><strong>Results:<\/strong><\/p><p>As expected.<\/p><p>Consult all information related to FEADER funds on the official European Commission website: <a href=\"https:\/\/ec.europa.eu\/info\/eu-regional-and-urban-development\/topics\/rural-development_es\" target=\"_blank\" rel=\"noopener\">https:\/\/ec.europa.eu\/info\/eu-regional-and-urban-development\/topics\/rural-development_es<\/a>.<\/p><p style=\"text-align: left;\"><strong>Co-financed project by:<\/strong><br \/><img fetchpriority=\"high\" decoding=\"async\" class=\"alignnone wp-image-7996 size-full\" src=\"\/wp-content\/uploads\/2020\/12\/logosProgramaNacionalDesarrolloRural.jpg\" sizes=\"(max-width: 800px) 100vw, 800px\" srcset=\"\/wp-content\/uploads\/2020\/12\/logosProgramaNacionalDesarrolloRural.jpg 800w, \/wp-content\/uploads\/2020\/12\/logosProgramaNacionalDesarrolloRural-300x51.jpg 300w, \/wp-content\/uploads\/2020\/12\/logosProgramaNacionalDesarrolloRural-768x132.jpg 768w\" alt=\"\" width=\"800\" height=\"137\" \/><\/p><\/div>\n\t\t\t\t\t\t<\/div>\n\t\t\t\t\t<\/div>\n\t\t\t\t<\/div>\n\t\t\t\t\t\t\t<div class=\"elementor-accordion-item\">\n\t\t\t\t\t<div id=\"elementor-tab-title-24823\" class=\"elementor-tab-title\" data-active=\"\" data-indexkey=\"ed70119_22\">\n\t\t\t\t\t\t\t\t\t\t\t\t\t<span class=\"elementor-accordion-icon elementor-accordion-icon-right\" aria-hidden=\"true\">\n\t\t\t\t\t\t\t\t\t\t\t\t\t\t\t<span class=\"elementor-accordion-icon-closed\"><i class=\"axtra-theme wcftheme-wcf-icon icon-wcf-plus\"><\/i><\/span>\n\t\t\t\t\t\t\t\t<span class=\"elementor-accordion-icon-opened\"><svg class=\"e-font-icon-svg e-fas-minus\" viewBox=\"0 0 448 512\" xmlns=\"http:\/\/www.w3.org\/2000\/svg\"><path d=\"M416 208H32c-17.67 0-32 14.33-32 32v32c0 17.67 14.33 32 32 32h384c17.67 0 32-14.33 32-32v-32c0-17.67-14.33-32-32-32z\"><\/path><\/svg><\/span>\n\t\t\t\t\t\t\t\t\t\t\t\t\t\t<\/span>\n\t\t\t\t\t\t\t\t\t\t\t\t<a class=\"elementor-accordion-title\" tabindex=\"0\">\n\t\t\t\t\t\t\t\t\t\t\t\t\t\tZero Emissions Agri-Food\t\t\t\t\t\t\t \n\t\t\t\t\t\t\t    <span class=\"elementor-accordion-title-icon\"><\/span>\n\t\t\t\t\t\t\t\t\t\t\t\t\t<\/a>\n\t\t\t\t\t<\/div>\n\t\t\t\t\t<div id=\"elementor-tab-content-24823\" class=\"elementor-tab-content elementor-clearfix\" data-active=\"\" data-indexkey=\"ed70119_22\">\n\t\t\t\t\t\t<div class=\"wcf--inner--accrodion--body\">\n\t\t\t\t\t\t\t\t\t\t\t\t\t\t<div class=\"wcf--content\"><p><strong>Project funded by:<\/strong><br \/>Department of Science, Innovation, and University. Science, Technology, and Innovation Plan 2018-2022.<\/p><p><strong>Program:<\/strong> Scientific Missions of the Principality of Asturias 2022. AYUD\/2022\/24227.<\/p><p><strong>Budget:<\/strong> 239,332.61\u20ac<\/p><p><strong>Execution period:<\/strong> 25\/05\/2022 \u2013 30\/09\/2023<\/p><p><img loading=\"lazy\" decoding=\"async\" class=\"aligncenter wp-image-9489 size-full\" src=\"\/wp-content\/uploads\/2022\/10\/Logos-iasturias-y-gobierno-asturias-v1.jpg\" sizes=\"(max-width: 610px) 100vw, 610px\" srcset=\"\/wp-content\/uploads\/2022\/10\/Logos-iasturias-y-gobierno-asturias-v1.jpg 610w, \/wp-content\/uploads\/2022\/10\/Logos-iasturias-y-gobierno-asturias-v1-300x67.jpg 300w\" alt=\"\" width=\"610\" height=\"137\" \/><\/p><\/div>\n\t\t\t\t\t\t<\/div>\n\t\t\t\t\t<\/div>\n\t\t\t\t<\/div>\n\t\t\t\t\t\t\t<div class=\"elementor-accordion-item\">\n\t\t\t\t\t<div id=\"elementor-tab-title-24824\" class=\"elementor-tab-title\" data-active=\"\" data-indexkey=\"ed70119_23\">\n\t\t\t\t\t\t\t\t\t\t\t\t\t<span class=\"elementor-accordion-icon elementor-accordion-icon-right\" aria-hidden=\"true\">\n\t\t\t\t\t\t\t\t\t\t\t\t\t\t\t<span class=\"elementor-accordion-icon-closed\"><i class=\"axtra-theme wcftheme-wcf-icon icon-wcf-plus\"><\/i><\/span>\n\t\t\t\t\t\t\t\t<span class=\"elementor-accordion-icon-opened\"><svg class=\"e-font-icon-svg e-fas-minus\" viewBox=\"0 0 448 512\" xmlns=\"http:\/\/www.w3.org\/2000\/svg\"><path d=\"M416 208H32c-17.67 0-32 14.33-32 32v32c0 17.67 14.33 32 32 32h384c17.67 0 32-14.33 32-32v-32c0-17.67-14.33-32-32-32z\"><\/path><\/svg><\/span>\n\t\t\t\t\t\t\t\t\t\t\t\t\t\t<\/span>\n\t\t\t\t\t\t\t\t\t\t\t\t<a class=\"elementor-accordion-title\" tabindex=\"0\">\n\t\t\t\t\t\t\t\t\t\t\t\t\t\tProject \u201cImpossible Snack\u201d industrial research on food ingredients with immune system-boosting capacity and their possible synergistic formulation\t\t\t\t\t\t\t \n\t\t\t\t\t\t\t    <span class=\"elementor-accordion-title-icon\"><\/span>\n\t\t\t\t\t\t\t\t\t\t\t\t\t<\/a>\n\t\t\t\t\t<\/div>\n\t\t\t\t\t<div id=\"elementor-tab-content-24824\" class=\"elementor-tab-content elementor-clearfix\" data-active=\"\" data-indexkey=\"ed70119_23\">\n\t\t\t\t\t\t<div class=\"wcf--inner--accrodion--body\">\n\t\t\t\t\t\t\t\t\t\t\t\t\t\t<div class=\"wcf--content\"><p><strong>Objective:<\/strong> Industrial research involving critical studies to generate the necessary knowledge for the development of healthy snacks with immunomodulatory activity, nutritionally beneficial properties, and pleasurable sensory characteristics.<\/p><p><strong>Call for proposals:<\/strong> Grants for the execution of R&amp;D projects in the Principality of Asturias for the 2020 financial year (RIS3-Enterprise program).<\/p><p><strong>Execution period:<\/strong> 16\/07\/2020 \u2013 30\/11\/2022<\/p><p><strong>Budget:<\/strong> 67,819.76 \u20ac<\/p><p><strong>Project funded by:<\/strong><\/p><p><img loading=\"lazy\" decoding=\"async\" class=\"aligncenter wp-image-9073 size-full\" src=\"\/wp-content\/uploads\/2022\/03\/Logos-UE-iasturias-y-gobierno-asturias7887.jpg\" sizes=\"(max-width: 798px) 100vw, 798px\" srcset=\"\/wp-content\/uploads\/2022\/03\/Logos-UE-iasturias-y-gobierno-asturias7887.jpg 798w, \/wp-content\/uploads\/2022\/03\/Logos-UE-iasturias-y-gobierno-asturias7887-300x52.jpg 300w, \/wp-content\/uploads\/2022\/03\/Logos-UE-iasturias-y-gobierno-asturias7887-768x132.jpg 768w\" alt=\"\" width=\"798\" height=\"137\" \/><\/p><\/div>\n\t\t\t\t\t\t<\/div>\n\t\t\t\t\t<\/div>\n\t\t\t\t<\/div>\n\t\t\t\t\t\t\t<div class=\"elementor-accordion-item\">\n\t\t\t\t\t<div id=\"elementor-tab-title-24825\" class=\"elementor-tab-title\" data-active=\"\" data-indexkey=\"ed70119_24\">\n\t\t\t\t\t\t\t\t\t\t\t\t\t<span class=\"elementor-accordion-icon elementor-accordion-icon-right\" aria-hidden=\"true\">\n\t\t\t\t\t\t\t\t\t\t\t\t\t\t\t<span class=\"elementor-accordion-icon-closed\"><i class=\"axtra-theme wcftheme-wcf-icon icon-wcf-plus\"><\/i><\/span>\n\t\t\t\t\t\t\t\t<span class=\"elementor-accordion-icon-opened\"><svg class=\"e-font-icon-svg e-fas-minus\" viewBox=\"0 0 448 512\" xmlns=\"http:\/\/www.w3.org\/2000\/svg\"><path d=\"M416 208H32c-17.67 0-32 14.33-32 32v32c0 17.67 14.33 32 32 32h384c17.67 0 32-14.33 32-32v-32c0-17.67-14.33-32-32-32z\"><\/path><\/svg><\/span>\n\t\t\t\t\t\t\t\t\t\t\t\t\t\t<\/span>\n\t\t\t\t\t\t\t\t\t\t\t\t<a class=\"elementor-accordion-title\" tabindex=\"0\">\n\t\t\t\t\t\t\t\t\t\t\t\t\t\tVegetable-based alternatives to dairy products (BAVESUPLAC)\t\t\t\t\t\t\t \n\t\t\t\t\t\t\t    <span class=\"elementor-accordion-title-icon\"><\/span>\n\t\t\t\t\t\t\t\t\t\t\t\t\t<\/a>\n\t\t\t\t\t<\/div>\n\t\t\t\t\t<div id=\"elementor-tab-content-24825\" class=\"elementor-tab-content elementor-clearfix\" data-active=\"\" data-indexkey=\"ed70119_24\">\n\t\t\t\t\t\t<div class=\"wcf--inner--accrodion--body\">\n\t\t\t\t\t\t\t\t\t\t\t\t\t\t<div class=\"wcf--content\"><p><strong>Call for proposals:<\/strong> Grants to companies for the incorporation of staff for the development of R&amp;D&amp;I activities within the framework of the Jovellanos program.<\/p><p><strong>Execution period:<\/strong> 21\/09\/2021 \u2013 13\/12\/2023<\/p><p><strong>Budget:<\/strong> 53,465.17 \u20ac<\/p><p><strong>Project funded by:<\/strong><\/p><p><img loading=\"lazy\" decoding=\"async\" class=\"aligncenter wp-image-9220 size-full\" src=\"\/wp-content\/uploads\/2022\/05\/Logos-UE-iasturias-principado-y-ficyt.jpg\" sizes=\"(max-width: 798px) 100vw, 798px\" srcset=\"\/wp-content\/uploads\/2022\/05\/Logos-UE-iasturias-principado-y-ficyt.jpg 798w, \/wp-content\/uploads\/2022\/05\/Logos-UE-iasturias-principado-y-ficyt-300x52.jpg 300w, \/wp-content\/uploads\/2022\/05\/Logos-UE-iasturias-principado-y-ficyt-768x132.jpg 768w\" alt=\"\" width=\"798\" height=\"137\" \/><\/p><\/div>\n\t\t\t\t\t\t<\/div>\n\t\t\t\t\t<\/div>\n\t\t\t\t<\/div>\n\t\t\t\t\t\t\t<div class=\"elementor-accordion-item\">\n\t\t\t\t\t<div id=\"elementor-tab-title-24826\" class=\"elementor-tab-title\" data-active=\"\" data-indexkey=\"ed70119_25\">\n\t\t\t\t\t\t\t\t\t\t\t\t\t<span class=\"elementor-accordion-icon elementor-accordion-icon-right\" aria-hidden=\"true\">\n\t\t\t\t\t\t\t\t\t\t\t\t\t\t\t<span class=\"elementor-accordion-icon-closed\"><i class=\"axtra-theme wcftheme-wcf-icon icon-wcf-plus\"><\/i><\/span>\n\t\t\t\t\t\t\t\t<span class=\"elementor-accordion-icon-opened\"><svg class=\"e-font-icon-svg e-fas-minus\" viewBox=\"0 0 448 512\" xmlns=\"http:\/\/www.w3.org\/2000\/svg\"><path d=\"M416 208H32c-17.67 0-32 14.33-32 32v32c0 17.67 14.33 32 32 32h384c17.67 0 32-14.33 32-32v-32c0-17.67-14.33-32-32-32z\"><\/path><\/svg><\/span>\n\t\t\t\t\t\t\t\t\t\t\t\t\t\t<\/span>\n\t\t\t\t\t\t\t\t\t\t\t\t<a class=\"elementor-accordion-title\" tabindex=\"0\">\n\t\t\t\t\t\t\t\t\t\t\t\t\t\tResearch on new probiotic strains against digestive tract infections and their clinical evaluation in patients with recurrent pharmacological therapies (PROHELP)\t\t\t\t\t\t\t \n\t\t\t\t\t\t\t    <span class=\"elementor-accordion-title-icon\"><\/span>\n\t\t\t\t\t\t\t\t\t\t\t\t\t<\/a>\n\t\t\t\t\t<\/div>\n\t\t\t\t\t<div id=\"elementor-tab-content-24826\" class=\"elementor-tab-content elementor-clearfix\" data-active=\"\" data-indexkey=\"ed70119_25\">\n\t\t\t\t\t\t<div class=\"wcf--inner--accrodion--body\">\n\t\t\t\t\t\t\t\t\t\t\t\t\t\t<div class=\"wcf--content\"><p><strong>Objective:<\/strong> Experimental research on a new therapeutic alternative, complemented with a probiotic, for the eradication of <em>Helicobacter pylori<\/em>, evaluating safety and efficacy through a double-blind randomized clinical trial.<\/p><p><strong>Call for proposals:<\/strong> Grants for the execution of R&amp;D projects in the Principality of Asturias.<\/p><p><strong>Execution period:<\/strong> 16\/07\/2020 \u2013 31\/11\/2022<\/p><p><strong>Budget:<\/strong> 206,141 \u20ac<\/p><p><strong>Project funded by:<\/strong><\/p><p><img loading=\"lazy\" decoding=\"async\" class=\"aligncenter wp-image-9073 size-full\" src=\"\/wp-content\/uploads\/2022\/03\/Logos-UE-iasturias-y-gobierno-asturias7887.jpg\" sizes=\"(max-width: 798px) 100vw, 798px\" srcset=\"\/wp-content\/uploads\/2022\/03\/Logos-UE-iasturias-y-gobierno-asturias7887.jpg 798w, \/wp-content\/uploads\/2022\/03\/Logos-UE-iasturias-y-gobierno-asturias7887-300x52.jpg 300w, \/wp-content\/uploads\/2022\/03\/Logos-UE-iasturias-y-gobierno-asturias7887-768x132.jpg 768w\" alt=\"\" width=\"798\" height=\"137\" \/><\/p><\/div>\n\t\t\t\t\t\t<\/div>\n\t\t\t\t\t<\/div>\n\t\t\t\t<\/div>\n\t\t\t\t\t\t\t<div class=\"elementor-accordion-item\">\n\t\t\t\t\t<div id=\"elementor-tab-title-24827\" class=\"elementor-tab-title\" data-active=\"\" data-indexkey=\"ed70119_26\">\n\t\t\t\t\t\t\t\t\t\t\t\t\t<span class=\"elementor-accordion-icon elementor-accordion-icon-right\" aria-hidden=\"true\">\n\t\t\t\t\t\t\t\t\t\t\t\t\t\t\t<span class=\"elementor-accordion-icon-closed\"><i class=\"axtra-theme wcftheme-wcf-icon icon-wcf-plus\"><\/i><\/span>\n\t\t\t\t\t\t\t\t<span class=\"elementor-accordion-icon-opened\"><svg class=\"e-font-icon-svg e-fas-minus\" viewBox=\"0 0 448 512\" xmlns=\"http:\/\/www.w3.org\/2000\/svg\"><path d=\"M416 208H32c-17.67 0-32 14.33-32 32v32c0 17.67 14.33 32 32 32h384c17.67 0 32-14.33 32-32v-32c0-17.67-14.33-32-32-32z\"><\/path><\/svg><\/span>\n\t\t\t\t\t\t\t\t\t\t\t\t\t\t<\/span>\n\t\t\t\t\t\t\t\t\t\t\t\t<a class=\"elementor-accordion-title\" tabindex=\"0\">\n\t\t\t\t\t\t\t\t\t\t\t\t\t\tSelection and characterization of new probiotic strains producing metabolites associated with longevity and their application in the development of functional foods for an active and healthy senior population (PROLONG)\t\t\t\t\t\t\t \n\t\t\t\t\t\t\t    <span class=\"elementor-accordion-title-icon\"><\/span>\n\t\t\t\t\t\t\t\t\t\t\t\t\t<\/a>\n\t\t\t\t\t<\/div>\n\t\t\t\t\t<div id=\"elementor-tab-content-24827\" class=\"elementor-tab-content elementor-clearfix\" data-active=\"\" data-indexkey=\"ed70119_26\">\n\t\t\t\t\t\t<div class=\"wcf--inner--accrodion--body\">\n\t\t\t\t\t\t\t\t\t\t\t\t\t\t<div class=\"wcf--content\"><p><strong>Objective:<\/strong> Rational search and selection of lactic acid bacteria producing bioactive compounds for their application in foods and dietary supplements specifically designed to improve the health and well-being of the senior adult population.<\/p><p><strong>Call for proposals:<\/strong> Grants for the execution of R&amp;D projects in the Principality of Asturias.<\/p><p><strong>Execution period:<\/strong> 15\/06\/2021 \u2013 31\/12\/2023<\/p><p><strong>Budget:<\/strong> 249,347 \u20ac<\/p><p><strong>Project funded by:<\/strong><\/p><p><img loading=\"lazy\" decoding=\"async\" class=\"aligncenter wp-image-9073 size-full\" src=\"\/wp-content\/uploads\/2022\/03\/Logos-UE-iasturias-y-gobierno-asturias7887.jpg\" sizes=\"(max-width: 798px) 100vw, 798px\" srcset=\"\/wp-content\/uploads\/2022\/03\/Logos-UE-iasturias-y-gobierno-asturias7887.jpg 798w, \/wp-content\/uploads\/2022\/03\/Logos-UE-iasturias-y-gobierno-asturias7887-300x52.jpg 300w, \/wp-content\/uploads\/2022\/03\/Logos-UE-iasturias-y-gobierno-asturias7887-768x132.jpg 768w\" alt=\"\" width=\"798\" height=\"137\" \/><\/p><\/div>\n\t\t\t\t\t\t<\/div>\n\t\t\t\t\t<\/div>\n\t\t\t\t<\/div>\n\t\t\t\t\t\t\t<div class=\"elementor-accordion-item\">\n\t\t\t\t\t<div id=\"elementor-tab-title-24828\" class=\"elementor-tab-title\" data-active=\"\" data-indexkey=\"ed70119_27\">\n\t\t\t\t\t\t\t\t\t\t\t\t\t<span class=\"elementor-accordion-icon elementor-accordion-icon-right\" aria-hidden=\"true\">\n\t\t\t\t\t\t\t\t\t\t\t\t\t\t\t<span class=\"elementor-accordion-icon-closed\"><i class=\"axtra-theme wcftheme-wcf-icon icon-wcf-plus\"><\/i><\/span>\n\t\t\t\t\t\t\t\t<span class=\"elementor-accordion-icon-opened\"><svg class=\"e-font-icon-svg e-fas-minus\" viewBox=\"0 0 448 512\" xmlns=\"http:\/\/www.w3.org\/2000\/svg\"><path d=\"M416 208H32c-17.67 0-32 14.33-32 32v32c0 17.67 14.33 32 32 32h384c17.67 0 32-14.33 32-32v-32c0-17.67-14.33-32-32-32z\"><\/path><\/svg><\/span>\n\t\t\t\t\t\t\t\t\t\t\t\t\t\t<\/span>\n\t\t\t\t\t\t\t\t\t\t\t\t<a class=\"elementor-accordion-title\" tabindex=\"0\">\n\t\t\t\t\t\t\t\t\t\t\t\t\t\tMetagenomic study of the senior population in Asturias, for the identification of bacterial species in the intestinal microbiota, associated with greater longevity and healthy aging (METASENIOR)\t\t\t\t\t\t\t \n\t\t\t\t\t\t\t    <span class=\"elementor-accordion-title-icon\"><\/span>\n\t\t\t\t\t\t\t\t\t\t\t\t\t<\/a>\n\t\t\t\t\t<\/div>\n\t\t\t\t\t<div id=\"elementor-tab-content-24828\" class=\"elementor-tab-content elementor-clearfix\" data-active=\"\" data-indexkey=\"ed70119_27\">\n\t\t\t\t\t\t<div class=\"wcf--inner--accrodion--body\">\n\t\t\t\t\t\t\t\t\t\t\t\t\t\t<div class=\"wcf--content\"><p><strong>Objective:<\/strong> Search and identification of probiotics in a robust senior population, linked to a specific health target related to age-associated pathologies.<\/p><p><strong>Call for proposals:<\/strong> Grants for the execution of R&amp;D projects in the Principality of Asturias.<\/p><p><strong>Execution period:<\/strong> 15\/06\/2021 \u2013 31\/12\/2023<\/p><p><strong>Budget:<\/strong> 249,414 \u20ac<\/p><p><strong>Project funded by:<\/strong><\/p><p><img loading=\"lazy\" decoding=\"async\" class=\"aligncenter wp-image-9073 size-full\" src=\"\/wp-content\/uploads\/2022\/03\/Logos-UE-iasturias-y-gobierno-asturias7887.jpg\" sizes=\"(max-width: 798px) 100vw, 798px\" srcset=\"\/wp-content\/uploads\/2022\/03\/Logos-UE-iasturias-y-gobierno-asturias7887.jpg 798w, \/wp-content\/uploads\/2022\/03\/Logos-UE-iasturias-y-gobierno-asturias7887-300x52.jpg 300w, \/wp-content\/uploads\/2022\/03\/Logos-UE-iasturias-y-gobierno-asturias7887-768x132.jpg 768w\" alt=\"\" width=\"798\" height=\"137\" \/><\/p><\/div>\n\t\t\t\t\t\t<\/div>\n\t\t\t\t\t<\/div>\n\t\t\t\t<\/div>\n\t\t\t\t\t\t\t<div class=\"elementor-accordion-item\">\n\t\t\t\t\t<div id=\"elementor-tab-title-24829\" class=\"elementor-tab-title\" data-active=\"\" data-indexkey=\"ed70119_28\">\n\t\t\t\t\t\t\t\t\t\t\t\t\t<span class=\"elementor-accordion-icon elementor-accordion-icon-right\" aria-hidden=\"true\">\n\t\t\t\t\t\t\t\t\t\t\t\t\t\t\t<span class=\"elementor-accordion-icon-closed\"><i class=\"axtra-theme wcftheme-wcf-icon icon-wcf-plus\"><\/i><\/span>\n\t\t\t\t\t\t\t\t<span class=\"elementor-accordion-icon-opened\"><svg class=\"e-font-icon-svg e-fas-minus\" viewBox=\"0 0 448 512\" xmlns=\"http:\/\/www.w3.org\/2000\/svg\"><path d=\"M416 208H32c-17.67 0-32 14.33-32 32v32c0 17.67 14.33 32 32 32h384c17.67 0 32-14.33 32-32v-32c0-17.67-14.33-32-32-32z\"><\/path><\/svg><\/span>\n\t\t\t\t\t\t\t\t\t\t\t\t\t\t<\/span>\n\t\t\t\t\t\t\t\t\t\t\t\t<a class=\"elementor-accordion-title\" tabindex=\"0\">\n\t\t\t\t\t\t\t\t\t\t\t\t\t\tZero Emissions Agri-food\t\t\t\t\t\t\t \n\t\t\t\t\t\t\t    <span class=\"elementor-accordion-title-icon\"><\/span>\n\t\t\t\t\t\t\t\t\t\t\t\t\t<\/a>\n\t\t\t\t\t<\/div>\n\t\t\t\t\t<div id=\"elementor-tab-content-24829\" class=\"elementor-tab-content elementor-clearfix\" data-active=\"\" data-indexkey=\"ed70119_28\">\n\t\t\t\t\t\t<div class=\"wcf--inner--accrodion--body\">\n\t\t\t\t\t\t\t\t\t\t\t\t\t\t<div class=\"wcf--content\"><p><strong>Project financed by:<\/strong><br \/>Council of Science, Innovation, and University. Science, Technology, and Innovation Plan 2018-2022.<\/p><p><strong>Program:<\/strong> Scientific Missions of the Principality of Asturias 2021. AYUD\/2021\/9866.<\/p><p><strong>Budget:<\/strong> 150,000 \u20ac<\/p><p><strong>Execution period:<\/strong> 01\/01\/2021 \u2013 30\/11\/2021<\/p><p><img loading=\"lazy\" decoding=\"async\" class=\"aligncenter wp-image-8609 size-full\" src=\"\/wp-content\/uploads\/2021\/11\/logos-iasturias-y-gobierno-asturias.jpg\" sizes=\"(max-width: 610px) 100vw, 610px\" srcset=\"\/wp-content\/uploads\/2021\/11\/logos-iasturias-y-gobierno-asturias.jpg 610w, \/wp-content\/uploads\/2021\/11\/logos-iasturias-y-gobierno-asturias-300x67.jpg 300w\" alt=\"\" width=\"610\" height=\"137\" \/><\/p><\/div>\n\t\t\t\t\t\t<\/div>\n\t\t\t\t\t<\/div>\n\t\t\t\t<\/div>\n\t\t\t\t\t\t\t<div class=\"elementor-accordion-item\">\n\t\t\t\t\t<div id=\"elementor-tab-title-24830\" class=\"elementor-tab-title\" data-active=\"\" data-indexkey=\"ed70119_29\">\n\t\t\t\t\t\t\t\t\t\t\t\t\t<span class=\"elementor-accordion-icon elementor-accordion-icon-right\" aria-hidden=\"true\">\n\t\t\t\t\t\t\t\t\t\t\t\t\t\t\t<span class=\"elementor-accordion-icon-closed\"><i class=\"axtra-theme wcftheme-wcf-icon icon-wcf-plus\"><\/i><\/span>\n\t\t\t\t\t\t\t\t<span class=\"elementor-accordion-icon-opened\"><svg class=\"e-font-icon-svg e-fas-minus\" viewBox=\"0 0 448 512\" xmlns=\"http:\/\/www.w3.org\/2000\/svg\"><path d=\"M416 208H32c-17.67 0-32 14.33-32 32v32c0 17.67 14.33 32 32 32h384c17.67 0 32-14.33 32-32v-32c0-17.67-14.33-32-32-32z\"><\/path><\/svg><\/span>\n\t\t\t\t\t\t\t\t\t\t\t\t\t\t<\/span>\n\t\t\t\t\t\t\t\t\t\t\t\t<a class=\"elementor-accordion-title\" tabindex=\"0\">\n\t\t\t\t\t\t\t\t\t\t\t\t\t\tResearch on new food matrices and supplements with probiotics to improve digestive health and longevity: feasibility and ingredient compatibility studies (PRODILON)\t\t\t\t\t\t\t \n\t\t\t\t\t\t\t    <span class=\"elementor-accordion-title-icon\"><\/span>\n\t\t\t\t\t\t\t\t\t\t\t\t\t<\/a>\n\t\t\t\t\t<\/div>\n\t\t\t\t\t<div id=\"elementor-tab-content-24830\" class=\"elementor-tab-content elementor-clearfix\" data-active=\"\" data-indexkey=\"ed70119_29\">\n\t\t\t\t\t\t<div class=\"wcf--inner--accrodion--body\">\n\t\t\t\t\t\t\t\t\t\t\t\t\t\t<div class=\"wcf--content\"><p><strong>Program:<\/strong> Grants for companies to hire personnel for the development of R&amp;D&amp;I activities within the Jovellanos program.<\/p><p><strong>Execution period:<\/strong> 15\/12\/2021 \u2013 14\/12\/2023<\/p><p><strong>Budget:<\/strong> 31,105.69 \u20ac<\/p><p><strong>Project funded by:<\/strong><\/p><p><img loading=\"lazy\" decoding=\"async\" class=\"aligncenter wp-image-9220 size-full\" src=\"\/wp-content\/uploads\/2022\/05\/Logos-UE-iasturias-principado-y-ficyt.jpg\" sizes=\"(max-width: 798px) 100vw, 798px\" srcset=\"\/wp-content\/uploads\/2022\/05\/Logos-UE-iasturias-principado-y-ficyt.jpg 798w, \/wp-content\/uploads\/2022\/05\/Logos-UE-iasturias-principado-y-ficyt-300x52.jpg 300w, \/wp-content\/uploads\/2022\/05\/Logos-UE-iasturias-principado-y-ficyt-768x132.jpg 768w\" alt=\"\" width=\"798\" height=\"137\" \/><\/p><\/div>\n\t\t\t\t\t\t<\/div>\n\t\t\t\t\t<\/div>\n\t\t\t\t<\/div>\n\t\t\t\t\t\t\t<div class=\"elementor-accordion-item\">\n\t\t\t\t\t<div id=\"elementor-tab-title-24831\" class=\"elementor-tab-title\" data-active=\"\" data-indexkey=\"ed70119_30\">\n\t\t\t\t\t\t\t\t\t\t\t\t\t<span class=\"elementor-accordion-icon elementor-accordion-icon-right\" aria-hidden=\"true\">\n\t\t\t\t\t\t\t\t\t\t\t\t\t\t\t<span class=\"elementor-accordion-icon-closed\"><i class=\"axtra-theme wcftheme-wcf-icon icon-wcf-plus\"><\/i><\/span>\n\t\t\t\t\t\t\t\t<span class=\"elementor-accordion-icon-opened\"><svg class=\"e-font-icon-svg e-fas-minus\" viewBox=\"0 0 448 512\" xmlns=\"http:\/\/www.w3.org\/2000\/svg\"><path d=\"M416 208H32c-17.67 0-32 14.33-32 32v32c0 17.67 14.33 32 32 32h384c17.67 0 32-14.33 32-32v-32c0-17.67-14.33-32-32-32z\"><\/path><\/svg><\/span>\n\t\t\t\t\t\t\t\t\t\t\t\t\t\t<\/span>\n\t\t\t\t\t\t\t\t\t\t\t\t<a class=\"elementor-accordion-title\" tabindex=\"0\">\n\t\t\t\t\t\t\t\t\t\t\t\t\t\tInvestment project for increasing production capacity, verticalization of the process, sustainability, and digitalization at the Granda plant\t\t\t\t\t\t\t \n\t\t\t\t\t\t\t    <span class=\"elementor-accordion-title-icon\"><\/span>\n\t\t\t\t\t\t\t\t\t\t\t\t\t<\/a>\n\t\t\t\t\t<\/div>\n\t\t\t\t\t<div id=\"elementor-tab-content-24831\" class=\"elementor-tab-content elementor-clearfix\" data-active=\"\" data-indexkey=\"ed70119_30\">\n\t\t\t\t\t\t<div class=\"wcf--inner--accrodion--body\">\n\t\t\t\t\t\t\t\t\t\t\t\t\t\t<div class=\"wcf--content\"><p>Corporaci\u00f3n Alimentaria Pe\u00f1asanta S.A.<\/p><p>Sierra de Granda S\/N Granda \u2013 Siero \u2013 Asturias<\/p><ul><li><strong>INVESTMENT<\/strong>: 8.656.852,43\u20ac<\/li><li><strong>GRANT<\/strong>: 4.778.273,37\u20ac<\/li><li><strong>EU CO-FINANCING<\/strong>: 53%<\/li><\/ul><p><strong>Project description:<\/strong><\/p><p>Investments to increase production and storage capacity at the Granda plant, as well as the implementation of new improvements at various points in the production chain, which will lead to increased efficiency and productivity.<\/p><p><strong>Objectives:<\/strong><\/p><ul><li>Increase the company's competitiveness.<\/li><li>Reduce costs.<\/li><li>Increase added value.<\/li><li>Reduce environmental impact.<\/li><li>Improve traceability and production safety.<\/li><li>Improve product quality.<\/li><li>Implement new products, processes, or technologies.<\/li><\/ul><p><strong>Results:<\/strong><\/p><p>As expected.<\/p><p>Consult all information related to FEADER funds on the official European Commission website: <a href=\"https:\/\/ec.europa.eu\/info\/eu-regional-and-urban-development\/topics\/rural-development_es\" target=\"_blank\" rel=\"noopener\">https:\/\/ec.europa.eu\/info\/eu-regional-and-urban-development\/topics\/rural-development_es<\/a>.<\/p><p style=\"text-align: left;\"><strong>Co-financed project by:<\/strong><br \/><img fetchpriority=\"high\" decoding=\"async\" class=\"alignnone wp-image-7996 size-full\" src=\"\/wp-content\/uploads\/2020\/12\/logosProgramaNacionalDesarrolloRural.jpg\" sizes=\"(max-width: 800px) 100vw, 800px\" srcset=\"\/wp-content\/uploads\/2020\/12\/logosProgramaNacionalDesarrolloRural.jpg 800w, \/wp-content\/uploads\/2020\/12\/logosProgramaNacionalDesarrolloRural-300x51.jpg 300w, \/wp-content\/uploads\/2020\/12\/logosProgramaNacionalDesarrolloRural-768x132.jpg 768w\" alt=\"\" width=\"800\" height=\"137\" \/><\/p><\/div>\n\t\t\t\t\t\t<\/div>\n\t\t\t\t\t<\/div>\n\t\t\t\t<\/div>\n\t\t\t\t\t\t\t<div class=\"elementor-accordion-item\">\n\t\t\t\t\t<div id=\"elementor-tab-title-24832\" class=\"elementor-tab-title\" data-active=\"\" data-indexkey=\"ed70119_31\">\n\t\t\t\t\t\t\t\t\t\t\t\t\t<span class=\"elementor-accordion-icon elementor-accordion-icon-right\" aria-hidden=\"true\">\n\t\t\t\t\t\t\t\t\t\t\t\t\t\t\t<span class=\"elementor-accordion-icon-closed\"><i class=\"axtra-theme wcftheme-wcf-icon icon-wcf-plus\"><\/i><\/span>\n\t\t\t\t\t\t\t\t<span class=\"elementor-accordion-icon-opened\"><svg class=\"e-font-icon-svg e-fas-minus\" viewBox=\"0 0 448 512\" xmlns=\"http:\/\/www.w3.org\/2000\/svg\"><path d=\"M416 208H32c-17.67 0-32 14.33-32 32v32c0 17.67 14.33 32 32 32h384c17.67 0 32-14.33 32-32v-32c0-17.67-14.33-32-32-32z\"><\/path><\/svg><\/span>\n\t\t\t\t\t\t\t\t\t\t\t\t\t\t<\/span>\n\t\t\t\t\t\t\t\t\t\t\t\t<a class=\"elementor-accordion-title\" tabindex=\"0\">\n\t\t\t\t\t\t\t\t\t\t\t\t\t\tInvestment project for the modernization, automation, and digitalization of the production process at the Lugo plant\t\t\t\t\t\t\t \n\t\t\t\t\t\t\t    <span class=\"elementor-accordion-title-icon\"><\/span>\n\t\t\t\t\t\t\t\t\t\t\t\t\t<\/a>\n\t\t\t\t\t<\/div>\n\t\t\t\t\t<div id=\"elementor-tab-content-24832\" class=\"elementor-tab-content elementor-clearfix\" data-active=\"\" data-indexkey=\"ed70119_31\">\n\t\t\t\t\t\t<div class=\"wcf--inner--accrodion--body\">\n\t\t\t\t\t\t\t\t\t\t\t\t\t\t<div class=\"wcf--content\"><p>Corporaci\u00f3n Alimentaria Pe\u00f1asanta S.A.<\/p><p>Sierra de Granda S\/N Granda \u2013 Siero \u2013 Asturias<\/p><ul><li><strong>INVESTMENT<\/strong>: 3.719.789,31\u20ac<\/li><li><strong>GRANT<\/strong>: 1.992.771,69\u20ac<\/li><li><strong>EU CO-FINANCING<\/strong>: 53%<\/li><\/ul><p><strong>Project description:<\/strong><\/p><p>Investments for the modernization, automation, and technological digitalization at the Lugo plant, focusing the investment on achieving increased efficiency and productivity in various sections of the plant.<\/p><p><strong>Objectives:<\/strong><\/p><ul><li>Increase the company's competitiveness.<\/li><li>Reduce costs.<\/li><li>Increase added value.<\/li><li>Reduce environmental impact.<\/li><li>Improve traceability and production safety.<\/li><li>Diversify productions and\/or markets.<\/li><li>Improve product quality.<\/li><li>Implement new products, processes, or technologies.<\/li><li>Improve the commercialization of productions.<\/li><\/ul><p><strong>Results:<\/strong><\/p><p>As expected.<\/p><p>Consult all information related to FEADER funds on the official European Commission website: <a href=\"https:\/\/ec.europa.eu\/info\/eu-regional-and-urban-development\/topics\/rural-development_es\" target=\"_blank\" rel=\"noopener\">https:\/\/ec.europa.eu\/info\/eu-regional-and-urban-development\/topics\/rural-development_es<\/a>.<\/p><p style=\"text-align: left;\"><strong>Co-financed project by:<\/strong><br \/><img fetchpriority=\"high\" decoding=\"async\" class=\"alignnone wp-image-7996 size-full\" src=\"\/wp-content\/uploads\/2020\/12\/logosProgramaNacionalDesarrolloRural.jpg\" sizes=\"(max-width: 800px) 100vw, 800px\" srcset=\"\/wp-content\/uploads\/2020\/12\/logosProgramaNacionalDesarrolloRural.jpg 800w, \/wp-content\/uploads\/2020\/12\/logosProgramaNacionalDesarrolloRural-300x51.jpg 300w, \/wp-content\/uploads\/2020\/12\/logosProgramaNacionalDesarrolloRural-768x132.jpg 768w\" alt=\"\" width=\"800\" height=\"137\" \/><\/p><\/div>\n\t\t\t\t\t\t<\/div>\n\t\t\t\t\t<\/div>\n\t\t\t\t<\/div>\n\t\t\t\t\t\t\t<div class=\"elementor-accordion-item\">\n\t\t\t\t\t<div id=\"elementor-tab-title-24833\" class=\"elementor-tab-title\" data-active=\"\" data-indexkey=\"ed70119_32\">\n\t\t\t\t\t\t\t\t\t\t\t\t\t<span class=\"elementor-accordion-icon elementor-accordion-icon-right\" aria-hidden=\"true\">\n\t\t\t\t\t\t\t\t\t\t\t\t\t\t\t<span class=\"elementor-accordion-icon-closed\"><i class=\"axtra-theme wcftheme-wcf-icon icon-wcf-plus\"><\/i><\/span>\n\t\t\t\t\t\t\t\t<span class=\"elementor-accordion-icon-opened\"><svg class=\"e-font-icon-svg e-fas-minus\" viewBox=\"0 0 448 512\" xmlns=\"http:\/\/www.w3.org\/2000\/svg\"><path d=\"M416 208H32c-17.67 0-32 14.33-32 32v32c0 17.67 14.33 32 32 32h384c17.67 0 32-14.33 32-32v-32c0-17.67-14.33-32-32-32z\"><\/path><\/svg><\/span>\n\t\t\t\t\t\t\t\t\t\t\t\t\t\t<\/span>\n\t\t\t\t\t\t\t\t\t\t\t\t<a class=\"elementor-accordion-title\" tabindex=\"0\">\n\t\t\t\t\t\t\t\t\t\t\t\t\t\tInvestment project for the modernization, automation, and digitalization of the production process at Villagarc\u00eda\t\t\t\t\t\t\t \n\t\t\t\t\t\t\t    <span class=\"elementor-accordion-title-icon\"><\/span>\n\t\t\t\t\t\t\t\t\t\t\t\t\t<\/a>\n\t\t\t\t\t<\/div>\n\t\t\t\t\t<div id=\"elementor-tab-content-24833\" class=\"elementor-tab-content elementor-clearfix\" data-active=\"\" data-indexkey=\"ed70119_32\">\n\t\t\t\t\t\t<div class=\"wcf--inner--accrodion--body\">\n\t\t\t\t\t\t\t\t\t\t\t\t\t\t<div class=\"wcf--content\"><p>Corporaci\u00f3n Alimentaria Pe\u00f1asanta S.A.<\/p><p>Sierra de Granda S\/N Granda \u2013 Siero \u2013 Asturias<\/p><ul><li><strong>INVESTMENT<\/strong>: 2.266.009,33\u20ac<\/li><li><strong>GRANT<\/strong>: 1.232.530,08\u20ac<\/li><li><strong>EU CO-FINANCING<\/strong>: 53%<\/li><\/ul><p><strong>Project description:<\/strong><\/p><p>Investments for the modernization, automation, and technological digitalization at the Villagarc\u00eda plant, focusing this investment on achieving an increase in efficiency and productivity across several sections of the plant.<\/p><p><strong>Objectives:<\/strong><\/p><ul><li>Increase the competitiveness of the company.<\/li><li>Reduce costs.<\/li><li>Increase the added value.<\/li><li>Reduce environmental impact.<\/li><li>Improve the traceability and safety of the productions.<\/li><li>Diversify productions and\/or markets.<\/li><li>Improve the quality of the productions.<\/li><li>Implement new products, processes, or technologies.<\/li><li>Improve the commercialization of the productions.<\/li><\/ul><p><strong>Results:<\/strong><\/p><p>As expected.<\/p><p>Consult all information related to FEADER funds on the official European Commission website: <a href=\"https:\/\/ec.europa.eu\/info\/eu-regional-and-urban-development\/topics\/rural-development_es\" target=\"_blank\" rel=\"noopener\">https:\/\/ec.europa.eu\/info\/eu-regional-and-urban-development\/topics\/rural-development_es<\/a>.<\/p><p style=\"text-align: left;\"><strong>Co-financed project by:<\/strong><br \/><img fetchpriority=\"high\" decoding=\"async\" class=\"alignnone wp-image-7996 size-full\" src=\"\/wp-content\/uploads\/2020\/12\/logosProgramaNacionalDesarrolloRural.jpg\" sizes=\"(max-width: 800px) 100vw, 800px\" srcset=\"\/wp-content\/uploads\/2020\/12\/logosProgramaNacionalDesarrolloRural.jpg 800w, \/wp-content\/uploads\/2020\/12\/logosProgramaNacionalDesarrolloRural-300x51.jpg 300w, \/wp-content\/uploads\/2020\/12\/logosProgramaNacionalDesarrolloRural-768x132.jpg 768w\" alt=\"\" width=\"800\" height=\"137\" \/><\/p><\/div>\n\t\t\t\t\t\t<\/div>\n\t\t\t\t\t<\/div>\n\t\t\t\t<\/div>\n\t\t\t\t\t\t\t<div class=\"elementor-accordion-item\">\n\t\t\t\t\t<div id=\"elementor-tab-title-24834\" class=\"elementor-tab-title\" data-active=\"\" data-indexkey=\"ed70119_33\">\n\t\t\t\t\t\t\t\t\t\t\t\t\t<span class=\"elementor-accordion-icon elementor-accordion-icon-right\" aria-hidden=\"true\">\n\t\t\t\t\t\t\t\t\t\t\t\t\t\t\t<span class=\"elementor-accordion-icon-closed\"><i class=\"axtra-theme wcftheme-wcf-icon icon-wcf-plus\"><\/i><\/span>\n\t\t\t\t\t\t\t\t<span class=\"elementor-accordion-icon-opened\"><svg class=\"e-font-icon-svg e-fas-minus\" viewBox=\"0 0 448 512\" xmlns=\"http:\/\/www.w3.org\/2000\/svg\"><path d=\"M416 208H32c-17.67 0-32 14.33-32 32v32c0 17.67 14.33 32 32 32h384c17.67 0 32-14.33 32-32v-32c0-17.67-14.33-32-32-32z\"><\/path><\/svg><\/span>\n\t\t\t\t\t\t\t\t\t\t\t\t\t\t<\/span>\n\t\t\t\t\t\t\t\t\t\t\t\t<a class=\"elementor-accordion-title\" tabindex=\"0\">\n\t\t\t\t\t\t\t\t\t\t\t\t\t\tInvestment project for improvements in the value-added products process, sustainability, and digitalization at Zarzalejo\t\t\t\t\t\t\t \n\t\t\t\t\t\t\t    <span class=\"elementor-accordion-title-icon\"><\/span>\n\t\t\t\t\t\t\t\t\t\t\t\t\t<\/a>\n\t\t\t\t\t<\/div>\n\t\t\t\t\t<div id=\"elementor-tab-content-24834\" class=\"elementor-tab-content elementor-clearfix\" data-active=\"\" data-indexkey=\"ed70119_33\">\n\t\t\t\t\t\t<div class=\"wcf--inner--accrodion--body\">\n\t\t\t\t\t\t\t\t\t\t\t\t\t\t<div class=\"wcf--content\"><p>Corporaci\u00f3n Alimentaria Pe\u00f1asanta S.A.<\/p><p>Sierra de Granda S\/N Granda \u2013 Siero \u2013 Asturias<\/p><ul><li><strong>INVESTMENT<\/strong>: 678.355,93\u20ac<\/li><li><strong>GRANT<\/strong>: 377.029,35\u20ac<\/li><li><strong>EU CO-FINANCING<\/strong>: 53%<\/li><\/ul><p><strong>Project description:<\/strong><\/p><p>Investments for the modernization, automation, and technological digitalization at the Zarzalejo plant, focusing this investment on achieving an increase in efficiency and productivity across several sections of the plant.<\/p><p><strong>Objectives:<\/strong><\/p><ul><li>Increase the competitiveness of the company.<\/li><li>Reduce costs.<\/li><li>Increase the added value.<\/li><li>Reduce environmental impact.<\/li><li>Improve the traceability and safety of the productions.<\/li><li>Improve the quality of the productions.<\/li><li>Implement new products, processes, or technologies.<\/li><li>Improve the commercialization of the productions.<\/li><\/ul><p><strong>Results:<\/strong><\/p><p>As expected.<\/p><p>Consult all information related to FEADER funds on the official European Commission website: <a href=\"https:\/\/ec.europa.eu\/info\/eu-regional-and-urban-development\/topics\/rural-development_es\" target=\"_blank\" rel=\"noopener\">https:\/\/ec.europa.eu\/info\/eu-regional-and-urban-development\/topics\/rural-development_es<\/a>.<\/p><p style=\"text-align: left;\"><strong>Co-financed project by:<\/strong><br \/><img fetchpriority=\"high\" decoding=\"async\" class=\"alignnone wp-image-7996 size-full\" src=\"\/wp-content\/uploads\/2020\/12\/logosProgramaNacionalDesarrolloRural.jpg\" sizes=\"(max-width: 800px) 100vw, 800px\" srcset=\"\/wp-content\/uploads\/2020\/12\/logosProgramaNacionalDesarrolloRural.jpg 800w, \/wp-content\/uploads\/2020\/12\/logosProgramaNacionalDesarrolloRural-300x51.jpg 300w, \/wp-content\/uploads\/2020\/12\/logosProgramaNacionalDesarrolloRural-768x132.jpg 768w\" alt=\"\" width=\"800\" height=\"137\" \/><\/p><\/div>\n\t\t\t\t\t\t<\/div>\n\t\t\t\t\t<\/div>\n\t\t\t\t<\/div>\n\t\t\t\t\t\t\t<div class=\"elementor-accordion-item\">\n\t\t\t\t\t<div id=\"elementor-tab-title-24835\" class=\"elementor-tab-title\" data-active=\"\" data-indexkey=\"ed70119_34\">\n\t\t\t\t\t\t\t\t\t\t\t\t\t<span class=\"elementor-accordion-icon elementor-accordion-icon-right\" aria-hidden=\"true\">\n\t\t\t\t\t\t\t\t\t\t\t\t\t\t\t<span class=\"elementor-accordion-icon-closed\"><i class=\"axtra-theme wcftheme-wcf-icon icon-wcf-plus\"><\/i><\/span>\n\t\t\t\t\t\t\t\t<span class=\"elementor-accordion-icon-opened\"><svg class=\"e-font-icon-svg e-fas-minus\" viewBox=\"0 0 448 512\" xmlns=\"http:\/\/www.w3.org\/2000\/svg\"><path d=\"M416 208H32c-17.67 0-32 14.33-32 32v32c0 17.67 14.33 32 32 32h384c17.67 0 32-14.33 32-32v-32c0-17.67-14.33-32-32-32z\"><\/path><\/svg><\/span>\n\t\t\t\t\t\t\t\t\t\t\t\t\t\t<\/span>\n\t\t\t\t\t\t\t\t\t\t\t\t<a class=\"elementor-accordion-title\" tabindex=\"0\">\n\t\t\t\t\t\t\t\t\t\t\t\t\t\tProject for improvement of safety and compliance with international quality standards\t\t\t\t\t\t\t \n\t\t\t\t\t\t\t    <span class=\"elementor-accordion-title-icon\"><\/span>\n\t\t\t\t\t\t\t\t\t\t\t\t\t<\/a>\n\t\t\t\t\t<\/div>\n\t\t\t\t\t<div id=\"elementor-tab-content-24835\" class=\"elementor-tab-content elementor-clearfix\" data-active=\"\" data-indexkey=\"ed70119_34\">\n\t\t\t\t\t\t<div class=\"wcf--inner--accrodion--body\">\n\t\t\t\t\t\t\t\t\t\t\t\t\t\t<div class=\"wcf--content\"><p>Corporaci\u00f3n Alimentaria Pe\u00f1asanta S.A.<\/p><p>Sierra de Granda S\/N Granda \u2013 Siero \u2013 Asturias<\/p><ul><li><strong>INVESTMENT<\/strong>: 4.635.324,60\u20ac<\/li><li><strong>GRANT<\/strong>: 1.158.831,15\u20ac<\/li><\/ul><p style=\"text-align: left;\"><strong>Co-financed project by:<\/strong><br \/><img loading=\"lazy\" decoding=\"async\" class=\"alignleft wp-image-2740 size-full\" src=\"\/wp-content\/uploads\/2020\/01\/logosFEDER.png\" sizes=\"(max-width: 800px) 100vw, 800px\" srcset=\"\/wp-content\/uploads\/2020\/01\/logosFEDER.png 800w, \/wp-content\/uploads\/2020\/01\/logosFEDER-300x51.png 300w, \/wp-content\/uploads\/2020\/01\/logosFEDER-768x132.png 768w\" alt=\"\" width=\"800\" height=\"137\" \/><\/p><\/div>\n\t\t\t\t\t\t<\/div>\n\t\t\t\t\t<\/div>\n\t\t\t\t<\/div>\n\t\t\t\t\t\t\t<div class=\"elementor-accordion-item\">\n\t\t\t\t\t<div id=\"elementor-tab-title-24836\" class=\"elementor-tab-title\" data-active=\"\" data-indexkey=\"ed70119_35\">\n\t\t\t\t\t\t\t\t\t\t\t\t\t<span class=\"elementor-accordion-icon elementor-accordion-icon-right\" aria-hidden=\"true\">\n\t\t\t\t\t\t\t\t\t\t\t\t\t\t\t<span class=\"elementor-accordion-icon-closed\"><i class=\"axtra-theme wcftheme-wcf-icon icon-wcf-plus\"><\/i><\/span>\n\t\t\t\t\t\t\t\t<span class=\"elementor-accordion-icon-opened\"><svg class=\"e-font-icon-svg e-fas-minus\" viewBox=\"0 0 448 512\" xmlns=\"http:\/\/www.w3.org\/2000\/svg\"><path d=\"M416 208H32c-17.67 0-32 14.33-32 32v32c0 17.67 14.33 32 32 32h384c17.67 0 32-14.33 32-32v-32c0-17.67-14.33-32-32-32z\"><\/path><\/svg><\/span>\n\t\t\t\t\t\t\t\t\t\t\t\t\t\t<\/span>\n\t\t\t\t\t\t\t\t\t\t\t\t<a class=\"elementor-accordion-title\" tabindex=\"0\">\n\t\t\t\t\t\t\t\t\t\t\t\t\t\tProject for conditioning, modernization, and technological innovation in the dairy industry\t\t\t\t\t\t\t \n\t\t\t\t\t\t\t    <span class=\"elementor-accordion-title-icon\"><\/span>\n\t\t\t\t\t\t\t\t\t\t\t\t\t<\/a>\n\t\t\t\t\t<\/div>\n\t\t\t\t\t<div id=\"elementor-tab-content-24836\" class=\"elementor-tab-content elementor-clearfix\" data-active=\"\" data-indexkey=\"ed70119_35\">\n\t\t\t\t\t\t<div class=\"wcf--inner--accrodion--body\">\n\t\t\t\t\t\t\t\t\t\t\t\t\t\t<div class=\"wcf--content\"><p>Corporaci\u00f3n Alimentaria Pe\u00f1asanta S.A.<\/p><p>Sierra de Granda S\/N Granda \u2013 Siero \u2013 Asturias<\/p><ul><li><strong>INVESTMENT<\/strong>: 2.586.813,05\u20ac<\/li><li><strong>GRANT<\/strong>: 646.703,26\u20ac<\/li><\/ul><p style=\"text-align: left;\"><strong>Co-financed project by:<\/strong><br \/><img loading=\"lazy\" decoding=\"async\" class=\"alignleft wp-image-2740 size-full\" src=\"\/wp-content\/uploads\/2020\/01\/logosFEDER.png\" sizes=\"(max-width: 800px) 100vw, 800px\" srcset=\"\/wp-content\/uploads\/2020\/01\/logosFEDER.png 800w, \/wp-content\/uploads\/2020\/01\/logosFEDER-300x51.png 300w, \/wp-content\/uploads\/2020\/01\/logosFEDER-768x132.png 768w\" alt=\"\" width=\"800\" height=\"137\" \/><\/p><\/div>\n\t\t\t\t\t\t<\/div>\n\t\t\t\t\t<\/div>\n\t\t\t\t<\/div>\n\t\t\t\t\t\t\t<div class=\"elementor-accordion-item\">\n\t\t\t\t\t<div id=\"elementor-tab-title-24837\" class=\"elementor-tab-title\" data-active=\"\" data-indexkey=\"ed70119_36\">\n\t\t\t\t\t\t\t\t\t\t\t\t\t<span class=\"elementor-accordion-icon elementor-accordion-icon-right\" aria-hidden=\"true\">\n\t\t\t\t\t\t\t\t\t\t\t\t\t\t\t<span class=\"elementor-accordion-icon-closed\"><i class=\"axtra-theme wcftheme-wcf-icon icon-wcf-plus\"><\/i><\/span>\n\t\t\t\t\t\t\t\t<span class=\"elementor-accordion-icon-opened\"><svg class=\"e-font-icon-svg e-fas-minus\" viewBox=\"0 0 448 512\" xmlns=\"http:\/\/www.w3.org\/2000\/svg\"><path d=\"M416 208H32c-17.67 0-32 14.33-32 32v32c0 17.67 14.33 32 32 32h384c17.67 0 32-14.33 32-32v-32c0-17.67-14.33-32-32-32z\"><\/path><\/svg><\/span>\n\t\t\t\t\t\t\t\t\t\t\t\t\t\t<\/span>\n\t\t\t\t\t\t\t\t\t\t\t\t<a class=\"elementor-accordion-title\" tabindex=\"0\">\n\t\t\t\t\t\t\t\t\t\t\t\t\t\tProject for technological conditioning for differentiation in the national and international market and improvement of the quality of milk\t\t\t\t\t\t\t \n\t\t\t\t\t\t\t    <span class=\"elementor-accordion-title-icon\"><\/span>\n\t\t\t\t\t\t\t\t\t\t\t\t\t<\/a>\n\t\t\t\t\t<\/div>\n\t\t\t\t\t<div id=\"elementor-tab-content-24837\" class=\"elementor-tab-content elementor-clearfix\" data-active=\"\" data-indexkey=\"ed70119_36\">\n\t\t\t\t\t\t<div class=\"wcf--inner--accrodion--body\">\n\t\t\t\t\t\t\t\t\t\t\t\t\t\t<div class=\"wcf--content\"><p>Corporaci\u00f3n Alimentaria Pe\u00f1asanta S.A.<\/p><p>Sierra de Granda S\/N Granda \u2013 Siero \u2013 Asturias<\/p><ul><li><strong>INVESTMENT<\/strong>: 4.495.973,80\u20ac<\/li><li><strong>GRANT<\/strong>: 601.111,70\u20ac<\/li><\/ul><p style=\"text-align: left;\"><strong>Co-financed project by:<\/strong><br \/><img loading=\"lazy\" decoding=\"async\" class=\"alignleft wp-image-2740 size-full\" src=\"\/wp-content\/uploads\/2020\/01\/logosFEDER.png\" sizes=\"(max-width: 800px) 100vw, 800px\" srcset=\"\/wp-content\/uploads\/2020\/01\/logosFEDER.png 800w, \/wp-content\/uploads\/2020\/01\/logosFEDER-300x51.png 300w, \/wp-content\/uploads\/2020\/01\/logosFEDER-768x132.png 768w\" alt=\"\" width=\"800\" height=\"137\" \/><\/p><\/div>\n\t\t\t\t\t\t<\/div>\n\t\t\t\t\t<\/div>\n\t\t\t\t<\/div>\n\t\t\t\t\t\t\t<div class=\"elementor-accordion-item\">\n\t\t\t\t\t<div id=\"elementor-tab-title-24838\" class=\"elementor-tab-title\" data-active=\"\" data-indexkey=\"ed70119_37\">\n\t\t\t\t\t\t\t\t\t\t\t\t\t<span class=\"elementor-accordion-icon elementor-accordion-icon-right\" aria-hidden=\"true\">\n\t\t\t\t\t\t\t\t\t\t\t\t\t\t\t<span class=\"elementor-accordion-icon-closed\"><i class=\"axtra-theme wcftheme-wcf-icon icon-wcf-plus\"><\/i><\/span>\n\t\t\t\t\t\t\t\t<span class=\"elementor-accordion-icon-opened\"><svg class=\"e-font-icon-svg e-fas-minus\" viewBox=\"0 0 448 512\" xmlns=\"http:\/\/www.w3.org\/2000\/svg\"><path d=\"M416 208H32c-17.67 0-32 14.33-32 32v32c0 17.67 14.33 32 32 32h384c17.67 0 32-14.33 32-32v-32c0-17.67-14.33-32-32-32z\"><\/path><\/svg><\/span>\n\t\t\t\t\t\t\t\t\t\t\t\t\t\t<\/span>\n\t\t\t\t\t\t\t\t\t\t\t\t<a class=\"elementor-accordion-title\" tabindex=\"0\">\n\t\t\t\t\t\t\t\t\t\t\t\t\t\tProject for improving food safety and competitiveness in the international market of powdered products\t\t\t\t\t\t\t \n\t\t\t\t\t\t\t    <span class=\"elementor-accordion-title-icon\"><\/span>\n\t\t\t\t\t\t\t\t\t\t\t\t\t<\/a>\n\t\t\t\t\t<\/div>\n\t\t\t\t\t<div id=\"elementor-tab-content-24838\" class=\"elementor-tab-content elementor-clearfix\" data-active=\"\" data-indexkey=\"ed70119_37\">\n\t\t\t\t\t\t<div class=\"wcf--inner--accrodion--body\">\n\t\t\t\t\t\t\t\t\t\t\t\t\t\t<div class=\"wcf--content\"><p>Corporaci\u00f3n Alimentaria Pe\u00f1asanta S.A.<\/p><p>Sierra de Granda S\/N Granda \u2013 Siero \u2013 Asturias<\/p><ul><li><strong>INVESTMENT<\/strong>: 1.367.513,95\u20ac<\/li><li><strong>GRANT<\/strong>: 341.878,49\u20ac<\/li><\/ul><p style=\"text-align: left;\"><strong>Co-financed project by:<\/strong><br \/><img loading=\"lazy\" decoding=\"async\" class=\"alignleft wp-image-2740 size-full\" src=\"\/wp-content\/uploads\/2020\/01\/logosFEDER.png\" sizes=\"(max-width: 800px) 100vw, 800px\" srcset=\"\/wp-content\/uploads\/2020\/01\/logosFEDER.png 800w, \/wp-content\/uploads\/2020\/01\/logosFEDER-300x51.png 300w, \/wp-content\/uploads\/2020\/01\/logosFEDER-768x132.png 768w\" alt=\"\" width=\"800\" height=\"137\" \/><\/p><\/div>\n\t\t\t\t\t\t<\/div>\n\t\t\t\t\t<\/div>\n\t\t\t\t<\/div>\n\t\t\t\t\t\t\t<div class=\"elementor-accordion-item\">\n\t\t\t\t\t<div id=\"elementor-tab-title-24839\" class=\"elementor-tab-title\" data-active=\"\" data-indexkey=\"ed70119_38\">\n\t\t\t\t\t\t\t\t\t\t\t\t\t<span class=\"elementor-accordion-icon elementor-accordion-icon-right\" aria-hidden=\"true\">\n\t\t\t\t\t\t\t\t\t\t\t\t\t\t\t<span class=\"elementor-accordion-icon-closed\"><i class=\"axtra-theme wcftheme-wcf-icon icon-wcf-plus\"><\/i><\/span>\n\t\t\t\t\t\t\t\t<span class=\"elementor-accordion-icon-opened\"><svg class=\"e-font-icon-svg e-fas-minus\" viewBox=\"0 0 448 512\" xmlns=\"http:\/\/www.w3.org\/2000\/svg\"><path d=\"M416 208H32c-17.67 0-32 14.33-32 32v32c0 17.67 14.33 32 32 32h384c17.67 0 32-14.33 32-32v-32c0-17.67-14.33-32-32-32z\"><\/path><\/svg><\/span>\n\t\t\t\t\t\t\t\t\t\t\t\t\t\t<\/span>\n\t\t\t\t\t\t\t\t\t\t\t\t<a class=\"elementor-accordion-title\" tabindex=\"0\">\n\t\t\t\t\t\t\t\t\t\t\t\t\t\tProject for optimizing food safety from the start of the chain to the final product\t\t\t\t\t\t\t \n\t\t\t\t\t\t\t    <span class=\"elementor-accordion-title-icon\"><\/span>\n\t\t\t\t\t\t\t\t\t\t\t\t\t<\/a>\n\t\t\t\t\t<\/div>\n\t\t\t\t\t<div id=\"elementor-tab-content-24839\" class=\"elementor-tab-content elementor-clearfix\" data-active=\"\" data-indexkey=\"ed70119_38\">\n\t\t\t\t\t\t<div class=\"wcf--inner--accrodion--body\">\n\t\t\t\t\t\t\t\t\t\t\t\t\t\t<div class=\"wcf--content\"><p>Corporaci\u00f3n Alimentaria Pe\u00f1asanta S.A.<\/p><p>Sierra de Granda S\/N Granda \u2013 Siero \u2013 Asturias<\/p><ul><li><strong>INVESTMENT<\/strong>: 698.521,16\u20ac<\/li><li><strong>GRANT<\/strong>: 174.630,29\u20ac<\/li><\/ul><p style=\"text-align: left;\"><strong>Co-financed project by:<\/strong><br \/><img loading=\"lazy\" decoding=\"async\" class=\"alignleft wp-image-2740 size-full\" src=\"\/wp-content\/uploads\/2020\/01\/logosFEDER.png\" sizes=\"(max-width: 800px) 100vw, 800px\" srcset=\"\/wp-content\/uploads\/2020\/01\/logosFEDER.png 800w, \/wp-content\/uploads\/2020\/01\/logosFEDER-300x51.png 300w, \/wp-content\/uploads\/2020\/01\/logosFEDER-768x132.png 768w\" alt=\"\" width=\"800\" height=\"137\" \/><\/p><\/div>\n\t\t\t\t\t\t<\/div>\n\t\t\t\t\t<\/div>\n\t\t\t\t<\/div>\n\t\t\t\t\t\t\t<div class=\"elementor-accordion-item\">\n\t\t\t\t\t<div id=\"elementor-tab-title-24840\" class=\"elementor-tab-title\" data-active=\"\" data-indexkey=\"ed70119_39\">\n\t\t\t\t\t\t\t\t\t\t\t\t\t<span class=\"elementor-accordion-icon elementor-accordion-icon-right\" aria-hidden=\"true\">\n\t\t\t\t\t\t\t\t\t\t\t\t\t\t\t<span class=\"elementor-accordion-icon-closed\"><i class=\"axtra-theme wcftheme-wcf-icon icon-wcf-plus\"><\/i><\/span>\n\t\t\t\t\t\t\t\t<span class=\"elementor-accordion-icon-opened\"><svg class=\"e-font-icon-svg e-fas-minus\" viewBox=\"0 0 448 512\" xmlns=\"http:\/\/www.w3.org\/2000\/svg\"><path d=\"M416 208H32c-17.67 0-32 14.33-32 32v32c0 17.67 14.33 32 32 32h384c17.67 0 32-14.33 32-32v-32c0-17.67-14.33-32-32-32z\"><\/path><\/svg><\/span>\n\t\t\t\t\t\t\t\t\t\t\t\t\t\t<\/span>\n\t\t\t\t\t\t\t\t\t\t\t\t<a class=\"elementor-accordion-title\" tabindex=\"0\">\n\t\t\t\t\t\t\t\t\t\t\t\t\t\tPersonalized nutrition for healthy aging, ALIMES\t\t\t\t\t\t\t \n\t\t\t\t\t\t\t    <span class=\"elementor-accordion-title-icon\"><\/span>\n\t\t\t\t\t\t\t\t\t\t\t\t\t<\/a>\n\t\t\t\t\t<\/div>\n\t\t\t\t\t<div id=\"elementor-tab-content-24840\" class=\"elementor-tab-content elementor-clearfix\" data-active=\"\" data-indexkey=\"ed70119_39\">\n\t\t\t\t\t\t<div class=\"wcf--inner--accrodion--body\">\n\t\t\t\t\t\t\t\t\t\t\t\t\t\t<div class=\"wcf--content\"><p><strong>Project funded by<\/strong>:<\/p><p>Council of Science, Innovation, and University. Science, Technology, and Innovation Plan 2018-2022.<br \/><br \/>Call: Scientific Missions of the Principality of Asturias 2021. AYUD\/2021\/9866.<\/p><p><img loading=\"lazy\" decoding=\"async\" class=\"aligncenter wp-image-8609 size-full\" src=\"\/wp-content\/uploads\/2021\/11\/logos-iasturias-y-gobierno-asturias.jpg\" sizes=\"(max-width: 610px) 100vw, 610px\" srcset=\"\/wp-content\/uploads\/2021\/11\/logos-iasturias-y-gobierno-asturias.jpg 610w, \/wp-content\/uploads\/2021\/11\/logos-iasturias-y-gobierno-asturias-300x67.jpg 300w\" alt=\"\" width=\"610\" height=\"137\" \/><\/p><\/div>\n\t\t\t\t\t\t<\/div>\n\t\t\t\t\t<\/div>\n\t\t\t\t<\/div>\n\t\t\t\t\t\t\t<div class=\"elementor-accordion-item\">\n\t\t\t\t\t<div id=\"elementor-tab-title-24841\" class=\"elementor-tab-title\" data-active=\"\" data-indexkey=\"ed70119_40\">\n\t\t\t\t\t\t\t\t\t\t\t\t\t<span class=\"elementor-accordion-icon elementor-accordion-icon-right\" aria-hidden=\"true\">\n\t\t\t\t\t\t\t\t\t\t\t\t\t\t\t<span class=\"elementor-accordion-icon-closed\"><i class=\"axtra-theme wcftheme-wcf-icon icon-wcf-plus\"><\/i><\/span>\n\t\t\t\t\t\t\t\t<span class=\"elementor-accordion-icon-opened\"><svg class=\"e-font-icon-svg e-fas-minus\" viewBox=\"0 0 448 512\" xmlns=\"http:\/\/www.w3.org\/2000\/svg\"><path d=\"M416 208H32c-17.67 0-32 14.33-32 32v32c0 17.67 14.33 32 32 32h384c17.67 0 32-14.33 32-32v-32c0-17.67-14.33-32-32-32z\"><\/path><\/svg><\/span>\n\t\t\t\t\t\t\t\t\t\t\t\t\t\t<\/span>\n\t\t\t\t\t\t\t\t\t\t\t\t<a class=\"elementor-accordion-title\" tabindex=\"0\">\n\t\t\t\t\t\t\t\t\t\t\t\t\t\tProject for conditioning, modernization, and technological innovation of cheese products \u2013 Phase I\t\t\t\t\t\t\t \n\t\t\t\t\t\t\t    <span class=\"elementor-accordion-title-icon\"><\/span>\n\t\t\t\t\t\t\t\t\t\t\t\t\t<\/a>\n\t\t\t\t\t<\/div>\n\t\t\t\t\t<div id=\"elementor-tab-content-24841\" class=\"elementor-tab-content elementor-clearfix\" data-active=\"\" data-indexkey=\"ed70119_40\">\n\t\t\t\t\t\t<div class=\"wcf--inner--accrodion--body\">\n\t\t\t\t\t\t\t\t\t\t\t\t\t\t<div class=\"wcf--content\"><p>Corporaci\u00f3n Alimentaria Pe\u00f1asanta S.A.<\/p><p>Sierra de Granda S\/N Granda \u2013 Siero \u2013 Asturias<\/p><ul><li><strong>INVESTMENT<\/strong>: 1.704.139,24\u20ac<\/li><li><strong>GRANT<\/strong>: 681.655,70\u20ac<\/li><\/ul><p style=\"text-align: left;\"><strong>Co-financed project by:<\/strong><br \/><img loading=\"lazy\" decoding=\"async\" class=\"alignnone wp-image-7466 size-full\" src=\"https:\/\/grupo-cla.gke.dev.thinkabit.es\/wp-content\/uploads\/2020\/10\/logosXuntaGalicia.jpg\" sizes=\"(max-width: 800px) 100vw, 800px\" srcset=\"\/wp-content\/uploads\/2020\/10\/logosXuntaGalicia.jpg 800w, \/wp-content\/uploads\/2020\/10\/logosXuntaGalicia-300x51.jpg 300w, \/wp-content\/uploads\/2020\/10\/logosXuntaGalicia-768x132.jpg 768w\" alt=\"\" width=\"800\" height=\"137\" \/><\/p><\/div>\n\t\t\t\t\t\t<\/div>\n\t\t\t\t\t<\/div>\n\t\t\t\t<\/div>\n\t\t\t\t\t\t\t<div class=\"elementor-accordion-item\">\n\t\t\t\t\t<div id=\"elementor-tab-title-24842\" class=\"elementor-tab-title\" data-active=\"\" data-indexkey=\"ed70119_41\">\n\t\t\t\t\t\t\t\t\t\t\t\t\t<span class=\"elementor-accordion-icon elementor-accordion-icon-right\" aria-hidden=\"true\">\n\t\t\t\t\t\t\t\t\t\t\t\t\t\t\t<span class=\"elementor-accordion-icon-closed\"><i class=\"axtra-theme wcftheme-wcf-icon icon-wcf-plus\"><\/i><\/span>\n\t\t\t\t\t\t\t\t<span class=\"elementor-accordion-icon-opened\"><svg class=\"e-font-icon-svg e-fas-minus\" viewBox=\"0 0 448 512\" xmlns=\"http:\/\/www.w3.org\/2000\/svg\"><path d=\"M416 208H32c-17.67 0-32 14.33-32 32v32c0 17.67 14.33 32 32 32h384c17.67 0 32-14.33 32-32v-32c0-17.67-14.33-32-32-32z\"><\/path><\/svg><\/span>\n\t\t\t\t\t\t\t\t\t\t\t\t\t\t<\/span>\n\t\t\t\t\t\t\t\t\t\t\t\t<a class=\"elementor-accordion-title\" tabindex=\"0\">\n\t\t\t\t\t\t\t\t\t\t\t\t\t\tProject for conditioning, modernization, and technological innovation of cheese products \u2013 Phase II\t\t\t\t\t\t\t \n\t\t\t\t\t\t\t    <span class=\"elementor-accordion-title-icon\"><\/span>\n\t\t\t\t\t\t\t\t\t\t\t\t\t<\/a>\n\t\t\t\t\t<\/div>\n\t\t\t\t\t<div id=\"elementor-tab-content-24842\" class=\"elementor-tab-content elementor-clearfix\" data-active=\"\" data-indexkey=\"ed70119_41\">\n\t\t\t\t\t\t<div class=\"wcf--inner--accrodion--body\">\n\t\t\t\t\t\t\t\t\t\t\t\t\t\t<div class=\"wcf--content\"><p>Corporaci\u00f3n Alimentaria Pe\u00f1asanta S.A.<\/p><p>Sierra de Granda S\/N Granda \u2013 Siero \u2013 Asturias<\/p><ul><li><strong>INVESTMENT<\/strong>: 733.543,88\u20ac<\/li><li><strong>GRANT<\/strong>: 256.740,36\u20ac<\/li><\/ul><p style=\"text-align: left;\"><strong>Co-financed project by:<\/strong><br \/><img loading=\"lazy\" decoding=\"async\" class=\"alignnone wp-image-7466 size-full\" src=\"https:\/\/grupo-cla.gke.dev.thinkabit.es\/wp-content\/uploads\/2020\/10\/logosXuntaGalicia.jpg\" sizes=\"(max-width: 800px) 100vw, 800px\" srcset=\"\/wp-content\/uploads\/2020\/10\/logosXuntaGalicia.jpg 800w, \/wp-content\/uploads\/2020\/10\/logosXuntaGalicia-300x51.jpg 300w, \/wp-content\/uploads\/2020\/10\/logosXuntaGalicia-768x132.jpg 768w\" alt=\"\" width=\"800\" height=\"137\" \/><\/p><\/div>\n\t\t\t\t\t\t<\/div>\n\t\t\t\t\t<\/div>\n\t\t\t\t<\/div>\n\t\t\t\t\t\t\t<div class=\"elementor-accordion-item\">\n\t\t\t\t\t<div id=\"elementor-tab-title-24843\" class=\"elementor-tab-title\" data-active=\"\" data-indexkey=\"ed70119_42\">\n\t\t\t\t\t\t\t\t\t\t\t\t\t<span class=\"elementor-accordion-icon elementor-accordion-icon-right\" aria-hidden=\"true\">\n\t\t\t\t\t\t\t\t\t\t\t\t\t\t\t<span class=\"elementor-accordion-icon-closed\"><i class=\"axtra-theme wcftheme-wcf-icon icon-wcf-plus\"><\/i><\/span>\n\t\t\t\t\t\t\t\t<span class=\"elementor-accordion-icon-opened\"><svg class=\"e-font-icon-svg e-fas-minus\" viewBox=\"0 0 448 512\" xmlns=\"http:\/\/www.w3.org\/2000\/svg\"><path d=\"M416 208H32c-17.67 0-32 14.33-32 32v32c0 17.67 14.33 32 32 32h384c17.67 0 32-14.33 32-32v-32c0-17.67-14.33-32-32-32z\"><\/path><\/svg><\/span>\n\t\t\t\t\t\t\t\t\t\t\t\t\t\t<\/span>\n\t\t\t\t\t\t\t\t\t\t\t\t<a class=\"elementor-accordion-title\" tabindex=\"0\">\n\t\t\t\t\t\t\t\t\t\t\t\t\t\tProject for conditioning, modernization, and technological innovation in the dairy industry to comply with BRC and IFS regulations for the export of dairy products\t\t\t\t\t\t\t \n\t\t\t\t\t\t\t    <span class=\"elementor-accordion-title-icon\"><\/span>\n\t\t\t\t\t\t\t\t\t\t\t\t\t<\/a>\n\t\t\t\t\t<\/div>\n\t\t\t\t\t<div id=\"elementor-tab-content-24843\" class=\"elementor-tab-content elementor-clearfix\" data-active=\"\" data-indexkey=\"ed70119_42\">\n\t\t\t\t\t\t<div class=\"wcf--inner--accrodion--body\">\n\t\t\t\t\t\t\t\t\t\t\t\t\t\t<div class=\"wcf--content\"><p>Corporaci\u00f3n Alimentaria Pe\u00f1asanta S.A.<\/p><p>Sierra de Granda S\/N Granda \u2013 Siero \u2013 Asturias<\/p><ul><li><strong>INVESTMENT<\/strong>: 1.025.161,78\u20ac<\/li><li><strong>GRANT<\/strong>: 256.290,45\u20ac<\/li><\/ul><p style=\"text-align: left;\"><strong>Co-financed project by:<\/strong><br \/><img loading=\"lazy\" decoding=\"async\" class=\"alignnone wp-image-7466 size-full\" src=\"https:\/\/grupo-cla.gke.dev.thinkabit.es\/wp-content\/uploads\/2020\/10\/logosXuntaGalicia.jpg\" sizes=\"(max-width: 800px) 100vw, 800px\" srcset=\"\/wp-content\/uploads\/2020\/10\/logosXuntaGalicia.jpg 800w, \/wp-content\/uploads\/2020\/10\/logosXuntaGalicia-300x51.jpg 300w, \/wp-content\/uploads\/2020\/10\/logosXuntaGalicia-768x132.jpg 768w\" alt=\"\" width=\"800\" height=\"137\" \/><\/p><\/div>\n\t\t\t\t\t\t<\/div>\n\t\t\t\t\t<\/div>\n\t\t\t\t<\/div>\n\t\t\t\t\t\t\t<div class=\"elementor-accordion-item\">\n\t\t\t\t\t<div id=\"elementor-tab-title-24844\" class=\"elementor-tab-title\" data-active=\"\" data-indexkey=\"ed70119_43\">\n\t\t\t\t\t\t\t\t\t\t\t\t\t<span class=\"elementor-accordion-icon elementor-accordion-icon-right\" aria-hidden=\"true\">\n\t\t\t\t\t\t\t\t\t\t\t\t\t\t\t<span class=\"elementor-accordion-icon-closed\"><i class=\"axtra-theme wcftheme-wcf-icon icon-wcf-plus\"><\/i><\/span>\n\t\t\t\t\t\t\t\t<span class=\"elementor-accordion-icon-opened\"><svg class=\"e-font-icon-svg e-fas-minus\" viewBox=\"0 0 448 512\" xmlns=\"http:\/\/www.w3.org\/2000\/svg\"><path d=\"M416 208H32c-17.67 0-32 14.33-32 32v32c0 17.67 14.33 32 32 32h384c17.67 0 32-14.33 32-32v-32c0-17.67-14.33-32-32-32z\"><\/path><\/svg><\/span>\n\t\t\t\t\t\t\t\t\t\t\t\t\t\t<\/span>\n\t\t\t\t\t\t\t\t\t\t\t\t<a class=\"elementor-accordion-title\" tabindex=\"0\">\n\t\t\t\t\t\t\t\t\t\t\t\t\t\tNew packaging line for oval polyethylene bottles\t\t\t\t\t\t\t \n\t\t\t\t\t\t\t    <span class=\"elementor-accordion-title-icon\"><\/span>\n\t\t\t\t\t\t\t\t\t\t\t\t\t<\/a>\n\t\t\t\t\t<\/div>\n\t\t\t\t\t<div id=\"elementor-tab-content-24844\" class=\"elementor-tab-content elementor-clearfix\" data-active=\"\" data-indexkey=\"ed70119_43\">\n\t\t\t\t\t\t<div class=\"wcf--inner--accrodion--body\">\n\t\t\t\t\t\t\t\t\t\t\t\t\t\t<div class=\"wcf--content\"><p>Corporaci\u00f3n Alimentaria Pe\u00f1asanta S.A.<\/p><p>Sierra de Granda S\/N Granda \u2013 Siero \u2013 Asturias<\/p><ul><li><strong>INVESTMENT<\/strong>: 15.451.498,20\u20ac<\/li><li><strong>GRANT<\/strong>: 4.635.449,46\u20ac<\/li><\/ul><p><strong>Co-financed project by:<\/strong><br \/><img loading=\"lazy\" decoding=\"async\" class=\"alignnone wp-image-7466 size-full\" src=\"https:\/\/grupo-cla.gke.dev.thinkabit.es\/wp-content\/uploads\/2020\/10\/logosXuntaGalicia.jpg\" sizes=\"(max-width: 800px) 100vw, 800px\" srcset=\"\/wp-content\/uploads\/2020\/10\/logosXuntaGalicia.jpg 800w, \/wp-content\/uploads\/2020\/10\/logosXuntaGalicia-300x51.jpg 300w, \/wp-content\/uploads\/2020\/10\/logosXuntaGalicia-768x132.jpg 768w\" alt=\"\" width=\"800\" height=\"137\" \/><\/p><\/div>\n\t\t\t\t\t\t<\/div>\n\t\t\t\t\t<\/div>\n\t\t\t\t<\/div>\n\t\t\t\t\t\t\t<div class=\"elementor-accordion-item\">\n\t\t\t\t\t<div id=\"elementor-tab-title-24845\" class=\"elementor-tab-title\" data-active=\"\" data-indexkey=\"ed70119_44\">\n\t\t\t\t\t\t\t\t\t\t\t\t\t<span class=\"elementor-accordion-icon elementor-accordion-icon-right\" aria-hidden=\"true\">\n\t\t\t\t\t\t\t\t\t\t\t\t\t\t\t<span class=\"elementor-accordion-icon-closed\"><i class=\"axtra-theme wcftheme-wcf-icon icon-wcf-plus\"><\/i><\/span>\n\t\t\t\t\t\t\t\t<span class=\"elementor-accordion-icon-opened\"><svg class=\"e-font-icon-svg e-fas-minus\" viewBox=\"0 0 448 512\" xmlns=\"http:\/\/www.w3.org\/2000\/svg\"><path d=\"M416 208H32c-17.67 0-32 14.33-32 32v32c0 17.67 14.33 32 32 32h384c17.67 0 32-14.33 32-32v-32c0-17.67-14.33-32-32-32z\"><\/path><\/svg><\/span>\n\t\t\t\t\t\t\t\t\t\t\t\t\t\t<\/span>\n\t\t\t\t\t\t\t\t\t\t\t\t<a class=\"elementor-accordion-title\" tabindex=\"0\">\n\t\t\t\t\t\t\t\t\t\t\t\t\t\tMILKDATA to achieve the digital production dossier\t\t\t\t\t\t\t \n\t\t\t\t\t\t\t    <span class=\"elementor-accordion-title-icon\"><\/span>\n\t\t\t\t\t\t\t\t\t\t\t\t\t<\/a>\n\t\t\t\t\t<\/div>\n\t\t\t\t\t<div id=\"elementor-tab-content-24845\" class=\"elementor-tab-content elementor-clearfix\" data-active=\"\" data-indexkey=\"ed70119_44\">\n\t\t\t\t\t\t<div class=\"wcf--inner--accrodion--body\">\n\t\t\t\t\t\t\t\t\t\t\t\t\t\t<div class=\"wcf--content\"><p>The ultimate goal of the project is to develop a pilot information system, both in terms of hardware and software, that captures, stores, and processes traceability information in real time from the moment the product is packaged until it is placed in storage. This system will be accessible through both a web portal and a mobile application.<\/p><p style=\"text-align: left;\"><strong>Project funded by:<\/strong><br \/><img loading=\"lazy\" decoding=\"async\" class=\"wp-image-8158 size-full aligncenter\" src=\"\/wp-content\/uploads\/2021\/02\/logos-union-europea-pcti-2.jpg\" sizes=\"(max-width: 450px) 100vw, 450px\" srcset=\"\/wp-content\/uploads\/2021\/02\/logos-union-europea-pcti-2.jpg 450w, \/wp-content\/uploads\/2021\/02\/logos-union-europea-pcti-2-300x99.jpg 300w\" alt=\"\" width=\"450\" height=\"149\" \/><\/p><\/div>\n\t\t\t\t\t\t<\/div>\n\t\t\t\t\t<\/div>\n\t\t\t\t<\/div>\n\t\t\t\t\t\t\t<div class=\"elementor-accordion-item\">\n\t\t\t\t\t<div id=\"elementor-tab-title-24846\" class=\"elementor-tab-title\" data-active=\"\" data-indexkey=\"ed70119_45\">\n\t\t\t\t\t\t\t\t\t\t\t\t\t<span class=\"elementor-accordion-icon elementor-accordion-icon-right\" aria-hidden=\"true\">\n\t\t\t\t\t\t\t\t\t\t\t\t\t\t\t<span class=\"elementor-accordion-icon-closed\"><i class=\"axtra-theme wcftheme-wcf-icon icon-wcf-plus\"><\/i><\/span>\n\t\t\t\t\t\t\t\t<span class=\"elementor-accordion-icon-opened\"><svg class=\"e-font-icon-svg e-fas-minus\" viewBox=\"0 0 448 512\" xmlns=\"http:\/\/www.w3.org\/2000\/svg\"><path d=\"M416 208H32c-17.67 0-32 14.33-32 32v32c0 17.67 14.33 32 32 32h384c17.67 0 32-14.33 32-32v-32c0-17.67-14.33-32-32-32z\"><\/path><\/svg><\/span>\n\t\t\t\t\t\t\t\t\t\t\t\t\t\t<\/span>\n\t\t\t\t\t\t\t\t\t\t\t\t<a class=\"elementor-accordion-title\" tabindex=\"0\">\n\t\t\t\t\t\t\t\t\t\t\t\t\t\tTrusted cold chain\t\t\t\t\t\t\t \n\t\t\t\t\t\t\t    <span class=\"elementor-accordion-title-icon\"><\/span>\n\t\t\t\t\t\t\t\t\t\t\t\t\t<\/a>\n\t\t\t\t\t<\/div>\n\t\t\t\t\t<div id=\"elementor-tab-content-24846\" class=\"elementor-tab-content elementor-clearfix\" data-active=\"\" data-indexkey=\"ed70119_45\">\n\t\t\t\t\t\t<div class=\"wcf--inner--accrodion--body\">\n\t\t\t\t\t\t\t\t\t\t\t\t\t\t<div class=\"wcf--content\"><p>This project investigates the control of supply conditions and the status of shipped goods to anticipate potential alterations in organoleptic, nutritional, and quality characteristics of the product, preventing the delivery of goods in suboptimal conditions to the customer.<\/p><p style=\"text-align: left;\"><strong>Project funded by:<\/strong><br \/><img loading=\"lazy\" decoding=\"async\" class=\"wp-image-8158 size-full aligncenter\" src=\"\/wp-content\/uploads\/2021\/02\/logos-union-europea-pcti-2.jpg\" sizes=\"(max-width: 450px) 100vw, 450px\" srcset=\"\/wp-content\/uploads\/2021\/02\/logos-union-europea-pcti-2.jpg 450w, \/wp-content\/uploads\/2021\/02\/logos-union-europea-pcti-2-300x99.jpg 300w\" alt=\"\" width=\"450\" height=\"149\" \/><\/p><\/div>\n\t\t\t\t\t\t<\/div>\n\t\t\t\t\t<\/div>\n\t\t\t\t<\/div>\n\t\t\t\t\t\t\t\t<\/div>\n\t\t\t\t<\/div>\n\t\t\t\t<\/div>\n\t\t\t\t\t<\/div>\n\t\t\t\t<\/div>\n\t\t<div class=\"elementor-element elementor-element-83dfc94 elementor-hidden-widescreen elementor-hidden-desktop elementor-hidden-laptop elementor-hidden-tablet_extra elementor-hidden-tablet elementor-hidden-mobile_extra elementor-hidden-mobile e-flex e-con-boxed e-con e-parent\" data-id=\"83dfc94\" data-element_type=\"container\" data-settings=\"{&quot;background_background&quot;:&quot;classic&quot;,&quot;wcf_enable_cursor_hover_effect_text&quot;:&quot;View&quot;,&quot;wcf-animation&quot;:&quot;none&quot;,&quot;wcf_pin_breakpoint&quot;:&quot;mobile&quot;}\">\n\t\t\t\t\t<div class=\"e-con-inner\">\n\t\t<div class=\"elementor-element elementor-element-94dc675 e-con-full e-flex e-con e-child\" data-id=\"94dc675\" data-element_type=\"container\" data-settings=\"{&quot;wcf_enable_cursor_hover_effect_text&quot;:&quot;View&quot;,&quot;wcf-animation&quot;:&quot;fade&quot;,&quot;delay&quot;:0.15,&quot;on-scroll&quot;:1,&quot;fade-from&quot;:&quot;top&quot;,&quot;data-duration&quot;:1.5,&quot;ease&quot;:&quot;power2.out&quot;,&quot;fade-offset&quot;:50,&quot;wcf_pin_breakpoint&quot;:&quot;mobile&quot;}\">\n\t\t\t\t<div class=\"elementor-element elementor-element-b9aee15 wcf-t-animation-none elementor-widget elementor-widget-wcf--title\" data-id=\"b9aee15\" data-element_type=\"widget\" data-settings=\"{&quot;wcf_text_animation&quot;:&quot;none&quot;,&quot;wcf-animation&quot;:&quot;none&quot;}\" data-widget_type=\"wcf--title.default\">\n\t\t\t\t<div class=\"elementor-widget-container\">\n\t\t\t<h2 class=\"wcf--title\">Cadena de valor l\u00e1ctea inteligente, trazable, sostenible y conectada \u2013 Smartz4milk<\/h2>\t\t<\/div>\n\t\t\t\t<\/div>\n\t\t\t\t<div class=\"elementor-element elementor-element-026d065 wcf-t-animation-none elementor-widget elementor-widget-wcf--text\" data-id=\"026d065\" data-element_type=\"widget\" data-settings=\"{&quot;wcf_text_animation&quot;:&quot;none&quot;,&quot;wcf-animation&quot;:&quot;none&quot;}\" data-widget_type=\"wcf--text.default\">\n\t\t\t\t<div class=\"elementor-widget-container\">\n\t\t\t<div class=\"wcf--text\"><p>El objetivo principal del presente proyecto es mejorar la competitividad, sostenibilidad y resiliencia del sector l\u00e1cteo mediante la investigaci\u00f3n, desarrollo e innovaci\u00f3n en digitalizaci\u00f3n, sostenibilidad y trazabilidad. Este proyecto aborda los retos del sector l\u00e1cteo estatal minimizando su impacto en el entorno, reduciendo el desperdicio alimentario, digitalizando al m\u00e1ximo sus procesos para optimizar las plantas y afrontando el reto de descarbonizaci\u00f3n en toda la cadena de valor.<\/p><p>Los objetivos espec\u00edficos de este proyecto son los siguientes:<\/p><ul><li>Incentivar la investigaci\u00f3n, desarrollo e innovaci\u00f3n en el sector l\u00e1cteo.<\/li><li>Aumentar la competitividad a trav\u00e9s de la digitalizaci\u00f3n, automatizaci\u00f3n y sensorizaci\u00f3n de procesos.<\/li><li>Favorecer procesos sostenibles en todas las operaciones industriales.<\/li><li>Potenciar inversiones verdes en la industria l\u00e1ctea.<\/li><li>Incrementar la transparencia y accesibilidad a los datos mediante la trazabilidad.<\/li><\/ul><p><strong>N.\u00ba expediente: PAG-010000-2023-14<\/strong><\/p><p>El presupuesto total es de 16.877.249,30 \u20ac, con una ayuda concedida de 9.712.406 \u20ac, de los cuales 9.400.101 \u20ac son en forma de subvenci\u00f3n y 312.305 \u20ac en forma de pr\u00e9stamo, financiado por el Ministerio de Industria y Turismo (MINTUR) y la Uni\u00f3n Europea a trav\u00e9s de los fondos Next Generation EU.<\/p><p style=\"text-align: left\"><strong>Proyecto subvencionado por<\/strong>:<br \/><img loading=\"lazy\" decoding=\"async\" class=\"wp-image-10752 size-full alignleft\" src=\"https:\/\/grupo-cla.gke.dev.thinkabit.es\/wp-content\/uploads\/2024\/07\/Logos-EU-Plan-de-Recuperacion-Gobierno-de-Espana.jpg\" alt=\"\" width=\"953\" height=\"129\" \/><\/p><\/div>\t\t<\/div>\n\t\t\t\t<\/div>\n\t\t\t\t<\/div>\n\t\t\t\t\t<\/div>\n\t\t\t\t<\/div>\n\t\t<div class=\"elementor-element elementor-element-e008116 elementor-hidden-widescreen elementor-hidden-desktop elementor-hidden-laptop elementor-hidden-tablet_extra elementor-hidden-tablet elementor-hidden-mobile_extra elementor-hidden-mobile e-flex e-con-boxed e-con e-parent\" data-id=\"e008116\" data-element_type=\"container\" data-settings=\"{&quot;background_background&quot;:&quot;classic&quot;,&quot;wcf_enable_cursor_hover_effect_text&quot;:&quot;View&quot;,&quot;wcf-animation&quot;:&quot;none&quot;,&quot;wcf_pin_breakpoint&quot;:&quot;mobile&quot;}\">\n\t\t\t\t\t<div class=\"e-con-inner\">\n\t\t<div class=\"elementor-element elementor-element-b28ede9 e-con-full e-flex e-con e-child\" data-id=\"b28ede9\" data-element_type=\"container\" data-settings=\"{&quot;wcf_enable_cursor_hover_effect_text&quot;:&quot;View&quot;,&quot;wcf-animation&quot;:&quot;fade&quot;,&quot;delay&quot;:0.15,&quot;on-scroll&quot;:1,&quot;fade-from&quot;:&quot;top&quot;,&quot;data-duration&quot;:1.5,&quot;ease&quot;:&quot;power2.out&quot;,&quot;fade-offset&quot;:50,&quot;wcf_pin_breakpoint&quot;:&quot;mobile&quot;}\">\n\t\t\t\t<div class=\"elementor-element elementor-element-1db99f9 wcf-t-animation-none elementor-widget elementor-widget-wcf--title\" data-id=\"1db99f9\" data-element_type=\"widget\" data-settings=\"{&quot;wcf_text_animation&quot;:&quot;none&quot;,&quot;wcf-animation&quot;:&quot;none&quot;}\" data-widget_type=\"wcf--title.default\">\n\t\t\t\t<div class=\"elementor-widget-container\">\n\t\t\t<h2 class=\"wcf--title\">Cadena de valor l\u00e1ctea inteligente, trazable, sostenible y conectada \u2013 Smartz4milk<\/h2>\t\t<\/div>\n\t\t\t\t<\/div>\n\t\t\t\t<div class=\"elementor-element elementor-element-b735fc3 wcf-t-animation-none elementor-widget elementor-widget-wcf--text\" data-id=\"b735fc3\" data-element_type=\"widget\" data-settings=\"{&quot;wcf_text_animation&quot;:&quot;none&quot;,&quot;wcf-animation&quot;:&quot;none&quot;}\" data-widget_type=\"wcf--text.default\">\n\t\t\t\t<div class=\"elementor-widget-container\">\n\t\t\t<div class=\"wcf--text\"><p>El objetivo principal del presente proyecto es mejorar la competitividad, sostenibilidad y resiliencia del sector l\u00e1cteo mediante la investigaci\u00f3n, desarrollo e innovaci\u00f3n en digitalizaci\u00f3n, sostenibilidad y trazabilidad. Este proyecto aborda los retos del sector l\u00e1cteo estatal minimizando su impacto en el entorno, reduciendo el desperdicio alimentario, digitalizando al m\u00e1ximo sus procesos para optimizar las plantas y afrontando el reto de descarbonizaci\u00f3n en toda la cadena de valor.<\/p><p>Los objetivos espec\u00edficos de este proyecto son los siguientes:<\/p><ul><li>Incentivar la investigaci\u00f3n, desarrollo e innovaci\u00f3n en el sector l\u00e1cteo.<\/li><li>Aumentar la competitividad a trav\u00e9s de la digitalizaci\u00f3n, automatizaci\u00f3n y sensorizaci\u00f3n de procesos.<\/li><li>Favorecer procesos sostenibles en todas las operaciones industriales.<\/li><li>Potenciar inversiones verdes en la industria l\u00e1ctea.<\/li><li>Incrementar la transparencia y accesibilidad a los datos mediante la trazabilidad.<\/li><\/ul><p><strong>N.\u00ba expediente: PAG-010000-2023-14<\/strong><\/p><p>El presupuesto total es de 16.877.249,30 \u20ac, con una ayuda concedida de 9.712.406 \u20ac, de los cuales 9.400.101 \u20ac son en forma de subvenci\u00f3n y 312.305 \u20ac en forma de pr\u00e9stamo, financiado por el Ministerio de Industria y Turismo (MINTUR) y la Uni\u00f3n Europea a trav\u00e9s de los fondos Next Generation EU.<\/p><p style=\"text-align: left\"><strong>Proyecto subvencionado por<\/strong>:<br \/><img loading=\"lazy\" decoding=\"async\" class=\"wp-image-10752 size-full alignleft\" src=\"https:\/\/grupo-cla.gke.dev.thinkabit.es\/wp-content\/uploads\/2024\/07\/Logos-EU-Plan-de-Recuperacion-Gobierno-de-Espana.jpg\" alt=\"\" width=\"953\" height=\"129\" \/><\/p><\/div>\t\t<\/div>\n\t\t\t\t<\/div>\n\t\t\t\t<\/div>\n\t\t\t\t\t<\/div>\n\t\t\t\t<\/div>\n\t\t\t\t<\/div>\n\t\t","protected":false},"excerpt":{"rendered":"<p>Large companies in foexga 2024 The company CORPORACI\u00d3N ALIMENTARIA PE\u00d1ASANTA, S.A. with CIF A-03161270 and registered office at Sierra de Granda, s\/n, 31999, Granda, Siero (Principality of Asturias), has participated in the FOEXGA GRANDES EMPRESAS 2024 program with the aim of boosting its internationalization abroad. Investment project for the improvement and increase of productive, environmental, [&hellip;]<\/p>\n","protected":false},"author":1,"featured_media":0,"parent":22728,"menu_order":0,"comment_status":"closed","ping_status":"closed","template":"elementor_header_footer","meta":{"footnotes":""},"class_list":["post-28161","page","type-page","status-publish","hentry"],"yoast_head":"<!-- This site is optimized with the Yoast SEO plugin v24.0 - https:\/\/yoast.com\/wordpress\/plugins\/seo\/ -->\n<title>Public Subsidies - CAPSA FOOD<\/title>\n<meta name=\"robots\" content=\"index, follow, max-snippet:-1, max-image-preview:large, max-video-preview:-1\" \/>\n<link rel=\"canonical\" href=\"https:\/\/capsa-food.gke.dev.thinkabit.es\/en\/about-us\/public-subsidies\/\" \/>\n<meta property=\"og:locale\" content=\"en_US\" \/>\n<meta property=\"og:type\" content=\"article\" \/>\n<meta property=\"og:title\" content=\"Public Subsidies - CAPSA FOOD\" \/>\n<meta property=\"og:description\" content=\"Large companies in foexga 2024 The company CORPORACI\u00d3N ALIMENTARIA PE\u00d1ASANTA, S.A. with CIF A-03161270 and registered office at Sierra de Granda, s\/n, 31999, Granda, Siero (Principality of Asturias), has participated in the FOEXGA GRANDES EMPRESAS 2024 program with the aim of boosting its internationalization abroad. Investment project for the improvement and increase of productive, environmental, [&hellip;]\" \/>\n<meta property=\"og:url\" content=\"https:\/\/capsa-food.gke.dev.thinkabit.es\/en\/about-us\/public-subsidies\/\" \/>\n<meta property=\"og:site_name\" content=\"CAPSA FOOD\" \/>\n<meta property=\"article:modified_time\" content=\"2025-02-11T07:16:05+00:00\" \/>\n<meta property=\"og:image\" content=\"https:\/\/grupo-cla.gke.dev.thinkabit.es\/wp-content\/uploads\/2024\/12\/Logo-FOEXGA-300x82.webp\" \/>\n<meta name=\"twitter:card\" content=\"summary_large_image\" \/>\n<meta name=\"twitter:label1\" content=\"Est. reading time\" \/>\n\t<meta name=\"twitter:data1\" content=\"28 minutes\" \/>\n<script type=\"application\/ld+json\" class=\"yoast-schema-graph\">{\"@context\":\"https:\/\/schema.org\",\"@graph\":[{\"@type\":\"WebPage\",\"@id\":\"https:\/\/capsa-food.gke.dev.thinkabit.es\/en\/about-us\/public-subsidies\/\",\"url\":\"https:\/\/capsa-food.gke.dev.thinkabit.es\/en\/about-us\/public-subsidies\/\",\"name\":\"Public Subsidies - CAPSA FOOD\",\"isPartOf\":{\"@id\":\"\/#website\"},\"primaryImageOfPage\":{\"@id\":\"https:\/\/capsa-food.gke.dev.thinkabit.es\/en\/about-us\/public-subsidies\/#primaryimage\"},\"image\":{\"@id\":\"https:\/\/capsa-food.gke.dev.thinkabit.es\/en\/about-us\/public-subsidies\/#primaryimage\"},\"thumbnailUrl\":\"https:\/\/grupo-cla.gke.dev.thinkabit.es\/wp-content\/uploads\/2024\/12\/Logo-FOEXGA-300x82.webp\",\"datePublished\":\"2024-07-25T11:46:21+00:00\",\"dateModified\":\"2025-02-11T07:16:05+00:00\",\"breadcrumb\":{\"@id\":\"https:\/\/capsa-food.gke.dev.thinkabit.es\/en\/about-us\/public-subsidies\/#breadcrumb\"},\"inLanguage\":\"en-US\",\"potentialAction\":[{\"@type\":\"ReadAction\",\"target\":[\"https:\/\/capsa-food.gke.dev.thinkabit.es\/en\/about-us\/public-subsidies\/\"]}]},{\"@type\":\"ImageObject\",\"inLanguage\":\"en-US\",\"@id\":\"https:\/\/capsa-food.gke.dev.thinkabit.es\/en\/about-us\/public-subsidies\/#primaryimage\",\"url\":\"https:\/\/grupo-cla.gke.dev.thinkabit.es\/wp-content\/uploads\/2024\/12\/Logo-FOEXGA-300x82.webp\",\"contentUrl\":\"https:\/\/grupo-cla.gke.dev.thinkabit.es\/wp-content\/uploads\/2024\/12\/Logo-FOEXGA-300x82.webp\"},{\"@type\":\"BreadcrumbList\",\"@id\":\"https:\/\/capsa-food.gke.dev.thinkabit.es\/en\/about-us\/public-subsidies\/#breadcrumb\",\"itemListElement\":[{\"@type\":\"ListItem\",\"position\":1,\"name\":\"Portada\",\"item\":\"https:\/\/capsa-food.gke.dev.thinkabit.es\/en\/\"},{\"@type\":\"ListItem\",\"position\":2,\"name\":\"About us\",\"item\":\"https:\/\/capsa-food.gke.dev.thinkabit.es\/en\/about-us\/\"},{\"@type\":\"ListItem\",\"position\":3,\"name\":\"Public Subsidies\"}]},{\"@type\":\"WebSite\",\"@id\":\"\/#website\",\"url\":\"\/\",\"name\":\"CAPSA FOOD\",\"description\":\"\",\"publisher\":{\"@id\":\"\/#organization\"},\"potentialAction\":[{\"@type\":\"SearchAction\",\"target\":{\"@type\":\"EntryPoint\",\"urlTemplate\":\"\/?s={search_term_string}\"},\"query-input\":{\"@type\":\"PropertyValueSpecification\",\"valueRequired\":true,\"valueName\":\"search_term_string\"}}],\"inLanguage\":\"en-US\"},{\"@type\":\"Organization\",\"@id\":\"\/#organization\",\"name\":\"CAPSA FOOD\",\"url\":\"\/\",\"logo\":{\"@type\":\"ImageObject\",\"inLanguage\":\"en-US\",\"@id\":\"\/#\/schema\/logo\/image\/\",\"url\":\"https:\/\/grupo-cla.gke.dev.thinkabit.es\/wp-content\/uploads\/2024\/06\/Logo-Color-2.svg\",\"contentUrl\":\"https:\/\/grupo-cla.gke.dev.thinkabit.es\/wp-content\/uploads\/2024\/06\/Logo-Color-2.svg\",\"width\":236,\"height\":101,\"caption\":\"CAPSA FOOD\"},\"image\":{\"@id\":\"\/#\/schema\/logo\/image\/\"}}]}<\/script>\n<!-- \/ Yoast SEO plugin. -->","yoast_head_json":{"title":"Public Subsidies - CAPSA FOOD","robots":{"index":"index","follow":"follow","max-snippet":"max-snippet:-1","max-image-preview":"max-image-preview:large","max-video-preview":"max-video-preview:-1"},"canonical":"https:\/\/capsa-food.gke.dev.thinkabit.es\/en\/about-us\/public-subsidies\/","og_locale":"en_US","og_type":"article","og_title":"Public Subsidies - CAPSA FOOD","og_description":"Large companies in foexga 2024 The company CORPORACI\u00d3N ALIMENTARIA PE\u00d1ASANTA, S.A. with CIF A-03161270 and registered office at Sierra de Granda, s\/n, 31999, Granda, Siero (Principality of Asturias), has participated in the FOEXGA GRANDES EMPRESAS 2024 program with the aim of boosting its internationalization abroad. Investment project for the improvement and increase of productive, environmental, [&hellip;]","og_url":"https:\/\/capsa-food.gke.dev.thinkabit.es\/en\/about-us\/public-subsidies\/","og_site_name":"CAPSA FOOD","article_modified_time":"2025-02-11T07:16:05+00:00","og_image":[{"url":"https:\/\/grupo-cla.gke.dev.thinkabit.es\/wp-content\/uploads\/2024\/12\/Logo-FOEXGA-300x82.webp","type":"","width":"","height":""}],"twitter_card":"summary_large_image","twitter_misc":{"Est. reading time":"28 minutes"},"schema":{"@context":"https:\/\/schema.org","@graph":[{"@type":"WebPage","@id":"https:\/\/capsa-food.gke.dev.thinkabit.es\/en\/about-us\/public-subsidies\/","url":"https:\/\/capsa-food.gke.dev.thinkabit.es\/en\/about-us\/public-subsidies\/","name":"Public Subsidies - CAPSA FOOD","isPartOf":{"@id":"\/#website"},"primaryImageOfPage":{"@id":"https:\/\/capsa-food.gke.dev.thinkabit.es\/en\/about-us\/public-subsidies\/#primaryimage"},"image":{"@id":"https:\/\/capsa-food.gke.dev.thinkabit.es\/en\/about-us\/public-subsidies\/#primaryimage"},"thumbnailUrl":"https:\/\/grupo-cla.gke.dev.thinkabit.es\/wp-content\/uploads\/2024\/12\/Logo-FOEXGA-300x82.webp","datePublished":"2024-07-25T11:46:21+00:00","dateModified":"2025-02-11T07:16:05+00:00","breadcrumb":{"@id":"https:\/\/capsa-food.gke.dev.thinkabit.es\/en\/about-us\/public-subsidies\/#breadcrumb"},"inLanguage":"en-US","potentialAction":[{"@type":"ReadAction","target":["https:\/\/capsa-food.gke.dev.thinkabit.es\/en\/about-us\/public-subsidies\/"]}]},{"@type":"ImageObject","inLanguage":"en-US","@id":"https:\/\/capsa-food.gke.dev.thinkabit.es\/en\/about-us\/public-subsidies\/#primaryimage","url":"https:\/\/grupo-cla.gke.dev.thinkabit.es\/wp-content\/uploads\/2024\/12\/Logo-FOEXGA-300x82.webp","contentUrl":"https:\/\/grupo-cla.gke.dev.thinkabit.es\/wp-content\/uploads\/2024\/12\/Logo-FOEXGA-300x82.webp"},{"@type":"BreadcrumbList","@id":"https:\/\/capsa-food.gke.dev.thinkabit.es\/en\/about-us\/public-subsidies\/#breadcrumb","itemListElement":[{"@type":"ListItem","position":1,"name":"Portada","item":"https:\/\/capsa-food.gke.dev.thinkabit.es\/en\/"},{"@type":"ListItem","position":2,"name":"About us","item":"https:\/\/capsa-food.gke.dev.thinkabit.es\/en\/about-us\/"},{"@type":"ListItem","position":3,"name":"Public Subsidies"}]},{"@type":"WebSite","@id":"\/#website","url":"\/","name":"CAPSA FOOD","description":"","publisher":{"@id":"\/#organization"},"potentialAction":[{"@type":"SearchAction","target":{"@type":"EntryPoint","urlTemplate":"\/?s={search_term_string}"},"query-input":{"@type":"PropertyValueSpecification","valueRequired":true,"valueName":"search_term_string"}}],"inLanguage":"en-US"},{"@type":"Organization","@id":"\/#organization","name":"CAPSA FOOD","url":"\/","logo":{"@type":"ImageObject","inLanguage":"en-US","@id":"\/#\/schema\/logo\/image\/","url":"https:\/\/grupo-cla.gke.dev.thinkabit.es\/wp-content\/uploads\/2024\/06\/Logo-Color-2.svg","contentUrl":"https:\/\/grupo-cla.gke.dev.thinkabit.es\/wp-content\/uploads\/2024\/06\/Logo-Color-2.svg","width":236,"height":101,"caption":"CAPSA FOOD"},"image":{"@id":"\/#\/schema\/logo\/image\/"}}]}},"_links":{"self":[{"href":"https:\/\/capsa-food.gke.dev.thinkabit.es\/en\/wp-json\/wp\/v2\/pages\/28161","targetHints":{"allow":["GET"]}}],"collection":[{"href":"https:\/\/capsa-food.gke.dev.thinkabit.es\/en\/wp-json\/wp\/v2\/pages"}],"about":[{"href":"https:\/\/capsa-food.gke.dev.thinkabit.es\/en\/wp-json\/wp\/v2\/types\/page"}],"author":[{"embeddable":true,"href":"https:\/\/capsa-food.gke.dev.thinkabit.es\/en\/wp-json\/wp\/v2\/users\/1"}],"replies":[{"embeddable":true,"href":"https:\/\/capsa-food.gke.dev.thinkabit.es\/en\/wp-json\/wp\/v2\/comments?post=28161"}],"version-history":[{"count":67,"href":"https:\/\/capsa-food.gke.dev.thinkabit.es\/en\/wp-json\/wp\/v2\/pages\/28161\/revisions"}],"predecessor-version":[{"id":28432,"href":"https:\/\/capsa-food.gke.dev.thinkabit.es\/en\/wp-json\/wp\/v2\/pages\/28161\/revisions\/28432"}],"up":[{"embeddable":true,"href":"https:\/\/capsa-food.gke.dev.thinkabit.es\/en\/wp-json\/wp\/v2\/pages\/22728"}],"wp:attachment":[{"href":"https:\/\/capsa-food.gke.dev.thinkabit.es\/en\/wp-json\/wp\/v2\/media?parent=28161"}],"curies":[{"name":"wp","href":"https:\/\/api.w.org\/{rel}","templated":true}]}}